{"id":9422,"date":"2020-07-23T18:27:38","date_gmt":"2020-07-23T16:27:38","guid":{"rendered":"http:\/\/archiwumdk.malogoszcz.eu\/?page_id=9422"},"modified":"2020-10-10T22:16:24","modified_gmt":"2020-10-10T20:16:24","slug":"ogolnopolski-festiwal-piosenki-nad-wierna-rzeka-2016","status":"publish","type":"page","link":"http:\/\/archiwumdk.malogoszcz.eu\/index.php\/ogolnopolski-festiwal-piosenki-nad-wierna-rzeka-2016\/","title":{"rendered":"OG\u00d3LNOPOLSKI FESTIWAL PIOSENKI NAD WIERN\u0104 RZEK\u0104&#8217; 2016"},"content":{"rendered":"\t\t<div data-elementor-type=\"wp-page\" data-elementor-id=\"9422\" class=\"elementor elementor-9422\">\n\t\t\t\t\t\t<section class=\"elementor-section elementor-top-section elementor-element elementor-element-c843d1f elementor-section-boxed elementor-section-height-default elementor-section-height-default\" data-id=\"c843d1f\" data-element_type=\"section\" data-settings=\"{&quot;background_background&quot;:&quot;classic&quot;}\">\n\t\t\t\t\t\t<div class=\"elementor-container elementor-column-gap-default\">\n\t\t\t\t\t<div class=\"elementor-column elementor-col-100 elementor-top-column elementor-element elementor-element-41f52a9\" data-id=\"41f52a9\" data-element_type=\"column\">\n\t\t\t<div class=\"elementor-widget-wrap elementor-element-populated\">\n\t\t\t\t\t\t<div class=\"elementor-element elementor-element-7a21d2e elementor-widget elementor-widget-heading\" data-id=\"7a21d2e\" data-element_type=\"widget\" data-widget_type=\"heading.default\">\n\t\t\t\t<div class=\"elementor-widget-container\">\n\t\t\t\t\t<h2 class=\"elementor-heading-title elementor-size-default\">OG\u00d3LNOPOLSKI FESTIWAL PIOSENKI NAD WIERN\u0104 RZEK\u0104' 2016<\/h2>\t\t\t\t<\/div>\n\t\t\t\t<\/div>\n\t\t\t\t\t<\/div>\n\t\t<\/div>\n\t\t\t\t\t<\/div>\n\t\t<\/section>\n\t\t\t\t<section class=\"elementor-section elementor-top-section elementor-element elementor-element-7542d2b elementor-section-boxed elementor-section-height-default elementor-section-height-default\" data-id=\"7542d2b\" data-element_type=\"section\">\n\t\t\t\t\t\t<div class=\"elementor-container elementor-column-gap-default\">\n\t\t\t\t\t<div class=\"elementor-column elementor-col-100 elementor-top-column elementor-element elementor-element-18ed20c\" data-id=\"18ed20c\" data-element_type=\"column\">\n\t\t\t<div class=\"elementor-widget-wrap elementor-element-populated\">\n\t\t\t\t\t\t<div class=\"elementor-element elementor-element-055ada7 gallery-spacing-custom elementor-widget elementor-widget-image-gallery\" data-id=\"055ada7\" data-element_type=\"widget\" data-widget_type=\"image-gallery.default\">\n\t\t\t\t<div class=\"elementor-widget-container\">\n\t\t\t\t\t\t\t<div class=\"elementor-image-gallery\">\n\t\t\t<div id='gallery-1' class='gallery galleryid-9422 gallery-columns-4 gallery-size-large'><figure class='gallery-item'>\n\t\t\t<div class='gallery-icon landscape'>\n\t\t\t\t<a data-elementor-open-lightbox=\"yes\" data-elementor-lightbox-slideshow=\"055ada7\" data-elementor-lightbox-title=\"001OG\u00d3LNOPOLSKI FESTIWAL PIOSENKI NAD WIERN\u0104 RZEK\u0104&#039; 2015\" data-e-action-hash=\"#elementor-action%3Aaction%3Dlightbox%26settings%3DeyJpZCI6OTQyNCwidXJsIjoiaHR0cDpcL1wvYXJjaGl3dW1kay5tYWxvZ29zemN6LmV1XC93cC1jb250ZW50XC91cGxvYWRzXC8yMDIwXC8wN1wvMDAxT0dcdTAwZDNMTk9QT0xTS0ktRkVTVElXQUwtUElPU0VOS0ktTkFELVdJRVJOXHUwMTA0LVJaRUtcdTAxMDQtMjAxNS5qcGciLCJzbGlkZXNob3ciOiIwNTVhZGE3In0%3D\" href='http:\/\/archiwumdk.malogoszcz.eu\/wp-content\/uploads\/2020\/07\/001OG\u00d3LNOPOLSKI-FESTIWAL-PIOSENKI-NAD-WIERN\u0104-RZEK\u0104-2015.jpg'><img fetchpriority=\"high\" decoding=\"async\" width=\"640\" height=\"427\" src=\"http:\/\/archiwumdk.malogoszcz.eu\/wp-content\/uploads\/2020\/07\/001OG\u00d3LNOPOLSKI-FESTIWAL-PIOSENKI-NAD-WIERN\u0104-RZEK\u0104-2015.jpg\" class=\"attachment-large size-large\" alt=\"\" \/><\/a>\n\t\t\t<\/div><\/figure><figure class='gallery-item'>\n\t\t\t<div class='gallery-icon landscape'>\n\t\t\t\t<a data-elementor-open-lightbox=\"yes\" data-elementor-lightbox-slideshow=\"055ada7\" data-elementor-lightbox-title=\"002OG\u00d3LNOPOLSKI FESTIWAL PIOSENKI NAD WIERN\u0104 RZEK\u0104&#039; 2015\" data-e-action-hash=\"#elementor-action%3Aaction%3Dlightbox%26settings%3DeyJpZCI6OTQyNSwidXJsIjoiaHR0cDpcL1wvYXJjaGl3dW1kay5tYWxvZ29zemN6LmV1XC93cC1jb250ZW50XC91cGxvYWRzXC8yMDIwXC8wN1wvMDAyT0dcdTAwZDNMTk9QT0xTS0ktRkVTVElXQUwtUElPU0VOS0ktTkFELVdJRVJOXHUwMTA0LVJaRUtcdTAxMDQtMjAxNS5qcGciLCJzbGlkZXNob3ciOiIwNTVhZGE3In0%3D\" href='http:\/\/archiwumdk.malogoszcz.eu\/wp-content\/uploads\/2020\/07\/002OG\u00d3LNOPOLSKI-FESTIWAL-PIOSENKI-NAD-WIERN\u0104-RZEK\u0104-2015.jpg'><img decoding=\"async\" width=\"640\" height=\"427\" src=\"http:\/\/archiwumdk.malogoszcz.eu\/wp-content\/uploads\/2020\/07\/002OG\u00d3LNOPOLSKI-FESTIWAL-PIOSENKI-NAD-WIERN\u0104-RZEK\u0104-2015.jpg\" class=\"attachment-large size-large\" alt=\"\" \/><\/a>\n\t\t\t<\/div><\/figure><figure class='gallery-item'>\n\t\t\t<div class='gallery-icon landscape'>\n\t\t\t\t<a data-elementor-open-lightbox=\"yes\" data-elementor-lightbox-slideshow=\"055ada7\" data-elementor-lightbox-title=\"003OG\u00d3LNOPOLSKI FESTIWAL PIOSENKI NAD WIERN\u0104 RZEK\u0104&#039; 2015\" data-e-action-hash=\"#elementor-action%3Aaction%3Dlightbox%26settings%3DeyJpZCI6OTQyNiwidXJsIjoiaHR0cDpcL1wvYXJjaGl3dW1kay5tYWxvZ29zemN6LmV1XC93cC1jb250ZW50XC91cGxvYWRzXC8yMDIwXC8wN1wvMDAzT0dcdTAwZDNMTk9QT0xTS0ktRkVTVElXQUwtUElPU0VOS0ktTkFELVdJRVJOXHUwMTA0LVJaRUtcdTAxMDQtMjAxNS5qcGciLCJzbGlkZXNob3ciOiIwNTVhZGE3In0%3D\" href='http:\/\/archiwumdk.malogoszcz.eu\/wp-content\/uploads\/2020\/07\/003OG\u00d3LNOPOLSKI-FESTIWAL-PIOSENKI-NAD-WIERN\u0104-RZEK\u0104-2015.jpg'><img decoding=\"async\" width=\"640\" height=\"427\" src=\"http:\/\/archiwumdk.malogoszcz.eu\/wp-content\/uploads\/2020\/07\/003OG\u00d3LNOPOLSKI-FESTIWAL-PIOSENKI-NAD-WIERN\u0104-RZEK\u0104-2015.jpg\" class=\"attachment-large size-large\" alt=\"\" \/><\/a>\n\t\t\t<\/div><\/figure><figure class='gallery-item'>\n\t\t\t<div class='gallery-icon landscape'>\n\t\t\t\t<a data-elementor-open-lightbox=\"yes\" data-elementor-lightbox-slideshow=\"055ada7\" data-elementor-lightbox-title=\"004OG\u00d3LNOPOLSKI FESTIWAL PIOSENKI NAD WIERN\u0104 RZEK\u0104&#039; 2015\" data-e-action-hash=\"#elementor-action%3Aaction%3Dlightbox%26settings%3DeyJpZCI6OTQyNywidXJsIjoiaHR0cDpcL1wvYXJjaGl3dW1kay5tYWxvZ29zemN6LmV1XC93cC1jb250ZW50XC91cGxvYWRzXC8yMDIwXC8wN1wvMDA0T0dcdTAwZDNMTk9QT0xTS0ktRkVTVElXQUwtUElPU0VOS0ktTkFELVdJRVJOXHUwMTA0LVJaRUtcdTAxMDQtMjAxNS5qcGciLCJzbGlkZXNob3ciOiIwNTVhZGE3In0%3D\" href='http:\/\/archiwumdk.malogoszcz.eu\/wp-content\/uploads\/2020\/07\/004OG\u00d3LNOPOLSKI-FESTIWAL-PIOSENKI-NAD-WIERN\u0104-RZEK\u0104-2015.jpg'><img loading=\"lazy\" decoding=\"async\" width=\"640\" height=\"427\" src=\"http:\/\/archiwumdk.malogoszcz.eu\/wp-content\/uploads\/2020\/07\/004OG\u00d3LNOPOLSKI-FESTIWAL-PIOSENKI-NAD-WIERN\u0104-RZEK\u0104-2015.jpg\" class=\"attachment-large size-large\" alt=\"\" \/><\/a>\n\t\t\t<\/div><\/figure><figure class='gallery-item'>\n\t\t\t<div class='gallery-icon portrait'>\n\t\t\t\t<a data-elementor-open-lightbox=\"yes\" data-elementor-lightbox-slideshow=\"055ada7\" data-elementor-lightbox-title=\"005OG\u00d3LNOPOLSKI FESTIWAL PIOSENKI NAD WIERN\u0104 RZEK\u0104&#039; 2015\" data-e-action-hash=\"#elementor-action%3Aaction%3Dlightbox%26settings%3DeyJpZCI6OTQyOCwidXJsIjoiaHR0cDpcL1wvYXJjaGl3dW1kay5tYWxvZ29zemN6LmV1XC93cC1jb250ZW50XC91cGxvYWRzXC8yMDIwXC8wN1wvMDA1T0dcdTAwZDNMTk9QT0xTS0ktRkVTVElXQUwtUElPU0VOS0ktTkFELVdJRVJOXHUwMTA0LVJaRUtcdTAxMDQtMjAxNS5qcGciLCJzbGlkZXNob3ciOiIwNTVhZGE3In0%3D\" href='http:\/\/archiwumdk.malogoszcz.eu\/wp-content\/uploads\/2020\/07\/005OG\u00d3LNOPOLSKI-FESTIWAL-PIOSENKI-NAD-WIERN\u0104-RZEK\u0104-2015.jpg'><img loading=\"lazy\" decoding=\"async\" width=\"320\" height=\"480\" src=\"http:\/\/archiwumdk.malogoszcz.eu\/wp-content\/uploads\/2020\/07\/005OG\u00d3LNOPOLSKI-FESTIWAL-PIOSENKI-NAD-WIERN\u0104-RZEK\u0104-2015.jpg\" class=\"attachment-large size-large\" alt=\"\" \/><\/a>\n\t\t\t<\/div><\/figure><figure class='gallery-item'>\n\t\t\t<div class='gallery-icon portrait'>\n\t\t\t\t<a data-elementor-open-lightbox=\"yes\" data-elementor-lightbox-slideshow=\"055ada7\" data-elementor-lightbox-title=\"006OG\u00d3LNOPOLSKI FESTIWAL PIOSENKI NAD WIERN\u0104 RZEK\u0104&#039; 2015\" data-e-action-hash=\"#elementor-action%3Aaction%3Dlightbox%26settings%3DeyJpZCI6OTQyOSwidXJsIjoiaHR0cDpcL1wvYXJjaGl3dW1kay5tYWxvZ29zemN6LmV1XC93cC1jb250ZW50XC91cGxvYWRzXC8yMDIwXC8wN1wvMDA2T0dcdTAwZDNMTk9QT0xTS0ktRkVTVElXQUwtUElPU0VOS0ktTkFELVdJRVJOXHUwMTA0LVJaRUtcdTAxMDQtMjAxNS5qcGciLCJzbGlkZXNob3ciOiIwNTVhZGE3In0%3D\" href='http:\/\/archiwumdk.malogoszcz.eu\/wp-content\/uploads\/2020\/07\/006OG\u00d3LNOPOLSKI-FESTIWAL-PIOSENKI-NAD-WIERN\u0104-RZEK\u0104-2015.jpg'><img loading=\"lazy\" decoding=\"async\" width=\"320\" height=\"480\" src=\"http:\/\/archiwumdk.malogoszcz.eu\/wp-content\/uploads\/2020\/07\/006OG\u00d3LNOPOLSKI-FESTIWAL-PIOSENKI-NAD-WIERN\u0104-RZEK\u0104-2015.jpg\" class=\"attachment-large size-large\" alt=\"\" \/><\/a>\n\t\t\t<\/div><\/figure><figure class='gallery-item'>\n\t\t\t<div class='gallery-icon portrait'>\n\t\t\t\t<a data-elementor-open-lightbox=\"yes\" data-elementor-lightbox-slideshow=\"055ada7\" data-elementor-lightbox-title=\"007OG\u00d3LNOPOLSKI FESTIWAL PIOSENKI NAD WIERN\u0104 RZEK\u0104&#039; 2015\" data-e-action-hash=\"#elementor-action%3Aaction%3Dlightbox%26settings%3DeyJpZCI6OTQzMCwidXJsIjoiaHR0cDpcL1wvYXJjaGl3dW1kay5tYWxvZ29zemN6LmV1XC93cC1jb250ZW50XC91cGxvYWRzXC8yMDIwXC8wN1wvMDA3T0dcdTAwZDNMTk9QT0xTS0ktRkVTVElXQUwtUElPU0VOS0ktTkFELVdJRVJOXHUwMTA0LVJaRUtcdTAxMDQtMjAxNS5qcGciLCJzbGlkZXNob3ciOiIwNTVhZGE3In0%3D\" href='http:\/\/archiwumdk.malogoszcz.eu\/wp-content\/uploads\/2020\/07\/007OG\u00d3LNOPOLSKI-FESTIWAL-PIOSENKI-NAD-WIERN\u0104-RZEK\u0104-2015.jpg'><img loading=\"lazy\" decoding=\"async\" width=\"320\" height=\"480\" src=\"http:\/\/archiwumdk.malogoszcz.eu\/wp-content\/uploads\/2020\/07\/007OG\u00d3LNOPOLSKI-FESTIWAL-PIOSENKI-NAD-WIERN\u0104-RZEK\u0104-2015.jpg\" class=\"attachment-large size-large\" alt=\"\" \/><\/a>\n\t\t\t<\/div><\/figure><figure class='gallery-item'>\n\t\t\t<div class='gallery-icon portrait'>\n\t\t\t\t<a data-elementor-open-lightbox=\"yes\" data-elementor-lightbox-slideshow=\"055ada7\" data-elementor-lightbox-title=\"008OG\u00d3LNOPOLSKI FESTIWAL PIOSENKI NAD WIERN\u0104 RZEK\u0104&#039; 2015\" data-e-action-hash=\"#elementor-action%3Aaction%3Dlightbox%26settings%3DeyJpZCI6OTQzMSwidXJsIjoiaHR0cDpcL1wvYXJjaGl3dW1kay5tYWxvZ29zemN6LmV1XC93cC1jb250ZW50XC91cGxvYWRzXC8yMDIwXC8wN1wvMDA4T0dcdTAwZDNMTk9QT0xTS0ktRkVTVElXQUwtUElPU0VOS0ktTkFELVdJRVJOXHUwMTA0LVJaRUtcdTAxMDQtMjAxNS5qcGciLCJzbGlkZXNob3ciOiIwNTVhZGE3In0%3D\" href='http:\/\/archiwumdk.malogoszcz.eu\/wp-content\/uploads\/2020\/07\/008OG\u00d3LNOPOLSKI-FESTIWAL-PIOSENKI-NAD-WIERN\u0104-RZEK\u0104-2015.jpg'><img loading=\"lazy\" decoding=\"async\" width=\"320\" height=\"480\" src=\"http:\/\/archiwumdk.malogoszcz.eu\/wp-content\/uploads\/2020\/07\/008OG\u00d3LNOPOLSKI-FESTIWAL-PIOSENKI-NAD-WIERN\u0104-RZEK\u0104-2015.jpg\" class=\"attachment-large size-large\" alt=\"\" \/><\/a>\n\t\t\t<\/div><\/figure><figure class='gallery-item'>\n\t\t\t<div class='gallery-icon portrait'>\n\t\t\t\t<a data-elementor-open-lightbox=\"yes\" data-elementor-lightbox-slideshow=\"055ada7\" data-elementor-lightbox-title=\"009OG\u00d3LNOPOLSKI FESTIWAL PIOSENKI NAD WIERN\u0104 RZEK\u0104&#039; 2015\" data-e-action-hash=\"#elementor-action%3Aaction%3Dlightbox%26settings%3DeyJpZCI6OTQzMiwidXJsIjoiaHR0cDpcL1wvYXJjaGl3dW1kay5tYWxvZ29zemN6LmV1XC93cC1jb250ZW50XC91cGxvYWRzXC8yMDIwXC8wN1wvMDA5T0dcdTAwZDNMTk9QT0xTS0ktRkVTVElXQUwtUElPU0VOS0ktTkFELVdJRVJOXHUwMTA0LVJaRUtcdTAxMDQtMjAxNS5qcGciLCJzbGlkZXNob3ciOiIwNTVhZGE3In0%3D\" href='http:\/\/archiwumdk.malogoszcz.eu\/wp-content\/uploads\/2020\/07\/009OG\u00d3LNOPOLSKI-FESTIWAL-PIOSENKI-NAD-WIERN\u0104-RZEK\u0104-2015.jpg'><img loading=\"lazy\" decoding=\"async\" width=\"320\" height=\"480\" src=\"http:\/\/archiwumdk.malogoszcz.eu\/wp-content\/uploads\/2020\/07\/009OG\u00d3LNOPOLSKI-FESTIWAL-PIOSENKI-NAD-WIERN\u0104-RZEK\u0104-2015.jpg\" class=\"attachment-large size-large\" alt=\"\" \/><\/a>\n\t\t\t<\/div><\/figure><figure class='gallery-item'>\n\t\t\t<div class='gallery-icon portrait'>\n\t\t\t\t<a data-elementor-open-lightbox=\"yes\" data-elementor-lightbox-slideshow=\"055ada7\" data-elementor-lightbox-title=\"010OG\u00d3LNOPOLSKI FESTIWAL PIOSENKI NAD WIERN\u0104 RZEK\u0104&#039; 2015\" data-e-action-hash=\"#elementor-action%3Aaction%3Dlightbox%26settings%3DeyJpZCI6OTQzMywidXJsIjoiaHR0cDpcL1wvYXJjaGl3dW1kay5tYWxvZ29zemN6LmV1XC93cC1jb250ZW50XC91cGxvYWRzXC8yMDIwXC8wN1wvMDEwT0dcdTAwZDNMTk9QT0xTS0ktRkVTVElXQUwtUElPU0VOS0ktTkFELVdJRVJOXHUwMTA0LVJaRUtcdTAxMDQtMjAxNS5qcGciLCJzbGlkZXNob3ciOiIwNTVhZGE3In0%3D\" href='http:\/\/archiwumdk.malogoszcz.eu\/wp-content\/uploads\/2020\/07\/010OG\u00d3LNOPOLSKI-FESTIWAL-PIOSENKI-NAD-WIERN\u0104-RZEK\u0104-2015.jpg'><img loading=\"lazy\" decoding=\"async\" width=\"320\" height=\"480\" src=\"http:\/\/archiwumdk.malogoszcz.eu\/wp-content\/uploads\/2020\/07\/010OG\u00d3LNOPOLSKI-FESTIWAL-PIOSENKI-NAD-WIERN\u0104-RZEK\u0104-2015.jpg\" class=\"attachment-large size-large\" alt=\"\" \/><\/a>\n\t\t\t<\/div><\/figure><figure class='gallery-item'>\n\t\t\t<div class='gallery-icon portrait'>\n\t\t\t\t<a data-elementor-open-lightbox=\"yes\" data-elementor-lightbox-slideshow=\"055ada7\" data-elementor-lightbox-title=\"011OG\u00d3LNOPOLSKI FESTIWAL PIOSENKI NAD WIERN\u0104 RZEK\u0104&#039; 2015\" data-e-action-hash=\"#elementor-action%3Aaction%3Dlightbox%26settings%3DeyJpZCI6OTQzNCwidXJsIjoiaHR0cDpcL1wvYXJjaGl3dW1kay5tYWxvZ29zemN6LmV1XC93cC1jb250ZW50XC91cGxvYWRzXC8yMDIwXC8wN1wvMDExT0dcdTAwZDNMTk9QT0xTS0ktRkVTVElXQUwtUElPU0VOS0ktTkFELVdJRVJOXHUwMTA0LVJaRUtcdTAxMDQtMjAxNS5qcGciLCJzbGlkZXNob3ciOiIwNTVhZGE3In0%3D\" href='http:\/\/archiwumdk.malogoszcz.eu\/wp-content\/uploads\/2020\/07\/011OG\u00d3LNOPOLSKI-FESTIWAL-PIOSENKI-NAD-WIERN\u0104-RZEK\u0104-2015.jpg'><img loading=\"lazy\" decoding=\"async\" width=\"320\" height=\"480\" src=\"http:\/\/archiwumdk.malogoszcz.eu\/wp-content\/uploads\/2020\/07\/011OG\u00d3LNOPOLSKI-FESTIWAL-PIOSENKI-NAD-WIERN\u0104-RZEK\u0104-2015.jpg\" class=\"attachment-large size-large\" alt=\"\" \/><\/a>\n\t\t\t<\/div><\/figure><figure class='gallery-item'>\n\t\t\t<div class='gallery-icon portrait'>\n\t\t\t\t<a data-elementor-open-lightbox=\"yes\" data-elementor-lightbox-slideshow=\"055ada7\" data-elementor-lightbox-title=\"012OG\u00d3LNOPOLSKI FESTIWAL PIOSENKI NAD WIERN\u0104 RZEK\u0104&#039; 2015\" data-e-action-hash=\"#elementor-action%3Aaction%3Dlightbox%26settings%3DeyJpZCI6OTQzNSwidXJsIjoiaHR0cDpcL1wvYXJjaGl3dW1kay5tYWxvZ29zemN6LmV1XC93cC1jb250ZW50XC91cGxvYWRzXC8yMDIwXC8wN1wvMDEyT0dcdTAwZDNMTk9QT0xTS0ktRkVTVElXQUwtUElPU0VOS0ktTkFELVdJRVJOXHUwMTA0LVJaRUtcdTAxMDQtMjAxNS5qcGciLCJzbGlkZXNob3ciOiIwNTVhZGE3In0%3D\" href='http:\/\/archiwumdk.malogoszcz.eu\/wp-content\/uploads\/2020\/07\/012OG\u00d3LNOPOLSKI-FESTIWAL-PIOSENKI-NAD-WIERN\u0104-RZEK\u0104-2015.jpg'><img loading=\"lazy\" decoding=\"async\" width=\"320\" height=\"480\" src=\"http:\/\/archiwumdk.malogoszcz.eu\/wp-content\/uploads\/2020\/07\/012OG\u00d3LNOPOLSKI-FESTIWAL-PIOSENKI-NAD-WIERN\u0104-RZEK\u0104-2015.jpg\" class=\"attachment-large size-large\" alt=\"\" \/><\/a>\n\t\t\t<\/div><\/figure><figure class='gallery-item'>\n\t\t\t<div class='gallery-icon portrait'>\n\t\t\t\t<a data-elementor-open-lightbox=\"yes\" data-elementor-lightbox-slideshow=\"055ada7\" data-elementor-lightbox-title=\"013OG\u00d3LNOPOLSKI FESTIWAL PIOSENKI NAD WIERN\u0104 RZEK\u0104&#039; 2015\" data-e-action-hash=\"#elementor-action%3Aaction%3Dlightbox%26settings%3DeyJpZCI6OTQzNiwidXJsIjoiaHR0cDpcL1wvYXJjaGl3dW1kay5tYWxvZ29zemN6LmV1XC93cC1jb250ZW50XC91cGxvYWRzXC8yMDIwXC8wN1wvMDEzT0dcdTAwZDNMTk9QT0xTS0ktRkVTVElXQUwtUElPU0VOS0ktTkFELVdJRVJOXHUwMTA0LVJaRUtcdTAxMDQtMjAxNS5qcGciLCJzbGlkZXNob3ciOiIwNTVhZGE3In0%3D\" href='http:\/\/archiwumdk.malogoszcz.eu\/wp-content\/uploads\/2020\/07\/013OG\u00d3LNOPOLSKI-FESTIWAL-PIOSENKI-NAD-WIERN\u0104-RZEK\u0104-2015.jpg'><img loading=\"lazy\" decoding=\"async\" width=\"320\" height=\"480\" src=\"http:\/\/archiwumdk.malogoszcz.eu\/wp-content\/uploads\/2020\/07\/013OG\u00d3LNOPOLSKI-FESTIWAL-PIOSENKI-NAD-WIERN\u0104-RZEK\u0104-2015.jpg\" class=\"attachment-large size-large\" alt=\"\" \/><\/a>\n\t\t\t<\/div><\/figure><figure class='gallery-item'>\n\t\t\t<div class='gallery-icon portrait'>\n\t\t\t\t<a data-elementor-open-lightbox=\"yes\" data-elementor-lightbox-slideshow=\"055ada7\" data-elementor-lightbox-title=\"014OG\u00d3LNOPOLSKI FESTIWAL PIOSENKI NAD WIERN\u0104 RZEK\u0104&#039; 2015\" data-e-action-hash=\"#elementor-action%3Aaction%3Dlightbox%26settings%3DeyJpZCI6OTQzNywidXJsIjoiaHR0cDpcL1wvYXJjaGl3dW1kay5tYWxvZ29zemN6LmV1XC93cC1jb250ZW50XC91cGxvYWRzXC8yMDIwXC8wN1wvMDE0T0dcdTAwZDNMTk9QT0xTS0ktRkVTVElXQUwtUElPU0VOS0ktTkFELVdJRVJOXHUwMTA0LVJaRUtcdTAxMDQtMjAxNS5qcGciLCJzbGlkZXNob3ciOiIwNTVhZGE3In0%3D\" href='http:\/\/archiwumdk.malogoszcz.eu\/wp-content\/uploads\/2020\/07\/014OG\u00d3LNOPOLSKI-FESTIWAL-PIOSENKI-NAD-WIERN\u0104-RZEK\u0104-2015.jpg'><img loading=\"lazy\" decoding=\"async\" width=\"320\" height=\"480\" src=\"http:\/\/archiwumdk.malogoszcz.eu\/wp-content\/uploads\/2020\/07\/014OG\u00d3LNOPOLSKI-FESTIWAL-PIOSENKI-NAD-WIERN\u0104-RZEK\u0104-2015.jpg\" class=\"attachment-large size-large\" alt=\"\" \/><\/a>\n\t\t\t<\/div><\/figure><figure class='gallery-item'>\n\t\t\t<div class='gallery-icon portrait'>\n\t\t\t\t<a data-elementor-open-lightbox=\"yes\" data-elementor-lightbox-slideshow=\"055ada7\" data-elementor-lightbox-title=\"015OG\u00d3LNOPOLSKI FESTIWAL PIOSENKI NAD WIERN\u0104 RZEK\u0104&#039; 2015\" data-e-action-hash=\"#elementor-action%3Aaction%3Dlightbox%26settings%3DeyJpZCI6OTQzOCwidXJsIjoiaHR0cDpcL1wvYXJjaGl3dW1kay5tYWxvZ29zemN6LmV1XC93cC1jb250ZW50XC91cGxvYWRzXC8yMDIwXC8wN1wvMDE1T0dcdTAwZDNMTk9QT0xTS0ktRkVTVElXQUwtUElPU0VOS0ktTkFELVdJRVJOXHUwMTA0LVJaRUtcdTAxMDQtMjAxNS5qcGciLCJzbGlkZXNob3ciOiIwNTVhZGE3In0%3D\" href='http:\/\/archiwumdk.malogoszcz.eu\/wp-content\/uploads\/2020\/07\/015OG\u00d3LNOPOLSKI-FESTIWAL-PIOSENKI-NAD-WIERN\u0104-RZEK\u0104-2015.jpg'><img loading=\"lazy\" decoding=\"async\" width=\"320\" height=\"480\" src=\"http:\/\/archiwumdk.malogoszcz.eu\/wp-content\/uploads\/2020\/07\/015OG\u00d3LNOPOLSKI-FESTIWAL-PIOSENKI-NAD-WIERN\u0104-RZEK\u0104-2015.jpg\" class=\"attachment-large size-large\" alt=\"\" \/><\/a>\n\t\t\t<\/div><\/figure><figure class='gallery-item'>\n\t\t\t<div class='gallery-icon portrait'>\n\t\t\t\t<a data-elementor-open-lightbox=\"yes\" data-elementor-lightbox-slideshow=\"055ada7\" data-elementor-lightbox-title=\"016OG\u00d3LNOPOLSKI FESTIWAL PIOSENKI NAD WIERN\u0104 RZEK\u0104&#039; 2015\" data-e-action-hash=\"#elementor-action%3Aaction%3Dlightbox%26settings%3DeyJpZCI6OTQzOSwidXJsIjoiaHR0cDpcL1wvYXJjaGl3dW1kay5tYWxvZ29zemN6LmV1XC93cC1jb250ZW50XC91cGxvYWRzXC8yMDIwXC8wN1wvMDE2T0dcdTAwZDNMTk9QT0xTS0ktRkVTVElXQUwtUElPU0VOS0ktTkFELVdJRVJOXHUwMTA0LVJaRUtcdTAxMDQtMjAxNS5qcGciLCJzbGlkZXNob3ciOiIwNTVhZGE3In0%3D\" href='http:\/\/archiwumdk.malogoszcz.eu\/wp-content\/uploads\/2020\/07\/016OG\u00d3LNOPOLSKI-FESTIWAL-PIOSENKI-NAD-WIERN\u0104-RZEK\u0104-2015.jpg'><img loading=\"lazy\" decoding=\"async\" width=\"320\" height=\"480\" src=\"http:\/\/archiwumdk.malogoszcz.eu\/wp-content\/uploads\/2020\/07\/016OG\u00d3LNOPOLSKI-FESTIWAL-PIOSENKI-NAD-WIERN\u0104-RZEK\u0104-2015.jpg\" class=\"attachment-large size-large\" alt=\"\" \/><\/a>\n\t\t\t<\/div><\/figure><figure class='gallery-item'>\n\t\t\t<div class='gallery-icon landscape'>\n\t\t\t\t<a data-elementor-open-lightbox=\"yes\" data-elementor-lightbox-slideshow=\"055ada7\" data-elementor-lightbox-title=\"017OG\u00d3LNOPOLSKI FESTIWAL PIOSENKI NAD WIERN\u0104 RZEK\u0104&#039; 2015\" data-e-action-hash=\"#elementor-action%3Aaction%3Dlightbox%26settings%3DeyJpZCI6OTQ0MCwidXJsIjoiaHR0cDpcL1wvYXJjaGl3dW1kay5tYWxvZ29zemN6LmV1XC93cC1jb250ZW50XC91cGxvYWRzXC8yMDIwXC8wN1wvMDE3T0dcdTAwZDNMTk9QT0xTS0ktRkVTVElXQUwtUElPU0VOS0ktTkFELVdJRVJOXHUwMTA0LVJaRUtcdTAxMDQtMjAxNS5qcGciLCJzbGlkZXNob3ciOiIwNTVhZGE3In0%3D\" href='http:\/\/archiwumdk.malogoszcz.eu\/wp-content\/uploads\/2020\/07\/017OG\u00d3LNOPOLSKI-FESTIWAL-PIOSENKI-NAD-WIERN\u0104-RZEK\u0104-2015.jpg'><img loading=\"lazy\" decoding=\"async\" width=\"640\" height=\"427\" src=\"http:\/\/archiwumdk.malogoszcz.eu\/wp-content\/uploads\/2020\/07\/017OG\u00d3LNOPOLSKI-FESTIWAL-PIOSENKI-NAD-WIERN\u0104-RZEK\u0104-2015.jpg\" class=\"attachment-large size-large\" alt=\"\" \/><\/a>\n\t\t\t<\/div><\/figure><figure class='gallery-item'>\n\t\t\t<div class='gallery-icon portrait'>\n\t\t\t\t<a data-elementor-open-lightbox=\"yes\" data-elementor-lightbox-slideshow=\"055ada7\" data-elementor-lightbox-title=\"018OG\u00d3LNOPOLSKI FESTIWAL PIOSENKI NAD WIERN\u0104 RZEK\u0104&#039; 2015\" data-e-action-hash=\"#elementor-action%3Aaction%3Dlightbox%26settings%3DeyJpZCI6OTQ0MSwidXJsIjoiaHR0cDpcL1wvYXJjaGl3dW1kay5tYWxvZ29zemN6LmV1XC93cC1jb250ZW50XC91cGxvYWRzXC8yMDIwXC8wN1wvMDE4T0dcdTAwZDNMTk9QT0xTS0ktRkVTVElXQUwtUElPU0VOS0ktTkFELVdJRVJOXHUwMTA0LVJaRUtcdTAxMDQtMjAxNS5qcGciLCJzbGlkZXNob3ciOiIwNTVhZGE3In0%3D\" href='http:\/\/archiwumdk.malogoszcz.eu\/wp-content\/uploads\/2020\/07\/018OG\u00d3LNOPOLSKI-FESTIWAL-PIOSENKI-NAD-WIERN\u0104-RZEK\u0104-2015.jpg'><img loading=\"lazy\" decoding=\"async\" width=\"320\" height=\"480\" src=\"http:\/\/archiwumdk.malogoszcz.eu\/wp-content\/uploads\/2020\/07\/018OG\u00d3LNOPOLSKI-FESTIWAL-PIOSENKI-NAD-WIERN\u0104-RZEK\u0104-2015.jpg\" class=\"attachment-large size-large\" alt=\"\" \/><\/a>\n\t\t\t<\/div><\/figure><figure class='gallery-item'>\n\t\t\t<div class='gallery-icon portrait'>\n\t\t\t\t<a data-elementor-open-lightbox=\"yes\" data-elementor-lightbox-slideshow=\"055ada7\" data-elementor-lightbox-title=\"019OG\u00d3LNOPOLSKI FESTIWAL PIOSENKI NAD WIERN\u0104 RZEK\u0104&#039; 2015\" data-e-action-hash=\"#elementor-action%3Aaction%3Dlightbox%26settings%3DeyJpZCI6OTQ0MiwidXJsIjoiaHR0cDpcL1wvYXJjaGl3dW1kay5tYWxvZ29zemN6LmV1XC93cC1jb250ZW50XC91cGxvYWRzXC8yMDIwXC8wN1wvMDE5T0dcdTAwZDNMTk9QT0xTS0ktRkVTVElXQUwtUElPU0VOS0ktTkFELVdJRVJOXHUwMTA0LVJaRUtcdTAxMDQtMjAxNS5qcGciLCJzbGlkZXNob3ciOiIwNTVhZGE3In0%3D\" href='http:\/\/archiwumdk.malogoszcz.eu\/wp-content\/uploads\/2020\/07\/019OG\u00d3LNOPOLSKI-FESTIWAL-PIOSENKI-NAD-WIERN\u0104-RZEK\u0104-2015.jpg'><img loading=\"lazy\" decoding=\"async\" width=\"320\" height=\"480\" src=\"http:\/\/archiwumdk.malogoszcz.eu\/wp-content\/uploads\/2020\/07\/019OG\u00d3LNOPOLSKI-FESTIWAL-PIOSENKI-NAD-WIERN\u0104-RZEK\u0104-2015.jpg\" class=\"attachment-large size-large\" alt=\"\" \/><\/a>\n\t\t\t<\/div><\/figure><figure class='gallery-item'>\n\t\t\t<div class='gallery-icon portrait'>\n\t\t\t\t<a data-elementor-open-lightbox=\"yes\" data-elementor-lightbox-slideshow=\"055ada7\" data-elementor-lightbox-title=\"020OG\u00d3LNOPOLSKI FESTIWAL PIOSENKI NAD WIERN\u0104 RZEK\u0104&#039; 2015\" data-e-action-hash=\"#elementor-action%3Aaction%3Dlightbox%26settings%3DeyJpZCI6OTQ0MywidXJsIjoiaHR0cDpcL1wvYXJjaGl3dW1kay5tYWxvZ29zemN6LmV1XC93cC1jb250ZW50XC91cGxvYWRzXC8yMDIwXC8wN1wvMDIwT0dcdTAwZDNMTk9QT0xTS0ktRkVTVElXQUwtUElPU0VOS0ktTkFELVdJRVJOXHUwMTA0LVJaRUtcdTAxMDQtMjAxNS5qcGciLCJzbGlkZXNob3ciOiIwNTVhZGE3In0%3D\" href='http:\/\/archiwumdk.malogoszcz.eu\/wp-content\/uploads\/2020\/07\/020OG\u00d3LNOPOLSKI-FESTIWAL-PIOSENKI-NAD-WIERN\u0104-RZEK\u0104-2015.jpg'><img loading=\"lazy\" decoding=\"async\" width=\"320\" height=\"480\" src=\"http:\/\/archiwumdk.malogoszcz.eu\/wp-content\/uploads\/2020\/07\/020OG\u00d3LNOPOLSKI-FESTIWAL-PIOSENKI-NAD-WIERN\u0104-RZEK\u0104-2015.jpg\" class=\"attachment-large size-large\" alt=\"\" \/><\/a>\n\t\t\t<\/div><\/figure><figure class='gallery-item'>\n\t\t\t<div class='gallery-icon portrait'>\n\t\t\t\t<a data-elementor-open-lightbox=\"yes\" data-elementor-lightbox-slideshow=\"055ada7\" data-elementor-lightbox-title=\"021OG\u00d3LNOPOLSKI FESTIWAL PIOSENKI NAD WIERN\u0104 RZEK\u0104&#039; 2015\" data-e-action-hash=\"#elementor-action%3Aaction%3Dlightbox%26settings%3DeyJpZCI6OTQ0NCwidXJsIjoiaHR0cDpcL1wvYXJjaGl3dW1kay5tYWxvZ29zemN6LmV1XC93cC1jb250ZW50XC91cGxvYWRzXC8yMDIwXC8wN1wvMDIxT0dcdTAwZDNMTk9QT0xTS0ktRkVTVElXQUwtUElPU0VOS0ktTkFELVdJRVJOXHUwMTA0LVJaRUtcdTAxMDQtMjAxNS5qcGciLCJzbGlkZXNob3ciOiIwNTVhZGE3In0%3D\" href='http:\/\/archiwumdk.malogoszcz.eu\/wp-content\/uploads\/2020\/07\/021OG\u00d3LNOPOLSKI-FESTIWAL-PIOSENKI-NAD-WIERN\u0104-RZEK\u0104-2015.jpg'><img loading=\"lazy\" decoding=\"async\" width=\"320\" height=\"480\" src=\"http:\/\/archiwumdk.malogoszcz.eu\/wp-content\/uploads\/2020\/07\/021OG\u00d3LNOPOLSKI-FESTIWAL-PIOSENKI-NAD-WIERN\u0104-RZEK\u0104-2015.jpg\" class=\"attachment-large size-large\" alt=\"\" \/><\/a>\n\t\t\t<\/div><\/figure><figure class='gallery-item'>\n\t\t\t<div class='gallery-icon portrait'>\n\t\t\t\t<a data-elementor-open-lightbox=\"yes\" data-elementor-lightbox-slideshow=\"055ada7\" data-elementor-lightbox-title=\"022OG\u00d3LNOPOLSKI FESTIWAL PIOSENKI NAD WIERN\u0104 RZEK\u0104&#039; 2015\" data-e-action-hash=\"#elementor-action%3Aaction%3Dlightbox%26settings%3DeyJpZCI6OTQ0NSwidXJsIjoiaHR0cDpcL1wvYXJjaGl3dW1kay5tYWxvZ29zemN6LmV1XC93cC1jb250ZW50XC91cGxvYWRzXC8yMDIwXC8wN1wvMDIyT0dcdTAwZDNMTk9QT0xTS0ktRkVTVElXQUwtUElPU0VOS0ktTkFELVdJRVJOXHUwMTA0LVJaRUtcdTAxMDQtMjAxNS5qcGciLCJzbGlkZXNob3ciOiIwNTVhZGE3In0%3D\" href='http:\/\/archiwumdk.malogoszcz.eu\/wp-content\/uploads\/2020\/07\/022OG\u00d3LNOPOLSKI-FESTIWAL-PIOSENKI-NAD-WIERN\u0104-RZEK\u0104-2015.jpg'><img loading=\"lazy\" decoding=\"async\" width=\"320\" height=\"480\" src=\"http:\/\/archiwumdk.malogoszcz.eu\/wp-content\/uploads\/2020\/07\/022OG\u00d3LNOPOLSKI-FESTIWAL-PIOSENKI-NAD-WIERN\u0104-RZEK\u0104-2015.jpg\" class=\"attachment-large size-large\" alt=\"\" \/><\/a>\n\t\t\t<\/div><\/figure><figure class='gallery-item'>\n\t\t\t<div class='gallery-icon landscape'>\n\t\t\t\t<a data-elementor-open-lightbox=\"yes\" data-elementor-lightbox-slideshow=\"055ada7\" data-elementor-lightbox-title=\"023OG\u00d3LNOPOLSKI FESTIWAL PIOSENKI NAD WIERN\u0104 RZEK\u0104&#039; 2015\" data-e-action-hash=\"#elementor-action%3Aaction%3Dlightbox%26settings%3DeyJpZCI6OTQ0NiwidXJsIjoiaHR0cDpcL1wvYXJjaGl3dW1kay5tYWxvZ29zemN6LmV1XC93cC1jb250ZW50XC91cGxvYWRzXC8yMDIwXC8wN1wvMDIzT0dcdTAwZDNMTk9QT0xTS0ktRkVTVElXQUwtUElPU0VOS0ktTkFELVdJRVJOXHUwMTA0LVJaRUtcdTAxMDQtMjAxNS5qcGciLCJzbGlkZXNob3ciOiIwNTVhZGE3In0%3D\" href='http:\/\/archiwumdk.malogoszcz.eu\/wp-content\/uploads\/2020\/07\/023OG\u00d3LNOPOLSKI-FESTIWAL-PIOSENKI-NAD-WIERN\u0104-RZEK\u0104-2015.jpg'><img loading=\"lazy\" decoding=\"async\" width=\"640\" height=\"427\" src=\"http:\/\/archiwumdk.malogoszcz.eu\/wp-content\/uploads\/2020\/07\/023OG\u00d3LNOPOLSKI-FESTIWAL-PIOSENKI-NAD-WIERN\u0104-RZEK\u0104-2015.jpg\" class=\"attachment-large size-large\" alt=\"\" \/><\/a>\n\t\t\t<\/div><\/figure><figure class='gallery-item'>\n\t\t\t<div class='gallery-icon portrait'>\n\t\t\t\t<a data-elementor-open-lightbox=\"yes\" data-elementor-lightbox-slideshow=\"055ada7\" data-elementor-lightbox-title=\"024OG\u00d3LNOPOLSKI FESTIWAL PIOSENKI NAD WIERN\u0104 RZEK\u0104&#039; 2015\" data-e-action-hash=\"#elementor-action%3Aaction%3Dlightbox%26settings%3DeyJpZCI6OTQ0NywidXJsIjoiaHR0cDpcL1wvYXJjaGl3dW1kay5tYWxvZ29zemN6LmV1XC93cC1jb250ZW50XC91cGxvYWRzXC8yMDIwXC8wN1wvMDI0T0dcdTAwZDNMTk9QT0xTS0ktRkVTVElXQUwtUElPU0VOS0ktTkFELVdJRVJOXHUwMTA0LVJaRUtcdTAxMDQtMjAxNS5qcGciLCJzbGlkZXNob3ciOiIwNTVhZGE3In0%3D\" href='http:\/\/archiwumdk.malogoszcz.eu\/wp-content\/uploads\/2020\/07\/024OG\u00d3LNOPOLSKI-FESTIWAL-PIOSENKI-NAD-WIERN\u0104-RZEK\u0104-2015.jpg'><img loading=\"lazy\" decoding=\"async\" width=\"320\" height=\"480\" src=\"http:\/\/archiwumdk.malogoszcz.eu\/wp-content\/uploads\/2020\/07\/024OG\u00d3LNOPOLSKI-FESTIWAL-PIOSENKI-NAD-WIERN\u0104-RZEK\u0104-2015.jpg\" class=\"attachment-large size-large\" alt=\"\" \/><\/a>\n\t\t\t<\/div><\/figure><figure class='gallery-item'>\n\t\t\t<div class='gallery-icon portrait'>\n\t\t\t\t<a data-elementor-open-lightbox=\"yes\" data-elementor-lightbox-slideshow=\"055ada7\" data-elementor-lightbox-title=\"025OG\u00d3LNOPOLSKI FESTIWAL PIOSENKI NAD WIERN\u0104 RZEK\u0104&#039; 2015\" data-e-action-hash=\"#elementor-action%3Aaction%3Dlightbox%26settings%3DeyJpZCI6OTQ0OCwidXJsIjoiaHR0cDpcL1wvYXJjaGl3dW1kay5tYWxvZ29zemN6LmV1XC93cC1jb250ZW50XC91cGxvYWRzXC8yMDIwXC8wN1wvMDI1T0dcdTAwZDNMTk9QT0xTS0ktRkVTVElXQUwtUElPU0VOS0ktTkFELVdJRVJOXHUwMTA0LVJaRUtcdTAxMDQtMjAxNS5qcGciLCJzbGlkZXNob3ciOiIwNTVhZGE3In0%3D\" href='http:\/\/archiwumdk.malogoszcz.eu\/wp-content\/uploads\/2020\/07\/025OG\u00d3LNOPOLSKI-FESTIWAL-PIOSENKI-NAD-WIERN\u0104-RZEK\u0104-2015.jpg'><img loading=\"lazy\" decoding=\"async\" width=\"320\" height=\"480\" src=\"http:\/\/archiwumdk.malogoszcz.eu\/wp-content\/uploads\/2020\/07\/025OG\u00d3LNOPOLSKI-FESTIWAL-PIOSENKI-NAD-WIERN\u0104-RZEK\u0104-2015.jpg\" class=\"attachment-large size-large\" alt=\"\" \/><\/a>\n\t\t\t<\/div><\/figure><figure class='gallery-item'>\n\t\t\t<div class='gallery-icon portrait'>\n\t\t\t\t<a data-elementor-open-lightbox=\"yes\" data-elementor-lightbox-slideshow=\"055ada7\" data-elementor-lightbox-title=\"026OG\u00d3LNOPOLSKI FESTIWAL PIOSENKI NAD WIERN\u0104 RZEK\u0104&#039; 2015\" data-e-action-hash=\"#elementor-action%3Aaction%3Dlightbox%26settings%3DeyJpZCI6OTQ0OSwidXJsIjoiaHR0cDpcL1wvYXJjaGl3dW1kay5tYWxvZ29zemN6LmV1XC93cC1jb250ZW50XC91cGxvYWRzXC8yMDIwXC8wN1wvMDI2T0dcdTAwZDNMTk9QT0xTS0ktRkVTVElXQUwtUElPU0VOS0ktTkFELVdJRVJOXHUwMTA0LVJaRUtcdTAxMDQtMjAxNS5qcGciLCJzbGlkZXNob3ciOiIwNTVhZGE3In0%3D\" href='http:\/\/archiwumdk.malogoszcz.eu\/wp-content\/uploads\/2020\/07\/026OG\u00d3LNOPOLSKI-FESTIWAL-PIOSENKI-NAD-WIERN\u0104-RZEK\u0104-2015.jpg'><img loading=\"lazy\" decoding=\"async\" width=\"320\" height=\"480\" src=\"http:\/\/archiwumdk.malogoszcz.eu\/wp-content\/uploads\/2020\/07\/026OG\u00d3LNOPOLSKI-FESTIWAL-PIOSENKI-NAD-WIERN\u0104-RZEK\u0104-2015.jpg\" class=\"attachment-large size-large\" alt=\"\" \/><\/a>\n\t\t\t<\/div><\/figure><figure class='gallery-item'>\n\t\t\t<div class='gallery-icon portrait'>\n\t\t\t\t<a data-elementor-open-lightbox=\"yes\" data-elementor-lightbox-slideshow=\"055ada7\" data-elementor-lightbox-title=\"027OG\u00d3LNOPOLSKI FESTIWAL PIOSENKI NAD WIERN\u0104 RZEK\u0104&#039; 2015\" data-e-action-hash=\"#elementor-action%3Aaction%3Dlightbox%26settings%3DeyJpZCI6OTQ1MCwidXJsIjoiaHR0cDpcL1wvYXJjaGl3dW1kay5tYWxvZ29zemN6LmV1XC93cC1jb250ZW50XC91cGxvYWRzXC8yMDIwXC8wN1wvMDI3T0dcdTAwZDNMTk9QT0xTS0ktRkVTVElXQUwtUElPU0VOS0ktTkFELVdJRVJOXHUwMTA0LVJaRUtcdTAxMDQtMjAxNS5qcGciLCJzbGlkZXNob3ciOiIwNTVhZGE3In0%3D\" href='http:\/\/archiwumdk.malogoszcz.eu\/wp-content\/uploads\/2020\/07\/027OG\u00d3LNOPOLSKI-FESTIWAL-PIOSENKI-NAD-WIERN\u0104-RZEK\u0104-2015.jpg'><img loading=\"lazy\" decoding=\"async\" width=\"320\" height=\"480\" src=\"http:\/\/archiwumdk.malogoszcz.eu\/wp-content\/uploads\/2020\/07\/027OG\u00d3LNOPOLSKI-FESTIWAL-PIOSENKI-NAD-WIERN\u0104-RZEK\u0104-2015.jpg\" class=\"attachment-large size-large\" alt=\"\" \/><\/a>\n\t\t\t<\/div><\/figure><figure class='gallery-item'>\n\t\t\t<div class='gallery-icon landscape'>\n\t\t\t\t<a data-elementor-open-lightbox=\"yes\" data-elementor-lightbox-slideshow=\"055ada7\" data-elementor-lightbox-title=\"028OG\u00d3LNOPOLSKI FESTIWAL PIOSENKI NAD WIERN\u0104 RZEK\u0104&#039; 2015\" data-e-action-hash=\"#elementor-action%3Aaction%3Dlightbox%26settings%3DeyJpZCI6OTQ1MSwidXJsIjoiaHR0cDpcL1wvYXJjaGl3dW1kay5tYWxvZ29zemN6LmV1XC93cC1jb250ZW50XC91cGxvYWRzXC8yMDIwXC8wN1wvMDI4T0dcdTAwZDNMTk9QT0xTS0ktRkVTVElXQUwtUElPU0VOS0ktTkFELVdJRVJOXHUwMTA0LVJaRUtcdTAxMDQtMjAxNS5qcGciLCJzbGlkZXNob3ciOiIwNTVhZGE3In0%3D\" href='http:\/\/archiwumdk.malogoszcz.eu\/wp-content\/uploads\/2020\/07\/028OG\u00d3LNOPOLSKI-FESTIWAL-PIOSENKI-NAD-WIERN\u0104-RZEK\u0104-2015.jpg'><img loading=\"lazy\" decoding=\"async\" width=\"640\" height=\"427\" src=\"http:\/\/archiwumdk.malogoszcz.eu\/wp-content\/uploads\/2020\/07\/028OG\u00d3LNOPOLSKI-FESTIWAL-PIOSENKI-NAD-WIERN\u0104-RZEK\u0104-2015.jpg\" class=\"attachment-large size-large\" alt=\"\" \/><\/a>\n\t\t\t<\/div><\/figure><figure class='gallery-item'>\n\t\t\t<div class='gallery-icon landscape'>\n\t\t\t\t<a data-elementor-open-lightbox=\"yes\" data-elementor-lightbox-slideshow=\"055ada7\" data-elementor-lightbox-title=\"029OG\u00d3LNOPOLSKI FESTIWAL PIOSENKI NAD WIERN\u0104 RZEK\u0104&#039; 2015\" data-e-action-hash=\"#elementor-action%3Aaction%3Dlightbox%26settings%3DeyJpZCI6OTQ1MiwidXJsIjoiaHR0cDpcL1wvYXJjaGl3dW1kay5tYWxvZ29zemN6LmV1XC93cC1jb250ZW50XC91cGxvYWRzXC8yMDIwXC8wN1wvMDI5T0dcdTAwZDNMTk9QT0xTS0ktRkVTVElXQUwtUElPU0VOS0ktTkFELVdJRVJOXHUwMTA0LVJaRUtcdTAxMDQtMjAxNS5qcGciLCJzbGlkZXNob3ciOiIwNTVhZGE3In0%3D\" href='http:\/\/archiwumdk.malogoszcz.eu\/wp-content\/uploads\/2020\/07\/029OG\u00d3LNOPOLSKI-FESTIWAL-PIOSENKI-NAD-WIERN\u0104-RZEK\u0104-2015.jpg'><img loading=\"lazy\" decoding=\"async\" width=\"640\" height=\"427\" src=\"http:\/\/archiwumdk.malogoszcz.eu\/wp-content\/uploads\/2020\/07\/029OG\u00d3LNOPOLSKI-FESTIWAL-PIOSENKI-NAD-WIERN\u0104-RZEK\u0104-2015.jpg\" class=\"attachment-large size-large\" alt=\"\" \/><\/a>\n\t\t\t<\/div><\/figure><figure class='gallery-item'>\n\t\t\t<div class='gallery-icon portrait'>\n\t\t\t\t<a data-elementor-open-lightbox=\"yes\" data-elementor-lightbox-slideshow=\"055ada7\" data-elementor-lightbox-title=\"030OG\u00d3LNOPOLSKI FESTIWAL PIOSENKI NAD WIERN\u0104 RZEK\u0104&#039; 2015\" data-e-action-hash=\"#elementor-action%3Aaction%3Dlightbox%26settings%3DeyJpZCI6OTQ1MywidXJsIjoiaHR0cDpcL1wvYXJjaGl3dW1kay5tYWxvZ29zemN6LmV1XC93cC1jb250ZW50XC91cGxvYWRzXC8yMDIwXC8wN1wvMDMwT0dcdTAwZDNMTk9QT0xTS0ktRkVTVElXQUwtUElPU0VOS0ktTkFELVdJRVJOXHUwMTA0LVJaRUtcdTAxMDQtMjAxNS5qcGciLCJzbGlkZXNob3ciOiIwNTVhZGE3In0%3D\" href='http:\/\/archiwumdk.malogoszcz.eu\/wp-content\/uploads\/2020\/07\/030OG\u00d3LNOPOLSKI-FESTIWAL-PIOSENKI-NAD-WIERN\u0104-RZEK\u0104-2015.jpg'><img loading=\"lazy\" decoding=\"async\" width=\"320\" height=\"480\" src=\"http:\/\/archiwumdk.malogoszcz.eu\/wp-content\/uploads\/2020\/07\/030OG\u00d3LNOPOLSKI-FESTIWAL-PIOSENKI-NAD-WIERN\u0104-RZEK\u0104-2015.jpg\" class=\"attachment-large size-large\" alt=\"\" \/><\/a>\n\t\t\t<\/div><\/figure><figure class='gallery-item'>\n\t\t\t<div class='gallery-icon portrait'>\n\t\t\t\t<a data-elementor-open-lightbox=\"yes\" data-elementor-lightbox-slideshow=\"055ada7\" data-elementor-lightbox-title=\"031OG\u00d3LNOPOLSKI FESTIWAL PIOSENKI NAD WIERN\u0104 RZEK\u0104&#039; 2015\" data-e-action-hash=\"#elementor-action%3Aaction%3Dlightbox%26settings%3DeyJpZCI6OTQ1NCwidXJsIjoiaHR0cDpcL1wvYXJjaGl3dW1kay5tYWxvZ29zemN6LmV1XC93cC1jb250ZW50XC91cGxvYWRzXC8yMDIwXC8wN1wvMDMxT0dcdTAwZDNMTk9QT0xTS0ktRkVTVElXQUwtUElPU0VOS0ktTkFELVdJRVJOXHUwMTA0LVJaRUtcdTAxMDQtMjAxNS5qcGciLCJzbGlkZXNob3ciOiIwNTVhZGE3In0%3D\" href='http:\/\/archiwumdk.malogoszcz.eu\/wp-content\/uploads\/2020\/07\/031OG\u00d3LNOPOLSKI-FESTIWAL-PIOSENKI-NAD-WIERN\u0104-RZEK\u0104-2015.jpg'><img loading=\"lazy\" decoding=\"async\" width=\"320\" height=\"480\" src=\"http:\/\/archiwumdk.malogoszcz.eu\/wp-content\/uploads\/2020\/07\/031OG\u00d3LNOPOLSKI-FESTIWAL-PIOSENKI-NAD-WIERN\u0104-RZEK\u0104-2015.jpg\" class=\"attachment-large size-large\" alt=\"\" \/><\/a>\n\t\t\t<\/div><\/figure><figure class='gallery-item'>\n\t\t\t<div class='gallery-icon portrait'>\n\t\t\t\t<a data-elementor-open-lightbox=\"yes\" data-elementor-lightbox-slideshow=\"055ada7\" data-elementor-lightbox-title=\"032OG\u00d3LNOPOLSKI FESTIWAL PIOSENKI NAD WIERN\u0104 RZEK\u0104&#039; 2015\" data-e-action-hash=\"#elementor-action%3Aaction%3Dlightbox%26settings%3DeyJpZCI6OTQ1NSwidXJsIjoiaHR0cDpcL1wvYXJjaGl3dW1kay5tYWxvZ29zemN6LmV1XC93cC1jb250ZW50XC91cGxvYWRzXC8yMDIwXC8wN1wvMDMyT0dcdTAwZDNMTk9QT0xTS0ktRkVTVElXQUwtUElPU0VOS0ktTkFELVdJRVJOXHUwMTA0LVJaRUtcdTAxMDQtMjAxNS5qcGciLCJzbGlkZXNob3ciOiIwNTVhZGE3In0%3D\" href='http:\/\/archiwumdk.malogoszcz.eu\/wp-content\/uploads\/2020\/07\/032OG\u00d3LNOPOLSKI-FESTIWAL-PIOSENKI-NAD-WIERN\u0104-RZEK\u0104-2015.jpg'><img loading=\"lazy\" decoding=\"async\" width=\"320\" height=\"480\" src=\"http:\/\/archiwumdk.malogoszcz.eu\/wp-content\/uploads\/2020\/07\/032OG\u00d3LNOPOLSKI-FESTIWAL-PIOSENKI-NAD-WIERN\u0104-RZEK\u0104-2015.jpg\" class=\"attachment-large size-large\" alt=\"\" \/><\/a>\n\t\t\t<\/div><\/figure><figure class='gallery-item'>\n\t\t\t<div class='gallery-icon portrait'>\n\t\t\t\t<a data-elementor-open-lightbox=\"yes\" data-elementor-lightbox-slideshow=\"055ada7\" data-elementor-lightbox-title=\"033OG\u00d3LNOPOLSKI FESTIWAL PIOSENKI NAD WIERN\u0104 RZEK\u0104&#039; 2015\" data-e-action-hash=\"#elementor-action%3Aaction%3Dlightbox%26settings%3DeyJpZCI6OTQ1NiwidXJsIjoiaHR0cDpcL1wvYXJjaGl3dW1kay5tYWxvZ29zemN6LmV1XC93cC1jb250ZW50XC91cGxvYWRzXC8yMDIwXC8wN1wvMDMzT0dcdTAwZDNMTk9QT0xTS0ktRkVTVElXQUwtUElPU0VOS0ktTkFELVdJRVJOXHUwMTA0LVJaRUtcdTAxMDQtMjAxNS5qcGciLCJzbGlkZXNob3ciOiIwNTVhZGE3In0%3D\" href='http:\/\/archiwumdk.malogoszcz.eu\/wp-content\/uploads\/2020\/07\/033OG\u00d3LNOPOLSKI-FESTIWAL-PIOSENKI-NAD-WIERN\u0104-RZEK\u0104-2015.jpg'><img loading=\"lazy\" decoding=\"async\" width=\"320\" height=\"480\" src=\"http:\/\/archiwumdk.malogoszcz.eu\/wp-content\/uploads\/2020\/07\/033OG\u00d3LNOPOLSKI-FESTIWAL-PIOSENKI-NAD-WIERN\u0104-RZEK\u0104-2015.jpg\" class=\"attachment-large size-large\" alt=\"\" \/><\/a>\n\t\t\t<\/div><\/figure><figure class='gallery-item'>\n\t\t\t<div class='gallery-icon portrait'>\n\t\t\t\t<a data-elementor-open-lightbox=\"yes\" data-elementor-lightbox-slideshow=\"055ada7\" data-elementor-lightbox-title=\"034OG\u00d3LNOPOLSKI FESTIWAL PIOSENKI NAD WIERN\u0104 RZEK\u0104&#039; 2015\" data-e-action-hash=\"#elementor-action%3Aaction%3Dlightbox%26settings%3DeyJpZCI6OTQ1NywidXJsIjoiaHR0cDpcL1wvYXJjaGl3dW1kay5tYWxvZ29zemN6LmV1XC93cC1jb250ZW50XC91cGxvYWRzXC8yMDIwXC8wN1wvMDM0T0dcdTAwZDNMTk9QT0xTS0ktRkVTVElXQUwtUElPU0VOS0ktTkFELVdJRVJOXHUwMTA0LVJaRUtcdTAxMDQtMjAxNS5qcGciLCJzbGlkZXNob3ciOiIwNTVhZGE3In0%3D\" href='http:\/\/archiwumdk.malogoszcz.eu\/wp-content\/uploads\/2020\/07\/034OG\u00d3LNOPOLSKI-FESTIWAL-PIOSENKI-NAD-WIERN\u0104-RZEK\u0104-2015.jpg'><img loading=\"lazy\" decoding=\"async\" width=\"320\" height=\"480\" src=\"http:\/\/archiwumdk.malogoszcz.eu\/wp-content\/uploads\/2020\/07\/034OG\u00d3LNOPOLSKI-FESTIWAL-PIOSENKI-NAD-WIERN\u0104-RZEK\u0104-2015.jpg\" class=\"attachment-large size-large\" alt=\"\" \/><\/a>\n\t\t\t<\/div><\/figure><figure class='gallery-item'>\n\t\t\t<div class='gallery-icon portrait'>\n\t\t\t\t<a data-elementor-open-lightbox=\"yes\" data-elementor-lightbox-slideshow=\"055ada7\" data-elementor-lightbox-title=\"035OG\u00d3LNOPOLSKI FESTIWAL PIOSENKI NAD WIERN\u0104 RZEK\u0104&#039; 2015\" data-e-action-hash=\"#elementor-action%3Aaction%3Dlightbox%26settings%3DeyJpZCI6OTQ1OCwidXJsIjoiaHR0cDpcL1wvYXJjaGl3dW1kay5tYWxvZ29zemN6LmV1XC93cC1jb250ZW50XC91cGxvYWRzXC8yMDIwXC8wN1wvMDM1T0dcdTAwZDNMTk9QT0xTS0ktRkVTVElXQUwtUElPU0VOS0ktTkFELVdJRVJOXHUwMTA0LVJaRUtcdTAxMDQtMjAxNS5qcGciLCJzbGlkZXNob3ciOiIwNTVhZGE3In0%3D\" href='http:\/\/archiwumdk.malogoszcz.eu\/wp-content\/uploads\/2020\/07\/035OG\u00d3LNOPOLSKI-FESTIWAL-PIOSENKI-NAD-WIERN\u0104-RZEK\u0104-2015.jpg'><img loading=\"lazy\" decoding=\"async\" width=\"320\" height=\"480\" src=\"http:\/\/archiwumdk.malogoszcz.eu\/wp-content\/uploads\/2020\/07\/035OG\u00d3LNOPOLSKI-FESTIWAL-PIOSENKI-NAD-WIERN\u0104-RZEK\u0104-2015.jpg\" class=\"attachment-large size-large\" alt=\"\" \/><\/a>\n\t\t\t<\/div><\/figure><figure class='gallery-item'>\n\t\t\t<div class='gallery-icon portrait'>\n\t\t\t\t<a data-elementor-open-lightbox=\"yes\" data-elementor-lightbox-slideshow=\"055ada7\" data-elementor-lightbox-title=\"036OG\u00d3LNOPOLSKI FESTIWAL PIOSENKI NAD WIERN\u0104 RZEK\u0104&#039; 2015\" data-e-action-hash=\"#elementor-action%3Aaction%3Dlightbox%26settings%3DeyJpZCI6OTQ1OSwidXJsIjoiaHR0cDpcL1wvYXJjaGl3dW1kay5tYWxvZ29zemN6LmV1XC93cC1jb250ZW50XC91cGxvYWRzXC8yMDIwXC8wN1wvMDM2T0dcdTAwZDNMTk9QT0xTS0ktRkVTVElXQUwtUElPU0VOS0ktTkFELVdJRVJOXHUwMTA0LVJaRUtcdTAxMDQtMjAxNS5qcGciLCJzbGlkZXNob3ciOiIwNTVhZGE3In0%3D\" href='http:\/\/archiwumdk.malogoszcz.eu\/wp-content\/uploads\/2020\/07\/036OG\u00d3LNOPOLSKI-FESTIWAL-PIOSENKI-NAD-WIERN\u0104-RZEK\u0104-2015.jpg'><img loading=\"lazy\" decoding=\"async\" width=\"320\" height=\"480\" src=\"http:\/\/archiwumdk.malogoszcz.eu\/wp-content\/uploads\/2020\/07\/036OG\u00d3LNOPOLSKI-FESTIWAL-PIOSENKI-NAD-WIERN\u0104-RZEK\u0104-2015.jpg\" class=\"attachment-large size-large\" alt=\"\" \/><\/a>\n\t\t\t<\/div><\/figure><figure class='gallery-item'>\n\t\t\t<div class='gallery-icon landscape'>\n\t\t\t\t<a data-elementor-open-lightbox=\"yes\" data-elementor-lightbox-slideshow=\"055ada7\" data-elementor-lightbox-title=\"037OG\u00d3LNOPOLSKI FESTIWAL PIOSENKI NAD WIERN\u0104 RZEK\u0104&#039; 2015\" data-e-action-hash=\"#elementor-action%3Aaction%3Dlightbox%26settings%3DeyJpZCI6OTQ2MCwidXJsIjoiaHR0cDpcL1wvYXJjaGl3dW1kay5tYWxvZ29zemN6LmV1XC93cC1jb250ZW50XC91cGxvYWRzXC8yMDIwXC8wN1wvMDM3T0dcdTAwZDNMTk9QT0xTS0ktRkVTVElXQUwtUElPU0VOS0ktTkFELVdJRVJOXHUwMTA0LVJaRUtcdTAxMDQtMjAxNS5qcGciLCJzbGlkZXNob3ciOiIwNTVhZGE3In0%3D\" href='http:\/\/archiwumdk.malogoszcz.eu\/wp-content\/uploads\/2020\/07\/037OG\u00d3LNOPOLSKI-FESTIWAL-PIOSENKI-NAD-WIERN\u0104-RZEK\u0104-2015.jpg'><img loading=\"lazy\" decoding=\"async\" width=\"640\" height=\"427\" src=\"http:\/\/archiwumdk.malogoszcz.eu\/wp-content\/uploads\/2020\/07\/037OG\u00d3LNOPOLSKI-FESTIWAL-PIOSENKI-NAD-WIERN\u0104-RZEK\u0104-2015.jpg\" class=\"attachment-large size-large\" alt=\"\" \/><\/a>\n\t\t\t<\/div><\/figure><figure class='gallery-item'>\n\t\t\t<div class='gallery-icon landscape'>\n\t\t\t\t<a data-elementor-open-lightbox=\"yes\" data-elementor-lightbox-slideshow=\"055ada7\" data-elementor-lightbox-title=\"038OG\u00d3LNOPOLSKI FESTIWAL PIOSENKI NAD WIERN\u0104 RZEK\u0104&#039; 2015\" data-e-action-hash=\"#elementor-action%3Aaction%3Dlightbox%26settings%3DeyJpZCI6OTQ2MSwidXJsIjoiaHR0cDpcL1wvYXJjaGl3dW1kay5tYWxvZ29zemN6LmV1XC93cC1jb250ZW50XC91cGxvYWRzXC8yMDIwXC8wN1wvMDM4T0dcdTAwZDNMTk9QT0xTS0ktRkVTVElXQUwtUElPU0VOS0ktTkFELVdJRVJOXHUwMTA0LVJaRUtcdTAxMDQtMjAxNS5qcGciLCJzbGlkZXNob3ciOiIwNTVhZGE3In0%3D\" href='http:\/\/archiwumdk.malogoszcz.eu\/wp-content\/uploads\/2020\/07\/038OG\u00d3LNOPOLSKI-FESTIWAL-PIOSENKI-NAD-WIERN\u0104-RZEK\u0104-2015.jpg'><img loading=\"lazy\" decoding=\"async\" width=\"640\" height=\"427\" src=\"http:\/\/archiwumdk.malogoszcz.eu\/wp-content\/uploads\/2020\/07\/038OG\u00d3LNOPOLSKI-FESTIWAL-PIOSENKI-NAD-WIERN\u0104-RZEK\u0104-2015.jpg\" class=\"attachment-large size-large\" alt=\"\" \/><\/a>\n\t\t\t<\/div><\/figure><figure class='gallery-item'>\n\t\t\t<div class='gallery-icon portrait'>\n\t\t\t\t<a data-elementor-open-lightbox=\"yes\" data-elementor-lightbox-slideshow=\"055ada7\" data-elementor-lightbox-title=\"039OG\u00d3LNOPOLSKI FESTIWAL PIOSENKI NAD WIERN\u0104 RZEK\u0104&#039; 2015\" data-e-action-hash=\"#elementor-action%3Aaction%3Dlightbox%26settings%3DeyJpZCI6OTQ2MiwidXJsIjoiaHR0cDpcL1wvYXJjaGl3dW1kay5tYWxvZ29zemN6LmV1XC93cC1jb250ZW50XC91cGxvYWRzXC8yMDIwXC8wN1wvMDM5T0dcdTAwZDNMTk9QT0xTS0ktRkVTVElXQUwtUElPU0VOS0ktTkFELVdJRVJOXHUwMTA0LVJaRUtcdTAxMDQtMjAxNS5qcGciLCJzbGlkZXNob3ciOiIwNTVhZGE3In0%3D\" href='http:\/\/archiwumdk.malogoszcz.eu\/wp-content\/uploads\/2020\/07\/039OG\u00d3LNOPOLSKI-FESTIWAL-PIOSENKI-NAD-WIERN\u0104-RZEK\u0104-2015.jpg'><img loading=\"lazy\" decoding=\"async\" width=\"320\" height=\"480\" src=\"http:\/\/archiwumdk.malogoszcz.eu\/wp-content\/uploads\/2020\/07\/039OG\u00d3LNOPOLSKI-FESTIWAL-PIOSENKI-NAD-WIERN\u0104-RZEK\u0104-2015.jpg\" class=\"attachment-large size-large\" alt=\"\" \/><\/a>\n\t\t\t<\/div><\/figure><figure class='gallery-item'>\n\t\t\t<div class='gallery-icon portrait'>\n\t\t\t\t<a data-elementor-open-lightbox=\"yes\" data-elementor-lightbox-slideshow=\"055ada7\" data-elementor-lightbox-title=\"040OG\u00d3LNOPOLSKI FESTIWAL PIOSENKI NAD WIERN\u0104 RZEK\u0104&#039; 2015\" data-e-action-hash=\"#elementor-action%3Aaction%3Dlightbox%26settings%3DeyJpZCI6OTQ2MywidXJsIjoiaHR0cDpcL1wvYXJjaGl3dW1kay5tYWxvZ29zemN6LmV1XC93cC1jb250ZW50XC91cGxvYWRzXC8yMDIwXC8wN1wvMDQwT0dcdTAwZDNMTk9QT0xTS0ktRkVTVElXQUwtUElPU0VOS0ktTkFELVdJRVJOXHUwMTA0LVJaRUtcdTAxMDQtMjAxNS5qcGciLCJzbGlkZXNob3ciOiIwNTVhZGE3In0%3D\" href='http:\/\/archiwumdk.malogoszcz.eu\/wp-content\/uploads\/2020\/07\/040OG\u00d3LNOPOLSKI-FESTIWAL-PIOSENKI-NAD-WIERN\u0104-RZEK\u0104-2015.jpg'><img loading=\"lazy\" decoding=\"async\" width=\"320\" height=\"480\" src=\"http:\/\/archiwumdk.malogoszcz.eu\/wp-content\/uploads\/2020\/07\/040OG\u00d3LNOPOLSKI-FESTIWAL-PIOSENKI-NAD-WIERN\u0104-RZEK\u0104-2015.jpg\" class=\"attachment-large size-large\" alt=\"\" \/><\/a>\n\t\t\t<\/div><\/figure><figure class='gallery-item'>\n\t\t\t<div class='gallery-icon portrait'>\n\t\t\t\t<a data-elementor-open-lightbox=\"yes\" data-elementor-lightbox-slideshow=\"055ada7\" data-elementor-lightbox-title=\"041OG\u00d3LNOPOLSKI FESTIWAL PIOSENKI NAD WIERN\u0104 RZEK\u0104&#039; 2015\" data-e-action-hash=\"#elementor-action%3Aaction%3Dlightbox%26settings%3DeyJpZCI6OTQ2NCwidXJsIjoiaHR0cDpcL1wvYXJjaGl3dW1kay5tYWxvZ29zemN6LmV1XC93cC1jb250ZW50XC91cGxvYWRzXC8yMDIwXC8wN1wvMDQxT0dcdTAwZDNMTk9QT0xTS0ktRkVTVElXQUwtUElPU0VOS0ktTkFELVdJRVJOXHUwMTA0LVJaRUtcdTAxMDQtMjAxNS5qcGciLCJzbGlkZXNob3ciOiIwNTVhZGE3In0%3D\" href='http:\/\/archiwumdk.malogoszcz.eu\/wp-content\/uploads\/2020\/07\/041OG\u00d3LNOPOLSKI-FESTIWAL-PIOSENKI-NAD-WIERN\u0104-RZEK\u0104-2015.jpg'><img loading=\"lazy\" decoding=\"async\" width=\"320\" height=\"480\" src=\"http:\/\/archiwumdk.malogoszcz.eu\/wp-content\/uploads\/2020\/07\/041OG\u00d3LNOPOLSKI-FESTIWAL-PIOSENKI-NAD-WIERN\u0104-RZEK\u0104-2015.jpg\" class=\"attachment-large size-large\" alt=\"\" \/><\/a>\n\t\t\t<\/div><\/figure><figure class='gallery-item'>\n\t\t\t<div class='gallery-icon portrait'>\n\t\t\t\t<a data-elementor-open-lightbox=\"yes\" data-elementor-lightbox-slideshow=\"055ada7\" data-elementor-lightbox-title=\"042OG\u00d3LNOPOLSKI FESTIWAL PIOSENKI NAD WIERN\u0104 RZEK\u0104&#039; 2015\" data-e-action-hash=\"#elementor-action%3Aaction%3Dlightbox%26settings%3DeyJpZCI6OTQ2NSwidXJsIjoiaHR0cDpcL1wvYXJjaGl3dW1kay5tYWxvZ29zemN6LmV1XC93cC1jb250ZW50XC91cGxvYWRzXC8yMDIwXC8wN1wvMDQyT0dcdTAwZDNMTk9QT0xTS0ktRkVTVElXQUwtUElPU0VOS0ktTkFELVdJRVJOXHUwMTA0LVJaRUtcdTAxMDQtMjAxNS5qcGciLCJzbGlkZXNob3ciOiIwNTVhZGE3In0%3D\" href='http:\/\/archiwumdk.malogoszcz.eu\/wp-content\/uploads\/2020\/07\/042OG\u00d3LNOPOLSKI-FESTIWAL-PIOSENKI-NAD-WIERN\u0104-RZEK\u0104-2015.jpg'><img loading=\"lazy\" decoding=\"async\" width=\"320\" height=\"480\" src=\"http:\/\/archiwumdk.malogoszcz.eu\/wp-content\/uploads\/2020\/07\/042OG\u00d3LNOPOLSKI-FESTIWAL-PIOSENKI-NAD-WIERN\u0104-RZEK\u0104-2015.jpg\" class=\"attachment-large size-large\" alt=\"\" \/><\/a>\n\t\t\t<\/div><\/figure><figure class='gallery-item'>\n\t\t\t<div class='gallery-icon landscape'>\n\t\t\t\t<a data-elementor-open-lightbox=\"yes\" data-elementor-lightbox-slideshow=\"055ada7\" data-elementor-lightbox-title=\"043OG\u00d3LNOPOLSKI FESTIWAL PIOSENKI NAD WIERN\u0104 RZEK\u0104&#039; 2015\" data-e-action-hash=\"#elementor-action%3Aaction%3Dlightbox%26settings%3DeyJpZCI6OTQ2NiwidXJsIjoiaHR0cDpcL1wvYXJjaGl3dW1kay5tYWxvZ29zemN6LmV1XC93cC1jb250ZW50XC91cGxvYWRzXC8yMDIwXC8wN1wvMDQzT0dcdTAwZDNMTk9QT0xTS0ktRkVTVElXQUwtUElPU0VOS0ktTkFELVdJRVJOXHUwMTA0LVJaRUtcdTAxMDQtMjAxNS5qcGciLCJzbGlkZXNob3ciOiIwNTVhZGE3In0%3D\" href='http:\/\/archiwumdk.malogoszcz.eu\/wp-content\/uploads\/2020\/07\/043OG\u00d3LNOPOLSKI-FESTIWAL-PIOSENKI-NAD-WIERN\u0104-RZEK\u0104-2015.jpg'><img loading=\"lazy\" decoding=\"async\" width=\"640\" height=\"427\" src=\"http:\/\/archiwumdk.malogoszcz.eu\/wp-content\/uploads\/2020\/07\/043OG\u00d3LNOPOLSKI-FESTIWAL-PIOSENKI-NAD-WIERN\u0104-RZEK\u0104-2015.jpg\" class=\"attachment-large size-large\" alt=\"\" \/><\/a>\n\t\t\t<\/div><\/figure><figure class='gallery-item'>\n\t\t\t<div class='gallery-icon landscape'>\n\t\t\t\t<a data-elementor-open-lightbox=\"yes\" data-elementor-lightbox-slideshow=\"055ada7\" data-elementor-lightbox-title=\"044OG\u00d3LNOPOLSKI FESTIWAL PIOSENKI NAD WIERN\u0104 RZEK\u0104&#039; 2015\" data-e-action-hash=\"#elementor-action%3Aaction%3Dlightbox%26settings%3DeyJpZCI6OTQ2NywidXJsIjoiaHR0cDpcL1wvYXJjaGl3dW1kay5tYWxvZ29zemN6LmV1XC93cC1jb250ZW50XC91cGxvYWRzXC8yMDIwXC8wN1wvMDQ0T0dcdTAwZDNMTk9QT0xTS0ktRkVTVElXQUwtUElPU0VOS0ktTkFELVdJRVJOXHUwMTA0LVJaRUtcdTAxMDQtMjAxNS5qcGciLCJzbGlkZXNob3ciOiIwNTVhZGE3In0%3D\" href='http:\/\/archiwumdk.malogoszcz.eu\/wp-content\/uploads\/2020\/07\/044OG\u00d3LNOPOLSKI-FESTIWAL-PIOSENKI-NAD-WIERN\u0104-RZEK\u0104-2015.jpg'><img loading=\"lazy\" decoding=\"async\" width=\"640\" height=\"427\" src=\"http:\/\/archiwumdk.malogoszcz.eu\/wp-content\/uploads\/2020\/07\/044OG\u00d3LNOPOLSKI-FESTIWAL-PIOSENKI-NAD-WIERN\u0104-RZEK\u0104-2015.jpg\" class=\"attachment-large size-large\" alt=\"\" \/><\/a>\n\t\t\t<\/div><\/figure><figure class='gallery-item'>\n\t\t\t<div class='gallery-icon landscape'>\n\t\t\t\t<a data-elementor-open-lightbox=\"yes\" data-elementor-lightbox-slideshow=\"055ada7\" data-elementor-lightbox-title=\"045OG\u00d3LNOPOLSKI FESTIWAL PIOSENKI NAD WIERN\u0104 RZEK\u0104&#039; 2015\" data-e-action-hash=\"#elementor-action%3Aaction%3Dlightbox%26settings%3DeyJpZCI6OTQ2OCwidXJsIjoiaHR0cDpcL1wvYXJjaGl3dW1kay5tYWxvZ29zemN6LmV1XC93cC1jb250ZW50XC91cGxvYWRzXC8yMDIwXC8wN1wvMDQ1T0dcdTAwZDNMTk9QT0xTS0ktRkVTVElXQUwtUElPU0VOS0ktTkFELVdJRVJOXHUwMTA0LVJaRUtcdTAxMDQtMjAxNS5qcGciLCJzbGlkZXNob3ciOiIwNTVhZGE3In0%3D\" href='http:\/\/archiwumdk.malogoszcz.eu\/wp-content\/uploads\/2020\/07\/045OG\u00d3LNOPOLSKI-FESTIWAL-PIOSENKI-NAD-WIERN\u0104-RZEK\u0104-2015.jpg'><img loading=\"lazy\" decoding=\"async\" width=\"640\" height=\"427\" src=\"http:\/\/archiwumdk.malogoszcz.eu\/wp-content\/uploads\/2020\/07\/045OG\u00d3LNOPOLSKI-FESTIWAL-PIOSENKI-NAD-WIERN\u0104-RZEK\u0104-2015.jpg\" class=\"attachment-large size-large\" alt=\"\" \/><\/a>\n\t\t\t<\/div><\/figure><figure class='gallery-item'>\n\t\t\t<div class='gallery-icon landscape'>\n\t\t\t\t<a data-elementor-open-lightbox=\"yes\" data-elementor-lightbox-slideshow=\"055ada7\" data-elementor-lightbox-title=\"046OG\u00d3LNOPOLSKI FESTIWAL PIOSENKI NAD WIERN\u0104 RZEK\u0104&#039; 2015\" data-e-action-hash=\"#elementor-action%3Aaction%3Dlightbox%26settings%3DeyJpZCI6OTQ2OSwidXJsIjoiaHR0cDpcL1wvYXJjaGl3dW1kay5tYWxvZ29zemN6LmV1XC93cC1jb250ZW50XC91cGxvYWRzXC8yMDIwXC8wN1wvMDQ2T0dcdTAwZDNMTk9QT0xTS0ktRkVTVElXQUwtUElPU0VOS0ktTkFELVdJRVJOXHUwMTA0LVJaRUtcdTAxMDQtMjAxNS5qcGciLCJzbGlkZXNob3ciOiIwNTVhZGE3In0%3D\" href='http:\/\/archiwumdk.malogoszcz.eu\/wp-content\/uploads\/2020\/07\/046OG\u00d3LNOPOLSKI-FESTIWAL-PIOSENKI-NAD-WIERN\u0104-RZEK\u0104-2015.jpg'><img loading=\"lazy\" decoding=\"async\" width=\"640\" height=\"427\" src=\"http:\/\/archiwumdk.malogoszcz.eu\/wp-content\/uploads\/2020\/07\/046OG\u00d3LNOPOLSKI-FESTIWAL-PIOSENKI-NAD-WIERN\u0104-RZEK\u0104-2015.jpg\" class=\"attachment-large size-large\" alt=\"\" \/><\/a>\n\t\t\t<\/div><\/figure><figure class='gallery-item'>\n\t\t\t<div class='gallery-icon portrait'>\n\t\t\t\t<a data-elementor-open-lightbox=\"yes\" data-elementor-lightbox-slideshow=\"055ada7\" data-elementor-lightbox-title=\"047OG\u00d3LNOPOLSKI FESTIWAL PIOSENKI NAD WIERN\u0104 RZEK\u0104&#039; 2015\" data-e-action-hash=\"#elementor-action%3Aaction%3Dlightbox%26settings%3DeyJpZCI6OTQ3MCwidXJsIjoiaHR0cDpcL1wvYXJjaGl3dW1kay5tYWxvZ29zemN6LmV1XC93cC1jb250ZW50XC91cGxvYWRzXC8yMDIwXC8wN1wvMDQ3T0dcdTAwZDNMTk9QT0xTS0ktRkVTVElXQUwtUElPU0VOS0ktTkFELVdJRVJOXHUwMTA0LVJaRUtcdTAxMDQtMjAxNS5qcGciLCJzbGlkZXNob3ciOiIwNTVhZGE3In0%3D\" href='http:\/\/archiwumdk.malogoszcz.eu\/wp-content\/uploads\/2020\/07\/047OG\u00d3LNOPOLSKI-FESTIWAL-PIOSENKI-NAD-WIERN\u0104-RZEK\u0104-2015.jpg'><img loading=\"lazy\" decoding=\"async\" width=\"320\" height=\"480\" src=\"http:\/\/archiwumdk.malogoszcz.eu\/wp-content\/uploads\/2020\/07\/047OG\u00d3LNOPOLSKI-FESTIWAL-PIOSENKI-NAD-WIERN\u0104-RZEK\u0104-2015.jpg\" class=\"attachment-large size-large\" alt=\"\" \/><\/a>\n\t\t\t<\/div><\/figure><figure class='gallery-item'>\n\t\t\t<div class='gallery-icon landscape'>\n\t\t\t\t<a data-elementor-open-lightbox=\"yes\" data-elementor-lightbox-slideshow=\"055ada7\" data-elementor-lightbox-title=\"048OG\u00d3LNOPOLSKI FESTIWAL PIOSENKI NAD WIERN\u0104 RZEK\u0104&#039; 2015\" data-e-action-hash=\"#elementor-action%3Aaction%3Dlightbox%26settings%3DeyJpZCI6OTQ3MSwidXJsIjoiaHR0cDpcL1wvYXJjaGl3dW1kay5tYWxvZ29zemN6LmV1XC93cC1jb250ZW50XC91cGxvYWRzXC8yMDIwXC8wN1wvMDQ4T0dcdTAwZDNMTk9QT0xTS0ktRkVTVElXQUwtUElPU0VOS0ktTkFELVdJRVJOXHUwMTA0LVJaRUtcdTAxMDQtMjAxNS5qcGciLCJzbGlkZXNob3ciOiIwNTVhZGE3In0%3D\" href='http:\/\/archiwumdk.malogoszcz.eu\/wp-content\/uploads\/2020\/07\/048OG\u00d3LNOPOLSKI-FESTIWAL-PIOSENKI-NAD-WIERN\u0104-RZEK\u0104-2015.jpg'><img loading=\"lazy\" decoding=\"async\" width=\"640\" height=\"427\" src=\"http:\/\/archiwumdk.malogoszcz.eu\/wp-content\/uploads\/2020\/07\/048OG\u00d3LNOPOLSKI-FESTIWAL-PIOSENKI-NAD-WIERN\u0104-RZEK\u0104-2015.jpg\" class=\"attachment-large size-large\" alt=\"\" \/><\/a>\n\t\t\t<\/div><\/figure><figure class='gallery-item'>\n\t\t\t<div class='gallery-icon portrait'>\n\t\t\t\t<a data-elementor-open-lightbox=\"yes\" data-elementor-lightbox-slideshow=\"055ada7\" data-elementor-lightbox-title=\"049OG\u00d3LNOPOLSKI FESTIWAL PIOSENKI NAD WIERN\u0104 RZEK\u0104&#039; 2015\" data-e-action-hash=\"#elementor-action%3Aaction%3Dlightbox%26settings%3DeyJpZCI6OTQ3MiwidXJsIjoiaHR0cDpcL1wvYXJjaGl3dW1kay5tYWxvZ29zemN6LmV1XC93cC1jb250ZW50XC91cGxvYWRzXC8yMDIwXC8wN1wvMDQ5T0dcdTAwZDNMTk9QT0xTS0ktRkVTVElXQUwtUElPU0VOS0ktTkFELVdJRVJOXHUwMTA0LVJaRUtcdTAxMDQtMjAxNS5qcGciLCJzbGlkZXNob3ciOiIwNTVhZGE3In0%3D\" href='http:\/\/archiwumdk.malogoszcz.eu\/wp-content\/uploads\/2020\/07\/049OG\u00d3LNOPOLSKI-FESTIWAL-PIOSENKI-NAD-WIERN\u0104-RZEK\u0104-2015.jpg'><img loading=\"lazy\" decoding=\"async\" width=\"320\" height=\"480\" src=\"http:\/\/archiwumdk.malogoszcz.eu\/wp-content\/uploads\/2020\/07\/049OG\u00d3LNOPOLSKI-FESTIWAL-PIOSENKI-NAD-WIERN\u0104-RZEK\u0104-2015.jpg\" class=\"attachment-large size-large\" alt=\"\" \/><\/a>\n\t\t\t<\/div><\/figure><figure class='gallery-item'>\n\t\t\t<div class='gallery-icon portrait'>\n\t\t\t\t<a data-elementor-open-lightbox=\"yes\" data-elementor-lightbox-slideshow=\"055ada7\" data-elementor-lightbox-title=\"050OG\u00d3LNOPOLSKI FESTIWAL PIOSENKI NAD WIERN\u0104 RZEK\u0104&#039; 2015\" data-e-action-hash=\"#elementor-action%3Aaction%3Dlightbox%26settings%3DeyJpZCI6OTQ3MywidXJsIjoiaHR0cDpcL1wvYXJjaGl3dW1kay5tYWxvZ29zemN6LmV1XC93cC1jb250ZW50XC91cGxvYWRzXC8yMDIwXC8wN1wvMDUwT0dcdTAwZDNMTk9QT0xTS0ktRkVTVElXQUwtUElPU0VOS0ktTkFELVdJRVJOXHUwMTA0LVJaRUtcdTAxMDQtMjAxNS5qcGciLCJzbGlkZXNob3ciOiIwNTVhZGE3In0%3D\" href='http:\/\/archiwumdk.malogoszcz.eu\/wp-content\/uploads\/2020\/07\/050OG\u00d3LNOPOLSKI-FESTIWAL-PIOSENKI-NAD-WIERN\u0104-RZEK\u0104-2015.jpg'><img loading=\"lazy\" decoding=\"async\" width=\"320\" height=\"480\" src=\"http:\/\/archiwumdk.malogoszcz.eu\/wp-content\/uploads\/2020\/07\/050OG\u00d3LNOPOLSKI-FESTIWAL-PIOSENKI-NAD-WIERN\u0104-RZEK\u0104-2015.jpg\" class=\"attachment-large size-large\" alt=\"\" \/><\/a>\n\t\t\t<\/div><\/figure><figure class='gallery-item'>\n\t\t\t<div class='gallery-icon portrait'>\n\t\t\t\t<a data-elementor-open-lightbox=\"yes\" data-elementor-lightbox-slideshow=\"055ada7\" data-elementor-lightbox-title=\"051OG\u00d3LNOPOLSKI FESTIWAL PIOSENKI NAD WIERN\u0104 RZEK\u0104&#039; 2015\" data-e-action-hash=\"#elementor-action%3Aaction%3Dlightbox%26settings%3DeyJpZCI6OTQ3NCwidXJsIjoiaHR0cDpcL1wvYXJjaGl3dW1kay5tYWxvZ29zemN6LmV1XC93cC1jb250ZW50XC91cGxvYWRzXC8yMDIwXC8wN1wvMDUxT0dcdTAwZDNMTk9QT0xTS0ktRkVTVElXQUwtUElPU0VOS0ktTkFELVdJRVJOXHUwMTA0LVJaRUtcdTAxMDQtMjAxNS5qcGciLCJzbGlkZXNob3ciOiIwNTVhZGE3In0%3D\" href='http:\/\/archiwumdk.malogoszcz.eu\/wp-content\/uploads\/2020\/07\/051OG\u00d3LNOPOLSKI-FESTIWAL-PIOSENKI-NAD-WIERN\u0104-RZEK\u0104-2015.jpg'><img loading=\"lazy\" decoding=\"async\" width=\"320\" height=\"480\" src=\"http:\/\/archiwumdk.malogoszcz.eu\/wp-content\/uploads\/2020\/07\/051OG\u00d3LNOPOLSKI-FESTIWAL-PIOSENKI-NAD-WIERN\u0104-RZEK\u0104-2015.jpg\" class=\"attachment-large size-large\" alt=\"\" \/><\/a>\n\t\t\t<\/div><\/figure><figure class='gallery-item'>\n\t\t\t<div class='gallery-icon portrait'>\n\t\t\t\t<a data-elementor-open-lightbox=\"yes\" data-elementor-lightbox-slideshow=\"055ada7\" data-elementor-lightbox-title=\"052OG\u00d3LNOPOLSKI FESTIWAL PIOSENKI NAD WIERN\u0104 RZEK\u0104&#039; 2015\" data-e-action-hash=\"#elementor-action%3Aaction%3Dlightbox%26settings%3DeyJpZCI6OTQ3NSwidXJsIjoiaHR0cDpcL1wvYXJjaGl3dW1kay5tYWxvZ29zemN6LmV1XC93cC1jb250ZW50XC91cGxvYWRzXC8yMDIwXC8wN1wvMDUyT0dcdTAwZDNMTk9QT0xTS0ktRkVTVElXQUwtUElPU0VOS0ktTkFELVdJRVJOXHUwMTA0LVJaRUtcdTAxMDQtMjAxNS5qcGciLCJzbGlkZXNob3ciOiIwNTVhZGE3In0%3D\" href='http:\/\/archiwumdk.malogoszcz.eu\/wp-content\/uploads\/2020\/07\/052OG\u00d3LNOPOLSKI-FESTIWAL-PIOSENKI-NAD-WIERN\u0104-RZEK\u0104-2015.jpg'><img loading=\"lazy\" decoding=\"async\" width=\"320\" height=\"480\" src=\"http:\/\/archiwumdk.malogoszcz.eu\/wp-content\/uploads\/2020\/07\/052OG\u00d3LNOPOLSKI-FESTIWAL-PIOSENKI-NAD-WIERN\u0104-RZEK\u0104-2015.jpg\" class=\"attachment-large size-large\" alt=\"\" \/><\/a>\n\t\t\t<\/div><\/figure><figure class='gallery-item'>\n\t\t\t<div class='gallery-icon portrait'>\n\t\t\t\t<a data-elementor-open-lightbox=\"yes\" data-elementor-lightbox-slideshow=\"055ada7\" data-elementor-lightbox-title=\"053OG\u00d3LNOPOLSKI FESTIWAL PIOSENKI NAD WIERN\u0104 RZEK\u0104&#039; 2015\" data-e-action-hash=\"#elementor-action%3Aaction%3Dlightbox%26settings%3DeyJpZCI6OTQ3NiwidXJsIjoiaHR0cDpcL1wvYXJjaGl3dW1kay5tYWxvZ29zemN6LmV1XC93cC1jb250ZW50XC91cGxvYWRzXC8yMDIwXC8wN1wvMDUzT0dcdTAwZDNMTk9QT0xTS0ktRkVTVElXQUwtUElPU0VOS0ktTkFELVdJRVJOXHUwMTA0LVJaRUtcdTAxMDQtMjAxNS5qcGciLCJzbGlkZXNob3ciOiIwNTVhZGE3In0%3D\" href='http:\/\/archiwumdk.malogoszcz.eu\/wp-content\/uploads\/2020\/07\/053OG\u00d3LNOPOLSKI-FESTIWAL-PIOSENKI-NAD-WIERN\u0104-RZEK\u0104-2015.jpg'><img loading=\"lazy\" decoding=\"async\" width=\"320\" height=\"480\" src=\"http:\/\/archiwumdk.malogoszcz.eu\/wp-content\/uploads\/2020\/07\/053OG\u00d3LNOPOLSKI-FESTIWAL-PIOSENKI-NAD-WIERN\u0104-RZEK\u0104-2015.jpg\" class=\"attachment-large size-large\" alt=\"\" \/><\/a>\n\t\t\t<\/div><\/figure><figure class='gallery-item'>\n\t\t\t<div class='gallery-icon portrait'>\n\t\t\t\t<a data-elementor-open-lightbox=\"yes\" data-elementor-lightbox-slideshow=\"055ada7\" data-elementor-lightbox-title=\"054OG\u00d3LNOPOLSKI FESTIWAL PIOSENKI NAD WIERN\u0104 RZEK\u0104&#039; 2015\" data-e-action-hash=\"#elementor-action%3Aaction%3Dlightbox%26settings%3DeyJpZCI6OTQ3NywidXJsIjoiaHR0cDpcL1wvYXJjaGl3dW1kay5tYWxvZ29zemN6LmV1XC93cC1jb250ZW50XC91cGxvYWRzXC8yMDIwXC8wN1wvMDU0T0dcdTAwZDNMTk9QT0xTS0ktRkVTVElXQUwtUElPU0VOS0ktTkFELVdJRVJOXHUwMTA0LVJaRUtcdTAxMDQtMjAxNS5qcGciLCJzbGlkZXNob3ciOiIwNTVhZGE3In0%3D\" href='http:\/\/archiwumdk.malogoszcz.eu\/wp-content\/uploads\/2020\/07\/054OG\u00d3LNOPOLSKI-FESTIWAL-PIOSENKI-NAD-WIERN\u0104-RZEK\u0104-2015.jpg'><img loading=\"lazy\" decoding=\"async\" width=\"320\" height=\"480\" src=\"http:\/\/archiwumdk.malogoszcz.eu\/wp-content\/uploads\/2020\/07\/054OG\u00d3LNOPOLSKI-FESTIWAL-PIOSENKI-NAD-WIERN\u0104-RZEK\u0104-2015.jpg\" class=\"attachment-large size-large\" alt=\"\" \/><\/a>\n\t\t\t<\/div><\/figure><figure class='gallery-item'>\n\t\t\t<div class='gallery-icon portrait'>\n\t\t\t\t<a data-elementor-open-lightbox=\"yes\" data-elementor-lightbox-slideshow=\"055ada7\" data-elementor-lightbox-title=\"055OG\u00d3LNOPOLSKI FESTIWAL PIOSENKI NAD WIERN\u0104 RZEK\u0104&#039; 2015\" data-e-action-hash=\"#elementor-action%3Aaction%3Dlightbox%26settings%3DeyJpZCI6OTQ3OCwidXJsIjoiaHR0cDpcL1wvYXJjaGl3dW1kay5tYWxvZ29zemN6LmV1XC93cC1jb250ZW50XC91cGxvYWRzXC8yMDIwXC8wN1wvMDU1T0dcdTAwZDNMTk9QT0xTS0ktRkVTVElXQUwtUElPU0VOS0ktTkFELVdJRVJOXHUwMTA0LVJaRUtcdTAxMDQtMjAxNS5qcGciLCJzbGlkZXNob3ciOiIwNTVhZGE3In0%3D\" href='http:\/\/archiwumdk.malogoszcz.eu\/wp-content\/uploads\/2020\/07\/055OG\u00d3LNOPOLSKI-FESTIWAL-PIOSENKI-NAD-WIERN\u0104-RZEK\u0104-2015.jpg'><img loading=\"lazy\" decoding=\"async\" width=\"320\" height=\"480\" src=\"http:\/\/archiwumdk.malogoszcz.eu\/wp-content\/uploads\/2020\/07\/055OG\u00d3LNOPOLSKI-FESTIWAL-PIOSENKI-NAD-WIERN\u0104-RZEK\u0104-2015.jpg\" class=\"attachment-large size-large\" alt=\"\" \/><\/a>\n\t\t\t<\/div><\/figure><figure class='gallery-item'>\n\t\t\t<div class='gallery-icon landscape'>\n\t\t\t\t<a data-elementor-open-lightbox=\"yes\" data-elementor-lightbox-slideshow=\"055ada7\" data-elementor-lightbox-title=\"056OG\u00d3LNOPOLSKI FESTIWAL PIOSENKI NAD WIERN\u0104 RZEK\u0104&#039; 2015\" data-e-action-hash=\"#elementor-action%3Aaction%3Dlightbox%26settings%3DeyJpZCI6OTQ3OSwidXJsIjoiaHR0cDpcL1wvYXJjaGl3dW1kay5tYWxvZ29zemN6LmV1XC93cC1jb250ZW50XC91cGxvYWRzXC8yMDIwXC8wN1wvMDU2T0dcdTAwZDNMTk9QT0xTS0ktRkVTVElXQUwtUElPU0VOS0ktTkFELVdJRVJOXHUwMTA0LVJaRUtcdTAxMDQtMjAxNS5qcGciLCJzbGlkZXNob3ciOiIwNTVhZGE3In0%3D\" href='http:\/\/archiwumdk.malogoszcz.eu\/wp-content\/uploads\/2020\/07\/056OG\u00d3LNOPOLSKI-FESTIWAL-PIOSENKI-NAD-WIERN\u0104-RZEK\u0104-2015.jpg'><img loading=\"lazy\" decoding=\"async\" width=\"640\" height=\"427\" src=\"http:\/\/archiwumdk.malogoszcz.eu\/wp-content\/uploads\/2020\/07\/056OG\u00d3LNOPOLSKI-FESTIWAL-PIOSENKI-NAD-WIERN\u0104-RZEK\u0104-2015.jpg\" class=\"attachment-large size-large\" alt=\"\" \/><\/a>\n\t\t\t<\/div><\/figure><figure class='gallery-item'>\n\t\t\t<div class='gallery-icon landscape'>\n\t\t\t\t<a data-elementor-open-lightbox=\"yes\" data-elementor-lightbox-slideshow=\"055ada7\" data-elementor-lightbox-title=\"057OG\u00d3LNOPOLSKI FESTIWAL PIOSENKI NAD WIERN\u0104 RZEK\u0104&#039; 2015\" data-e-action-hash=\"#elementor-action%3Aaction%3Dlightbox%26settings%3DeyJpZCI6OTQ4MCwidXJsIjoiaHR0cDpcL1wvYXJjaGl3dW1kay5tYWxvZ29zemN6LmV1XC93cC1jb250ZW50XC91cGxvYWRzXC8yMDIwXC8wN1wvMDU3T0dcdTAwZDNMTk9QT0xTS0ktRkVTVElXQUwtUElPU0VOS0ktTkFELVdJRVJOXHUwMTA0LVJaRUtcdTAxMDQtMjAxNS5qcGciLCJzbGlkZXNob3ciOiIwNTVhZGE3In0%3D\" href='http:\/\/archiwumdk.malogoszcz.eu\/wp-content\/uploads\/2020\/07\/057OG\u00d3LNOPOLSKI-FESTIWAL-PIOSENKI-NAD-WIERN\u0104-RZEK\u0104-2015.jpg'><img loading=\"lazy\" decoding=\"async\" width=\"640\" height=\"427\" src=\"http:\/\/archiwumdk.malogoszcz.eu\/wp-content\/uploads\/2020\/07\/057OG\u00d3LNOPOLSKI-FESTIWAL-PIOSENKI-NAD-WIERN\u0104-RZEK\u0104-2015.jpg\" class=\"attachment-large size-large\" alt=\"\" \/><\/a>\n\t\t\t<\/div><\/figure><figure class='gallery-item'>\n\t\t\t<div class='gallery-icon portrait'>\n\t\t\t\t<a data-elementor-open-lightbox=\"yes\" data-elementor-lightbox-slideshow=\"055ada7\" data-elementor-lightbox-title=\"058OG\u00d3LNOPOLSKI FESTIWAL PIOSENKI NAD WIERN\u0104 RZEK\u0104&#039; 2015\" data-e-action-hash=\"#elementor-action%3Aaction%3Dlightbox%26settings%3DeyJpZCI6OTQ4MSwidXJsIjoiaHR0cDpcL1wvYXJjaGl3dW1kay5tYWxvZ29zemN6LmV1XC93cC1jb250ZW50XC91cGxvYWRzXC8yMDIwXC8wN1wvMDU4T0dcdTAwZDNMTk9QT0xTS0ktRkVTVElXQUwtUElPU0VOS0ktTkFELVdJRVJOXHUwMTA0LVJaRUtcdTAxMDQtMjAxNS5qcGciLCJzbGlkZXNob3ciOiIwNTVhZGE3In0%3D\" href='http:\/\/archiwumdk.malogoszcz.eu\/wp-content\/uploads\/2020\/07\/058OG\u00d3LNOPOLSKI-FESTIWAL-PIOSENKI-NAD-WIERN\u0104-RZEK\u0104-2015.jpg'><img loading=\"lazy\" decoding=\"async\" width=\"320\" height=\"480\" src=\"http:\/\/archiwumdk.malogoszcz.eu\/wp-content\/uploads\/2020\/07\/058OG\u00d3LNOPOLSKI-FESTIWAL-PIOSENKI-NAD-WIERN\u0104-RZEK\u0104-2015.jpg\" class=\"attachment-large size-large\" alt=\"\" \/><\/a>\n\t\t\t<\/div><\/figure><figure class='gallery-item'>\n\t\t\t<div class='gallery-icon portrait'>\n\t\t\t\t<a data-elementor-open-lightbox=\"yes\" data-elementor-lightbox-slideshow=\"055ada7\" data-elementor-lightbox-title=\"059OG\u00d3LNOPOLSKI FESTIWAL PIOSENKI NAD WIERN\u0104 RZEK\u0104&#039; 2015\" data-e-action-hash=\"#elementor-action%3Aaction%3Dlightbox%26settings%3DeyJpZCI6OTQ4MiwidXJsIjoiaHR0cDpcL1wvYXJjaGl3dW1kay5tYWxvZ29zemN6LmV1XC93cC1jb250ZW50XC91cGxvYWRzXC8yMDIwXC8wN1wvMDU5T0dcdTAwZDNMTk9QT0xTS0ktRkVTVElXQUwtUElPU0VOS0ktTkFELVdJRVJOXHUwMTA0LVJaRUtcdTAxMDQtMjAxNS5qcGciLCJzbGlkZXNob3ciOiIwNTVhZGE3In0%3D\" href='http:\/\/archiwumdk.malogoszcz.eu\/wp-content\/uploads\/2020\/07\/059OG\u00d3LNOPOLSKI-FESTIWAL-PIOSENKI-NAD-WIERN\u0104-RZEK\u0104-2015.jpg'><img loading=\"lazy\" decoding=\"async\" width=\"320\" height=\"480\" src=\"http:\/\/archiwumdk.malogoszcz.eu\/wp-content\/uploads\/2020\/07\/059OG\u00d3LNOPOLSKI-FESTIWAL-PIOSENKI-NAD-WIERN\u0104-RZEK\u0104-2015.jpg\" class=\"attachment-large size-large\" alt=\"\" \/><\/a>\n\t\t\t<\/div><\/figure><figure class='gallery-item'>\n\t\t\t<div class='gallery-icon portrait'>\n\t\t\t\t<a data-elementor-open-lightbox=\"yes\" data-elementor-lightbox-slideshow=\"055ada7\" data-elementor-lightbox-title=\"060OG\u00d3LNOPOLSKI FESTIWAL PIOSENKI NAD WIERN\u0104 RZEK\u0104&#039; 2015\" data-e-action-hash=\"#elementor-action%3Aaction%3Dlightbox%26settings%3DeyJpZCI6OTQ4MywidXJsIjoiaHR0cDpcL1wvYXJjaGl3dW1kay5tYWxvZ29zemN6LmV1XC93cC1jb250ZW50XC91cGxvYWRzXC8yMDIwXC8wN1wvMDYwT0dcdTAwZDNMTk9QT0xTS0ktRkVTVElXQUwtUElPU0VOS0ktTkFELVdJRVJOXHUwMTA0LVJaRUtcdTAxMDQtMjAxNS5qcGciLCJzbGlkZXNob3ciOiIwNTVhZGE3In0%3D\" href='http:\/\/archiwumdk.malogoszcz.eu\/wp-content\/uploads\/2020\/07\/060OG\u00d3LNOPOLSKI-FESTIWAL-PIOSENKI-NAD-WIERN\u0104-RZEK\u0104-2015.jpg'><img loading=\"lazy\" decoding=\"async\" width=\"320\" height=\"480\" src=\"http:\/\/archiwumdk.malogoszcz.eu\/wp-content\/uploads\/2020\/07\/060OG\u00d3LNOPOLSKI-FESTIWAL-PIOSENKI-NAD-WIERN\u0104-RZEK\u0104-2015.jpg\" class=\"attachment-large size-large\" alt=\"\" \/><\/a>\n\t\t\t<\/div><\/figure><figure class='gallery-item'>\n\t\t\t<div class='gallery-icon portrait'>\n\t\t\t\t<a data-elementor-open-lightbox=\"yes\" data-elementor-lightbox-slideshow=\"055ada7\" data-elementor-lightbox-title=\"061OG\u00d3LNOPOLSKI FESTIWAL PIOSENKI NAD WIERN\u0104 RZEK\u0104&#039; 2015\" data-e-action-hash=\"#elementor-action%3Aaction%3Dlightbox%26settings%3DeyJpZCI6OTQ4NCwidXJsIjoiaHR0cDpcL1wvYXJjaGl3dW1kay5tYWxvZ29zemN6LmV1XC93cC1jb250ZW50XC91cGxvYWRzXC8yMDIwXC8wN1wvMDYxT0dcdTAwZDNMTk9QT0xTS0ktRkVTVElXQUwtUElPU0VOS0ktTkFELVdJRVJOXHUwMTA0LVJaRUtcdTAxMDQtMjAxNS5qcGciLCJzbGlkZXNob3ciOiIwNTVhZGE3In0%3D\" href='http:\/\/archiwumdk.malogoszcz.eu\/wp-content\/uploads\/2020\/07\/061OG\u00d3LNOPOLSKI-FESTIWAL-PIOSENKI-NAD-WIERN\u0104-RZEK\u0104-2015.jpg'><img loading=\"lazy\" decoding=\"async\" width=\"320\" height=\"480\" src=\"http:\/\/archiwumdk.malogoszcz.eu\/wp-content\/uploads\/2020\/07\/061OG\u00d3LNOPOLSKI-FESTIWAL-PIOSENKI-NAD-WIERN\u0104-RZEK\u0104-2015.jpg\" class=\"attachment-large size-large\" alt=\"\" \/><\/a>\n\t\t\t<\/div><\/figure><figure class='gallery-item'>\n\t\t\t<div class='gallery-icon landscape'>\n\t\t\t\t<a data-elementor-open-lightbox=\"yes\" data-elementor-lightbox-slideshow=\"055ada7\" data-elementor-lightbox-title=\"062OG\u00d3LNOPOLSKI FESTIWAL PIOSENKI NAD WIERN\u0104 RZEK\u0104&#039; 2015\" data-e-action-hash=\"#elementor-action%3Aaction%3Dlightbox%26settings%3DeyJpZCI6OTQ4NSwidXJsIjoiaHR0cDpcL1wvYXJjaGl3dW1kay5tYWxvZ29zemN6LmV1XC93cC1jb250ZW50XC91cGxvYWRzXC8yMDIwXC8wN1wvMDYyT0dcdTAwZDNMTk9QT0xTS0ktRkVTVElXQUwtUElPU0VOS0ktTkFELVdJRVJOXHUwMTA0LVJaRUtcdTAxMDQtMjAxNS5qcGciLCJzbGlkZXNob3ciOiIwNTVhZGE3In0%3D\" href='http:\/\/archiwumdk.malogoszcz.eu\/wp-content\/uploads\/2020\/07\/062OG\u00d3LNOPOLSKI-FESTIWAL-PIOSENKI-NAD-WIERN\u0104-RZEK\u0104-2015.jpg'><img loading=\"lazy\" decoding=\"async\" width=\"640\" height=\"427\" src=\"http:\/\/archiwumdk.malogoszcz.eu\/wp-content\/uploads\/2020\/07\/062OG\u00d3LNOPOLSKI-FESTIWAL-PIOSENKI-NAD-WIERN\u0104-RZEK\u0104-2015.jpg\" class=\"attachment-large size-large\" alt=\"\" \/><\/a>\n\t\t\t<\/div><\/figure><figure class='gallery-item'>\n\t\t\t<div class='gallery-icon landscape'>\n\t\t\t\t<a data-elementor-open-lightbox=\"yes\" data-elementor-lightbox-slideshow=\"055ada7\" data-elementor-lightbox-title=\"063OG\u00d3LNOPOLSKI FESTIWAL PIOSENKI NAD WIERN\u0104 RZEK\u0104&#039; 2015\" data-e-action-hash=\"#elementor-action%3Aaction%3Dlightbox%26settings%3DeyJpZCI6OTQ4NiwidXJsIjoiaHR0cDpcL1wvYXJjaGl3dW1kay5tYWxvZ29zemN6LmV1XC93cC1jb250ZW50XC91cGxvYWRzXC8yMDIwXC8wN1wvMDYzT0dcdTAwZDNMTk9QT0xTS0ktRkVTVElXQUwtUElPU0VOS0ktTkFELVdJRVJOXHUwMTA0LVJaRUtcdTAxMDQtMjAxNS5qcGciLCJzbGlkZXNob3ciOiIwNTVhZGE3In0%3D\" href='http:\/\/archiwumdk.malogoszcz.eu\/wp-content\/uploads\/2020\/07\/063OG\u00d3LNOPOLSKI-FESTIWAL-PIOSENKI-NAD-WIERN\u0104-RZEK\u0104-2015.jpg'><img loading=\"lazy\" decoding=\"async\" width=\"640\" height=\"427\" src=\"http:\/\/archiwumdk.malogoszcz.eu\/wp-content\/uploads\/2020\/07\/063OG\u00d3LNOPOLSKI-FESTIWAL-PIOSENKI-NAD-WIERN\u0104-RZEK\u0104-2015.jpg\" class=\"attachment-large size-large\" alt=\"\" \/><\/a>\n\t\t\t<\/div><\/figure><figure class='gallery-item'>\n\t\t\t<div class='gallery-icon landscape'>\n\t\t\t\t<a data-elementor-open-lightbox=\"yes\" data-elementor-lightbox-slideshow=\"055ada7\" data-elementor-lightbox-title=\"064OG\u00d3LNOPOLSKI FESTIWAL PIOSENKI NAD WIERN\u0104 RZEK\u0104&#039; 2015\" data-e-action-hash=\"#elementor-action%3Aaction%3Dlightbox%26settings%3DeyJpZCI6OTQ4NywidXJsIjoiaHR0cDpcL1wvYXJjaGl3dW1kay5tYWxvZ29zemN6LmV1XC93cC1jb250ZW50XC91cGxvYWRzXC8yMDIwXC8wN1wvMDY0T0dcdTAwZDNMTk9QT0xTS0ktRkVTVElXQUwtUElPU0VOS0ktTkFELVdJRVJOXHUwMTA0LVJaRUtcdTAxMDQtMjAxNS5qcGciLCJzbGlkZXNob3ciOiIwNTVhZGE3In0%3D\" href='http:\/\/archiwumdk.malogoszcz.eu\/wp-content\/uploads\/2020\/07\/064OG\u00d3LNOPOLSKI-FESTIWAL-PIOSENKI-NAD-WIERN\u0104-RZEK\u0104-2015.jpg'><img loading=\"lazy\" decoding=\"async\" width=\"640\" height=\"427\" src=\"http:\/\/archiwumdk.malogoszcz.eu\/wp-content\/uploads\/2020\/07\/064OG\u00d3LNOPOLSKI-FESTIWAL-PIOSENKI-NAD-WIERN\u0104-RZEK\u0104-2015.jpg\" class=\"attachment-large size-large\" alt=\"\" \/><\/a>\n\t\t\t<\/div><\/figure><figure class='gallery-item'>\n\t\t\t<div class='gallery-icon portrait'>\n\t\t\t\t<a data-elementor-open-lightbox=\"yes\" data-elementor-lightbox-slideshow=\"055ada7\" data-elementor-lightbox-title=\"065OG\u00d3LNOPOLSKI FESTIWAL PIOSENKI NAD WIERN\u0104 RZEK\u0104&#039; 2015\" data-e-action-hash=\"#elementor-action%3Aaction%3Dlightbox%26settings%3DeyJpZCI6OTQ4OCwidXJsIjoiaHR0cDpcL1wvYXJjaGl3dW1kay5tYWxvZ29zemN6LmV1XC93cC1jb250ZW50XC91cGxvYWRzXC8yMDIwXC8wN1wvMDY1T0dcdTAwZDNMTk9QT0xTS0ktRkVTVElXQUwtUElPU0VOS0ktTkFELVdJRVJOXHUwMTA0LVJaRUtcdTAxMDQtMjAxNS5qcGciLCJzbGlkZXNob3ciOiIwNTVhZGE3In0%3D\" href='http:\/\/archiwumdk.malogoszcz.eu\/wp-content\/uploads\/2020\/07\/065OG\u00d3LNOPOLSKI-FESTIWAL-PIOSENKI-NAD-WIERN\u0104-RZEK\u0104-2015.jpg'><img loading=\"lazy\" decoding=\"async\" width=\"320\" height=\"480\" src=\"http:\/\/archiwumdk.malogoszcz.eu\/wp-content\/uploads\/2020\/07\/065OG\u00d3LNOPOLSKI-FESTIWAL-PIOSENKI-NAD-WIERN\u0104-RZEK\u0104-2015.jpg\" class=\"attachment-large size-large\" alt=\"\" \/><\/a>\n\t\t\t<\/div><\/figure><figure class='gallery-item'>\n\t\t\t<div class='gallery-icon portrait'>\n\t\t\t\t<a data-elementor-open-lightbox=\"yes\" data-elementor-lightbox-slideshow=\"055ada7\" data-elementor-lightbox-title=\"066OG\u00d3LNOPOLSKI FESTIWAL PIOSENKI NAD WIERN\u0104 RZEK\u0104&#039; 2015\" data-e-action-hash=\"#elementor-action%3Aaction%3Dlightbox%26settings%3DeyJpZCI6OTQ4OSwidXJsIjoiaHR0cDpcL1wvYXJjaGl3dW1kay5tYWxvZ29zemN6LmV1XC93cC1jb250ZW50XC91cGxvYWRzXC8yMDIwXC8wN1wvMDY2T0dcdTAwZDNMTk9QT0xTS0ktRkVTVElXQUwtUElPU0VOS0ktTkFELVdJRVJOXHUwMTA0LVJaRUtcdTAxMDQtMjAxNS5qcGciLCJzbGlkZXNob3ciOiIwNTVhZGE3In0%3D\" href='http:\/\/archiwumdk.malogoszcz.eu\/wp-content\/uploads\/2020\/07\/066OG\u00d3LNOPOLSKI-FESTIWAL-PIOSENKI-NAD-WIERN\u0104-RZEK\u0104-2015.jpg'><img loading=\"lazy\" decoding=\"async\" width=\"320\" height=\"480\" src=\"http:\/\/archiwumdk.malogoszcz.eu\/wp-content\/uploads\/2020\/07\/066OG\u00d3LNOPOLSKI-FESTIWAL-PIOSENKI-NAD-WIERN\u0104-RZEK\u0104-2015.jpg\" class=\"attachment-large size-large\" alt=\"\" \/><\/a>\n\t\t\t<\/div><\/figure><figure class='gallery-item'>\n\t\t\t<div class='gallery-icon landscape'>\n\t\t\t\t<a data-elementor-open-lightbox=\"yes\" data-elementor-lightbox-slideshow=\"055ada7\" data-elementor-lightbox-title=\"067OG\u00d3LNOPOLSKI FESTIWAL PIOSENKI NAD WIERN\u0104 RZEK\u0104&#039; 2015\" data-e-action-hash=\"#elementor-action%3Aaction%3Dlightbox%26settings%3DeyJpZCI6OTQ5MCwidXJsIjoiaHR0cDpcL1wvYXJjaGl3dW1kay5tYWxvZ29zemN6LmV1XC93cC1jb250ZW50XC91cGxvYWRzXC8yMDIwXC8wN1wvMDY3T0dcdTAwZDNMTk9QT0xTS0ktRkVTVElXQUwtUElPU0VOS0ktTkFELVdJRVJOXHUwMTA0LVJaRUtcdTAxMDQtMjAxNS5qcGciLCJzbGlkZXNob3ciOiIwNTVhZGE3In0%3D\" href='http:\/\/archiwumdk.malogoszcz.eu\/wp-content\/uploads\/2020\/07\/067OG\u00d3LNOPOLSKI-FESTIWAL-PIOSENKI-NAD-WIERN\u0104-RZEK\u0104-2015.jpg'><img loading=\"lazy\" decoding=\"async\" width=\"640\" height=\"427\" src=\"http:\/\/archiwumdk.malogoszcz.eu\/wp-content\/uploads\/2020\/07\/067OG\u00d3LNOPOLSKI-FESTIWAL-PIOSENKI-NAD-WIERN\u0104-RZEK\u0104-2015.jpg\" class=\"attachment-large size-large\" alt=\"\" \/><\/a>\n\t\t\t<\/div><\/figure><figure class='gallery-item'>\n\t\t\t<div class='gallery-icon portrait'>\n\t\t\t\t<a data-elementor-open-lightbox=\"yes\" data-elementor-lightbox-slideshow=\"055ada7\" data-elementor-lightbox-title=\"068OG\u00d3LNOPOLSKI FESTIWAL PIOSENKI NAD WIERN\u0104 RZEK\u0104&#039; 2015\" data-e-action-hash=\"#elementor-action%3Aaction%3Dlightbox%26settings%3DeyJpZCI6OTQ5MSwidXJsIjoiaHR0cDpcL1wvYXJjaGl3dW1kay5tYWxvZ29zemN6LmV1XC93cC1jb250ZW50XC91cGxvYWRzXC8yMDIwXC8wN1wvMDY4T0dcdTAwZDNMTk9QT0xTS0ktRkVTVElXQUwtUElPU0VOS0ktTkFELVdJRVJOXHUwMTA0LVJaRUtcdTAxMDQtMjAxNS5qcGciLCJzbGlkZXNob3ciOiIwNTVhZGE3In0%3D\" href='http:\/\/archiwumdk.malogoszcz.eu\/wp-content\/uploads\/2020\/07\/068OG\u00d3LNOPOLSKI-FESTIWAL-PIOSENKI-NAD-WIERN\u0104-RZEK\u0104-2015.jpg'><img loading=\"lazy\" decoding=\"async\" width=\"320\" height=\"480\" src=\"http:\/\/archiwumdk.malogoszcz.eu\/wp-content\/uploads\/2020\/07\/068OG\u00d3LNOPOLSKI-FESTIWAL-PIOSENKI-NAD-WIERN\u0104-RZEK\u0104-2015.jpg\" class=\"attachment-large size-large\" alt=\"\" \/><\/a>\n\t\t\t<\/div><\/figure><figure class='gallery-item'>\n\t\t\t<div class='gallery-icon landscape'>\n\t\t\t\t<a data-elementor-open-lightbox=\"yes\" data-elementor-lightbox-slideshow=\"055ada7\" data-elementor-lightbox-title=\"069OG\u00d3LNOPOLSKI FESTIWAL PIOSENKI NAD WIERN\u0104 RZEK\u0104&#039; 2015\" data-e-action-hash=\"#elementor-action%3Aaction%3Dlightbox%26settings%3DeyJpZCI6OTQ5MiwidXJsIjoiaHR0cDpcL1wvYXJjaGl3dW1kay5tYWxvZ29zemN6LmV1XC93cC1jb250ZW50XC91cGxvYWRzXC8yMDIwXC8wN1wvMDY5T0dcdTAwZDNMTk9QT0xTS0ktRkVTVElXQUwtUElPU0VOS0ktTkFELVdJRVJOXHUwMTA0LVJaRUtcdTAxMDQtMjAxNS5qcGciLCJzbGlkZXNob3ciOiIwNTVhZGE3In0%3D\" href='http:\/\/archiwumdk.malogoszcz.eu\/wp-content\/uploads\/2020\/07\/069OG\u00d3LNOPOLSKI-FESTIWAL-PIOSENKI-NAD-WIERN\u0104-RZEK\u0104-2015.jpg'><img loading=\"lazy\" decoding=\"async\" width=\"640\" height=\"427\" src=\"http:\/\/archiwumdk.malogoszcz.eu\/wp-content\/uploads\/2020\/07\/069OG\u00d3LNOPOLSKI-FESTIWAL-PIOSENKI-NAD-WIERN\u0104-RZEK\u0104-2015.jpg\" class=\"attachment-large size-large\" alt=\"\" \/><\/a>\n\t\t\t<\/div><\/figure><figure class='gallery-item'>\n\t\t\t<div class='gallery-icon portrait'>\n\t\t\t\t<a data-elementor-open-lightbox=\"yes\" data-elementor-lightbox-slideshow=\"055ada7\" data-elementor-lightbox-title=\"070OG\u00d3LNOPOLSKI FESTIWAL PIOSENKI NAD WIERN\u0104 RZEK\u0104&#039; 2015\" data-e-action-hash=\"#elementor-action%3Aaction%3Dlightbox%26settings%3DeyJpZCI6OTQ5MywidXJsIjoiaHR0cDpcL1wvYXJjaGl3dW1kay5tYWxvZ29zemN6LmV1XC93cC1jb250ZW50XC91cGxvYWRzXC8yMDIwXC8wN1wvMDcwT0dcdTAwZDNMTk9QT0xTS0ktRkVTVElXQUwtUElPU0VOS0ktTkFELVdJRVJOXHUwMTA0LVJaRUtcdTAxMDQtMjAxNS5qcGciLCJzbGlkZXNob3ciOiIwNTVhZGE3In0%3D\" href='http:\/\/archiwumdk.malogoszcz.eu\/wp-content\/uploads\/2020\/07\/070OG\u00d3LNOPOLSKI-FESTIWAL-PIOSENKI-NAD-WIERN\u0104-RZEK\u0104-2015.jpg'><img loading=\"lazy\" decoding=\"async\" width=\"320\" height=\"480\" src=\"http:\/\/archiwumdk.malogoszcz.eu\/wp-content\/uploads\/2020\/07\/070OG\u00d3LNOPOLSKI-FESTIWAL-PIOSENKI-NAD-WIERN\u0104-RZEK\u0104-2015.jpg\" class=\"attachment-large size-large\" alt=\"\" \/><\/a>\n\t\t\t<\/div><\/figure><figure class='gallery-item'>\n\t\t\t<div class='gallery-icon portrait'>\n\t\t\t\t<a data-elementor-open-lightbox=\"yes\" data-elementor-lightbox-slideshow=\"055ada7\" data-elementor-lightbox-title=\"071OG\u00d3LNOPOLSKI FESTIWAL PIOSENKI NAD WIERN\u0104 RZEK\u0104&#039; 2015\" data-e-action-hash=\"#elementor-action%3Aaction%3Dlightbox%26settings%3DeyJpZCI6OTQ5NCwidXJsIjoiaHR0cDpcL1wvYXJjaGl3dW1kay5tYWxvZ29zemN6LmV1XC93cC1jb250ZW50XC91cGxvYWRzXC8yMDIwXC8wN1wvMDcxT0dcdTAwZDNMTk9QT0xTS0ktRkVTVElXQUwtUElPU0VOS0ktTkFELVdJRVJOXHUwMTA0LVJaRUtcdTAxMDQtMjAxNS5qcGciLCJzbGlkZXNob3ciOiIwNTVhZGE3In0%3D\" href='http:\/\/archiwumdk.malogoszcz.eu\/wp-content\/uploads\/2020\/07\/071OG\u00d3LNOPOLSKI-FESTIWAL-PIOSENKI-NAD-WIERN\u0104-RZEK\u0104-2015.jpg'><img loading=\"lazy\" decoding=\"async\" width=\"320\" height=\"480\" src=\"http:\/\/archiwumdk.malogoszcz.eu\/wp-content\/uploads\/2020\/07\/071OG\u00d3LNOPOLSKI-FESTIWAL-PIOSENKI-NAD-WIERN\u0104-RZEK\u0104-2015.jpg\" class=\"attachment-large size-large\" alt=\"\" \/><\/a>\n\t\t\t<\/div><\/figure><figure class='gallery-item'>\n\t\t\t<div class='gallery-icon portrait'>\n\t\t\t\t<a data-elementor-open-lightbox=\"yes\" data-elementor-lightbox-slideshow=\"055ada7\" data-elementor-lightbox-title=\"072OG\u00d3LNOPOLSKI FESTIWAL PIOSENKI NAD WIERN\u0104 RZEK\u0104&#039; 2015\" data-e-action-hash=\"#elementor-action%3Aaction%3Dlightbox%26settings%3DeyJpZCI6OTQ5NSwidXJsIjoiaHR0cDpcL1wvYXJjaGl3dW1kay5tYWxvZ29zemN6LmV1XC93cC1jb250ZW50XC91cGxvYWRzXC8yMDIwXC8wN1wvMDcyT0dcdTAwZDNMTk9QT0xTS0ktRkVTVElXQUwtUElPU0VOS0ktTkFELVdJRVJOXHUwMTA0LVJaRUtcdTAxMDQtMjAxNS5qcGciLCJzbGlkZXNob3ciOiIwNTVhZGE3In0%3D\" href='http:\/\/archiwumdk.malogoszcz.eu\/wp-content\/uploads\/2020\/07\/072OG\u00d3LNOPOLSKI-FESTIWAL-PIOSENKI-NAD-WIERN\u0104-RZEK\u0104-2015.jpg'><img loading=\"lazy\" decoding=\"async\" width=\"320\" height=\"480\" src=\"http:\/\/archiwumdk.malogoszcz.eu\/wp-content\/uploads\/2020\/07\/072OG\u00d3LNOPOLSKI-FESTIWAL-PIOSENKI-NAD-WIERN\u0104-RZEK\u0104-2015.jpg\" class=\"attachment-large size-large\" alt=\"\" \/><\/a>\n\t\t\t<\/div><\/figure><figure class='gallery-item'>\n\t\t\t<div class='gallery-icon portrait'>\n\t\t\t\t<a data-elementor-open-lightbox=\"yes\" data-elementor-lightbox-slideshow=\"055ada7\" data-elementor-lightbox-title=\"073OG\u00d3LNOPOLSKI FESTIWAL PIOSENKI NAD WIERN\u0104 RZEK\u0104&#039; 2015\" data-e-action-hash=\"#elementor-action%3Aaction%3Dlightbox%26settings%3DeyJpZCI6OTQ5NiwidXJsIjoiaHR0cDpcL1wvYXJjaGl3dW1kay5tYWxvZ29zemN6LmV1XC93cC1jb250ZW50XC91cGxvYWRzXC8yMDIwXC8wN1wvMDczT0dcdTAwZDNMTk9QT0xTS0ktRkVTVElXQUwtUElPU0VOS0ktTkFELVdJRVJOXHUwMTA0LVJaRUtcdTAxMDQtMjAxNS5qcGciLCJzbGlkZXNob3ciOiIwNTVhZGE3In0%3D\" href='http:\/\/archiwumdk.malogoszcz.eu\/wp-content\/uploads\/2020\/07\/073OG\u00d3LNOPOLSKI-FESTIWAL-PIOSENKI-NAD-WIERN\u0104-RZEK\u0104-2015.jpg'><img loading=\"lazy\" decoding=\"async\" width=\"320\" height=\"480\" src=\"http:\/\/archiwumdk.malogoszcz.eu\/wp-content\/uploads\/2020\/07\/073OG\u00d3LNOPOLSKI-FESTIWAL-PIOSENKI-NAD-WIERN\u0104-RZEK\u0104-2015.jpg\" class=\"attachment-large size-large\" alt=\"\" \/><\/a>\n\t\t\t<\/div><\/figure><figure class='gallery-item'>\n\t\t\t<div class='gallery-icon portrait'>\n\t\t\t\t<a data-elementor-open-lightbox=\"yes\" data-elementor-lightbox-slideshow=\"055ada7\" data-elementor-lightbox-title=\"074OG\u00d3LNOPOLSKI FESTIWAL PIOSENKI NAD WIERN\u0104 RZEK\u0104&#039; 2015\" data-e-action-hash=\"#elementor-action%3Aaction%3Dlightbox%26settings%3DeyJpZCI6OTQ5NywidXJsIjoiaHR0cDpcL1wvYXJjaGl3dW1kay5tYWxvZ29zemN6LmV1XC93cC1jb250ZW50XC91cGxvYWRzXC8yMDIwXC8wN1wvMDc0T0dcdTAwZDNMTk9QT0xTS0ktRkVTVElXQUwtUElPU0VOS0ktTkFELVdJRVJOXHUwMTA0LVJaRUtcdTAxMDQtMjAxNS5qcGciLCJzbGlkZXNob3ciOiIwNTVhZGE3In0%3D\" href='http:\/\/archiwumdk.malogoszcz.eu\/wp-content\/uploads\/2020\/07\/074OG\u00d3LNOPOLSKI-FESTIWAL-PIOSENKI-NAD-WIERN\u0104-RZEK\u0104-2015.jpg'><img loading=\"lazy\" decoding=\"async\" width=\"320\" height=\"480\" src=\"http:\/\/archiwumdk.malogoszcz.eu\/wp-content\/uploads\/2020\/07\/074OG\u00d3LNOPOLSKI-FESTIWAL-PIOSENKI-NAD-WIERN\u0104-RZEK\u0104-2015.jpg\" class=\"attachment-large size-large\" alt=\"\" \/><\/a>\n\t\t\t<\/div><\/figure><figure class='gallery-item'>\n\t\t\t<div class='gallery-icon portrait'>\n\t\t\t\t<a data-elementor-open-lightbox=\"yes\" data-elementor-lightbox-slideshow=\"055ada7\" data-elementor-lightbox-title=\"075OG\u00d3LNOPOLSKI FESTIWAL PIOSENKI NAD WIERN\u0104 RZEK\u0104&#039; 2015\" data-e-action-hash=\"#elementor-action%3Aaction%3Dlightbox%26settings%3DeyJpZCI6OTQ5OCwidXJsIjoiaHR0cDpcL1wvYXJjaGl3dW1kay5tYWxvZ29zemN6LmV1XC93cC1jb250ZW50XC91cGxvYWRzXC8yMDIwXC8wN1wvMDc1T0dcdTAwZDNMTk9QT0xTS0ktRkVTVElXQUwtUElPU0VOS0ktTkFELVdJRVJOXHUwMTA0LVJaRUtcdTAxMDQtMjAxNS5qcGciLCJzbGlkZXNob3ciOiIwNTVhZGE3In0%3D\" href='http:\/\/archiwumdk.malogoszcz.eu\/wp-content\/uploads\/2020\/07\/075OG\u00d3LNOPOLSKI-FESTIWAL-PIOSENKI-NAD-WIERN\u0104-RZEK\u0104-2015.jpg'><img loading=\"lazy\" decoding=\"async\" width=\"320\" height=\"480\" src=\"http:\/\/archiwumdk.malogoszcz.eu\/wp-content\/uploads\/2020\/07\/075OG\u00d3LNOPOLSKI-FESTIWAL-PIOSENKI-NAD-WIERN\u0104-RZEK\u0104-2015.jpg\" class=\"attachment-large size-large\" alt=\"\" \/><\/a>\n\t\t\t<\/div><\/figure><figure class='gallery-item'>\n\t\t\t<div class='gallery-icon landscape'>\n\t\t\t\t<a data-elementor-open-lightbox=\"yes\" data-elementor-lightbox-slideshow=\"055ada7\" data-elementor-lightbox-title=\"076OG\u00d3LNOPOLSKI FESTIWAL PIOSENKI NAD WIERN\u0104 RZEK\u0104&#039; 2015\" data-e-action-hash=\"#elementor-action%3Aaction%3Dlightbox%26settings%3DeyJpZCI6OTQ5OSwidXJsIjoiaHR0cDpcL1wvYXJjaGl3dW1kay5tYWxvZ29zemN6LmV1XC93cC1jb250ZW50XC91cGxvYWRzXC8yMDIwXC8wN1wvMDc2T0dcdTAwZDNMTk9QT0xTS0ktRkVTVElXQUwtUElPU0VOS0ktTkFELVdJRVJOXHUwMTA0LVJaRUtcdTAxMDQtMjAxNS5qcGciLCJzbGlkZXNob3ciOiIwNTVhZGE3In0%3D\" href='http:\/\/archiwumdk.malogoszcz.eu\/wp-content\/uploads\/2020\/07\/076OG\u00d3LNOPOLSKI-FESTIWAL-PIOSENKI-NAD-WIERN\u0104-RZEK\u0104-2015.jpg'><img loading=\"lazy\" decoding=\"async\" width=\"640\" height=\"427\" src=\"http:\/\/archiwumdk.malogoszcz.eu\/wp-content\/uploads\/2020\/07\/076OG\u00d3LNOPOLSKI-FESTIWAL-PIOSENKI-NAD-WIERN\u0104-RZEK\u0104-2015.jpg\" class=\"attachment-large size-large\" alt=\"\" \/><\/a>\n\t\t\t<\/div><\/figure><figure class='gallery-item'>\n\t\t\t<div class='gallery-icon portrait'>\n\t\t\t\t<a data-elementor-open-lightbox=\"yes\" data-elementor-lightbox-slideshow=\"055ada7\" data-elementor-lightbox-title=\"077OG\u00d3LNOPOLSKI FESTIWAL PIOSENKI NAD WIERN\u0104 RZEK\u0104&#039; 2015\" data-e-action-hash=\"#elementor-action%3Aaction%3Dlightbox%26settings%3DeyJpZCI6OTUwMCwidXJsIjoiaHR0cDpcL1wvYXJjaGl3dW1kay5tYWxvZ29zemN6LmV1XC93cC1jb250ZW50XC91cGxvYWRzXC8yMDIwXC8wN1wvMDc3T0dcdTAwZDNMTk9QT0xTS0ktRkVTVElXQUwtUElPU0VOS0ktTkFELVdJRVJOXHUwMTA0LVJaRUtcdTAxMDQtMjAxNS5qcGciLCJzbGlkZXNob3ciOiIwNTVhZGE3In0%3D\" href='http:\/\/archiwumdk.malogoszcz.eu\/wp-content\/uploads\/2020\/07\/077OG\u00d3LNOPOLSKI-FESTIWAL-PIOSENKI-NAD-WIERN\u0104-RZEK\u0104-2015.jpg'><img loading=\"lazy\" decoding=\"async\" width=\"320\" height=\"480\" src=\"http:\/\/archiwumdk.malogoszcz.eu\/wp-content\/uploads\/2020\/07\/077OG\u00d3LNOPOLSKI-FESTIWAL-PIOSENKI-NAD-WIERN\u0104-RZEK\u0104-2015.jpg\" class=\"attachment-large size-large\" alt=\"\" \/><\/a>\n\t\t\t<\/div><\/figure><figure class='gallery-item'>\n\t\t\t<div class='gallery-icon landscape'>\n\t\t\t\t<a data-elementor-open-lightbox=\"yes\" data-elementor-lightbox-slideshow=\"055ada7\" data-elementor-lightbox-title=\"078OG\u00d3LNOPOLSKI FESTIWAL PIOSENKI NAD WIERN\u0104 RZEK\u0104&#039; 2015\" data-e-action-hash=\"#elementor-action%3Aaction%3Dlightbox%26settings%3DeyJpZCI6OTUwMSwidXJsIjoiaHR0cDpcL1wvYXJjaGl3dW1kay5tYWxvZ29zemN6LmV1XC93cC1jb250ZW50XC91cGxvYWRzXC8yMDIwXC8wN1wvMDc4T0dcdTAwZDNMTk9QT0xTS0ktRkVTVElXQUwtUElPU0VOS0ktTkFELVdJRVJOXHUwMTA0LVJaRUtcdTAxMDQtMjAxNS5qcGciLCJzbGlkZXNob3ciOiIwNTVhZGE3In0%3D\" href='http:\/\/archiwumdk.malogoszcz.eu\/wp-content\/uploads\/2020\/07\/078OG\u00d3LNOPOLSKI-FESTIWAL-PIOSENKI-NAD-WIERN\u0104-RZEK\u0104-2015.jpg'><img loading=\"lazy\" decoding=\"async\" width=\"640\" height=\"427\" src=\"http:\/\/archiwumdk.malogoszcz.eu\/wp-content\/uploads\/2020\/07\/078OG\u00d3LNOPOLSKI-FESTIWAL-PIOSENKI-NAD-WIERN\u0104-RZEK\u0104-2015.jpg\" class=\"attachment-large size-large\" alt=\"\" \/><\/a>\n\t\t\t<\/div><\/figure><figure class='gallery-item'>\n\t\t\t<div class='gallery-icon landscape'>\n\t\t\t\t<a data-elementor-open-lightbox=\"yes\" data-elementor-lightbox-slideshow=\"055ada7\" data-elementor-lightbox-title=\"079OG\u00d3LNOPOLSKI FESTIWAL PIOSENKI NAD WIERN\u0104 RZEK\u0104&#039; 2015\" data-e-action-hash=\"#elementor-action%3Aaction%3Dlightbox%26settings%3DeyJpZCI6OTUwMiwidXJsIjoiaHR0cDpcL1wvYXJjaGl3dW1kay5tYWxvZ29zemN6LmV1XC93cC1jb250ZW50XC91cGxvYWRzXC8yMDIwXC8wN1wvMDc5T0dcdTAwZDNMTk9QT0xTS0ktRkVTVElXQUwtUElPU0VOS0ktTkFELVdJRVJOXHUwMTA0LVJaRUtcdTAxMDQtMjAxNS5qcGciLCJzbGlkZXNob3ciOiIwNTVhZGE3In0%3D\" href='http:\/\/archiwumdk.malogoszcz.eu\/wp-content\/uploads\/2020\/07\/079OG\u00d3LNOPOLSKI-FESTIWAL-PIOSENKI-NAD-WIERN\u0104-RZEK\u0104-2015.jpg'><img loading=\"lazy\" decoding=\"async\" width=\"640\" height=\"427\" src=\"http:\/\/archiwumdk.malogoszcz.eu\/wp-content\/uploads\/2020\/07\/079OG\u00d3LNOPOLSKI-FESTIWAL-PIOSENKI-NAD-WIERN\u0104-RZEK\u0104-2015.jpg\" class=\"attachment-large size-large\" alt=\"\" \/><\/a>\n\t\t\t<\/div><\/figure><figure class='gallery-item'>\n\t\t\t<div class='gallery-icon landscape'>\n\t\t\t\t<a data-elementor-open-lightbox=\"yes\" data-elementor-lightbox-slideshow=\"055ada7\" data-elementor-lightbox-title=\"080OG\u00d3LNOPOLSKI FESTIWAL PIOSENKI NAD WIERN\u0104 RZEK\u0104&#039; 2015\" data-e-action-hash=\"#elementor-action%3Aaction%3Dlightbox%26settings%3DeyJpZCI6OTUwMywidXJsIjoiaHR0cDpcL1wvYXJjaGl3dW1kay5tYWxvZ29zemN6LmV1XC93cC1jb250ZW50XC91cGxvYWRzXC8yMDIwXC8wN1wvMDgwT0dcdTAwZDNMTk9QT0xTS0ktRkVTVElXQUwtUElPU0VOS0ktTkFELVdJRVJOXHUwMTA0LVJaRUtcdTAxMDQtMjAxNS5qcGciLCJzbGlkZXNob3ciOiIwNTVhZGE3In0%3D\" href='http:\/\/archiwumdk.malogoszcz.eu\/wp-content\/uploads\/2020\/07\/080OG\u00d3LNOPOLSKI-FESTIWAL-PIOSENKI-NAD-WIERN\u0104-RZEK\u0104-2015.jpg'><img loading=\"lazy\" decoding=\"async\" width=\"640\" height=\"427\" src=\"http:\/\/archiwumdk.malogoszcz.eu\/wp-content\/uploads\/2020\/07\/080OG\u00d3LNOPOLSKI-FESTIWAL-PIOSENKI-NAD-WIERN\u0104-RZEK\u0104-2015.jpg\" class=\"attachment-large size-large\" alt=\"\" \/><\/a>\n\t\t\t<\/div><\/figure><figure class='gallery-item'>\n\t\t\t<div class='gallery-icon portrait'>\n\t\t\t\t<a data-elementor-open-lightbox=\"yes\" data-elementor-lightbox-slideshow=\"055ada7\" data-elementor-lightbox-title=\"081OG\u00d3LNOPOLSKI FESTIWAL PIOSENKI NAD WIERN\u0104 RZEK\u0104&#039; 2015\" data-e-action-hash=\"#elementor-action%3Aaction%3Dlightbox%26settings%3DeyJpZCI6OTUwNCwidXJsIjoiaHR0cDpcL1wvYXJjaGl3dW1kay5tYWxvZ29zemN6LmV1XC93cC1jb250ZW50XC91cGxvYWRzXC8yMDIwXC8wN1wvMDgxT0dcdTAwZDNMTk9QT0xTS0ktRkVTVElXQUwtUElPU0VOS0ktTkFELVdJRVJOXHUwMTA0LVJaRUtcdTAxMDQtMjAxNS5qcGciLCJzbGlkZXNob3ciOiIwNTVhZGE3In0%3D\" href='http:\/\/archiwumdk.malogoszcz.eu\/wp-content\/uploads\/2020\/07\/081OG\u00d3LNOPOLSKI-FESTIWAL-PIOSENKI-NAD-WIERN\u0104-RZEK\u0104-2015.jpg'><img loading=\"lazy\" decoding=\"async\" width=\"320\" height=\"480\" src=\"http:\/\/archiwumdk.malogoszcz.eu\/wp-content\/uploads\/2020\/07\/081OG\u00d3LNOPOLSKI-FESTIWAL-PIOSENKI-NAD-WIERN\u0104-RZEK\u0104-2015.jpg\" class=\"attachment-large size-large\" alt=\"\" \/><\/a>\n\t\t\t<\/div><\/figure><figure class='gallery-item'>\n\t\t\t<div class='gallery-icon landscape'>\n\t\t\t\t<a data-elementor-open-lightbox=\"yes\" data-elementor-lightbox-slideshow=\"055ada7\" data-elementor-lightbox-title=\"082OG\u00d3LNOPOLSKI FESTIWAL PIOSENKI NAD WIERN\u0104 RZEK\u0104&#039; 2015\" data-e-action-hash=\"#elementor-action%3Aaction%3Dlightbox%26settings%3DeyJpZCI6OTUwNSwidXJsIjoiaHR0cDpcL1wvYXJjaGl3dW1kay5tYWxvZ29zemN6LmV1XC93cC1jb250ZW50XC91cGxvYWRzXC8yMDIwXC8wN1wvMDgyT0dcdTAwZDNMTk9QT0xTS0ktRkVTVElXQUwtUElPU0VOS0ktTkFELVdJRVJOXHUwMTA0LVJaRUtcdTAxMDQtMjAxNS5qcGciLCJzbGlkZXNob3ciOiIwNTVhZGE3In0%3D\" href='http:\/\/archiwumdk.malogoszcz.eu\/wp-content\/uploads\/2020\/07\/082OG\u00d3LNOPOLSKI-FESTIWAL-PIOSENKI-NAD-WIERN\u0104-RZEK\u0104-2015.jpg'><img loading=\"lazy\" decoding=\"async\" width=\"640\" height=\"427\" src=\"http:\/\/archiwumdk.malogoszcz.eu\/wp-content\/uploads\/2020\/07\/082OG\u00d3LNOPOLSKI-FESTIWAL-PIOSENKI-NAD-WIERN\u0104-RZEK\u0104-2015.jpg\" class=\"attachment-large size-large\" alt=\"\" \/><\/a>\n\t\t\t<\/div><\/figure><figure class='gallery-item'>\n\t\t\t<div class='gallery-icon portrait'>\n\t\t\t\t<a data-elementor-open-lightbox=\"yes\" data-elementor-lightbox-slideshow=\"055ada7\" data-elementor-lightbox-title=\"083OG\u00d3LNOPOLSKI FESTIWAL PIOSENKI NAD WIERN\u0104 RZEK\u0104&#039; 2015\" data-e-action-hash=\"#elementor-action%3Aaction%3Dlightbox%26settings%3DeyJpZCI6OTUwNiwidXJsIjoiaHR0cDpcL1wvYXJjaGl3dW1kay5tYWxvZ29zemN6LmV1XC93cC1jb250ZW50XC91cGxvYWRzXC8yMDIwXC8wN1wvMDgzT0dcdTAwZDNMTk9QT0xTS0ktRkVTVElXQUwtUElPU0VOS0ktTkFELVdJRVJOXHUwMTA0LVJaRUtcdTAxMDQtMjAxNS5qcGciLCJzbGlkZXNob3ciOiIwNTVhZGE3In0%3D\" href='http:\/\/archiwumdk.malogoszcz.eu\/wp-content\/uploads\/2020\/07\/083OG\u00d3LNOPOLSKI-FESTIWAL-PIOSENKI-NAD-WIERN\u0104-RZEK\u0104-2015.jpg'><img loading=\"lazy\" decoding=\"async\" width=\"320\" height=\"480\" src=\"http:\/\/archiwumdk.malogoszcz.eu\/wp-content\/uploads\/2020\/07\/083OG\u00d3LNOPOLSKI-FESTIWAL-PIOSENKI-NAD-WIERN\u0104-RZEK\u0104-2015.jpg\" class=\"attachment-large size-large\" alt=\"\" \/><\/a>\n\t\t\t<\/div><\/figure><figure class='gallery-item'>\n\t\t\t<div class='gallery-icon landscape'>\n\t\t\t\t<a data-elementor-open-lightbox=\"yes\" data-elementor-lightbox-slideshow=\"055ada7\" data-elementor-lightbox-title=\"084OG\u00d3LNOPOLSKI FESTIWAL PIOSENKI NAD WIERN\u0104 RZEK\u0104&#039; 2015\" data-e-action-hash=\"#elementor-action%3Aaction%3Dlightbox%26settings%3DeyJpZCI6OTUwNywidXJsIjoiaHR0cDpcL1wvYXJjaGl3dW1kay5tYWxvZ29zemN6LmV1XC93cC1jb250ZW50XC91cGxvYWRzXC8yMDIwXC8wN1wvMDg0T0dcdTAwZDNMTk9QT0xTS0ktRkVTVElXQUwtUElPU0VOS0ktTkFELVdJRVJOXHUwMTA0LVJaRUtcdTAxMDQtMjAxNS5qcGciLCJzbGlkZXNob3ciOiIwNTVhZGE3In0%3D\" href='http:\/\/archiwumdk.malogoszcz.eu\/wp-content\/uploads\/2020\/07\/084OG\u00d3LNOPOLSKI-FESTIWAL-PIOSENKI-NAD-WIERN\u0104-RZEK\u0104-2015.jpg'><img loading=\"lazy\" decoding=\"async\" width=\"640\" height=\"427\" src=\"http:\/\/archiwumdk.malogoszcz.eu\/wp-content\/uploads\/2020\/07\/084OG\u00d3LNOPOLSKI-FESTIWAL-PIOSENKI-NAD-WIERN\u0104-RZEK\u0104-2015.jpg\" class=\"attachment-large size-large\" alt=\"\" \/><\/a>\n\t\t\t<\/div><\/figure><figure class='gallery-item'>\n\t\t\t<div class='gallery-icon portrait'>\n\t\t\t\t<a data-elementor-open-lightbox=\"yes\" data-elementor-lightbox-slideshow=\"055ada7\" data-elementor-lightbox-title=\"085OG\u00d3LNOPOLSKI FESTIWAL PIOSENKI NAD WIERN\u0104 RZEK\u0104&#039; 2015\" data-e-action-hash=\"#elementor-action%3Aaction%3Dlightbox%26settings%3DeyJpZCI6OTUwOCwidXJsIjoiaHR0cDpcL1wvYXJjaGl3dW1kay5tYWxvZ29zemN6LmV1XC93cC1jb250ZW50XC91cGxvYWRzXC8yMDIwXC8wN1wvMDg1T0dcdTAwZDNMTk9QT0xTS0ktRkVTVElXQUwtUElPU0VOS0ktTkFELVdJRVJOXHUwMTA0LVJaRUtcdTAxMDQtMjAxNS5qcGciLCJzbGlkZXNob3ciOiIwNTVhZGE3In0%3D\" href='http:\/\/archiwumdk.malogoszcz.eu\/wp-content\/uploads\/2020\/07\/085OG\u00d3LNOPOLSKI-FESTIWAL-PIOSENKI-NAD-WIERN\u0104-RZEK\u0104-2015.jpg'><img loading=\"lazy\" decoding=\"async\" width=\"320\" height=\"480\" src=\"http:\/\/archiwumdk.malogoszcz.eu\/wp-content\/uploads\/2020\/07\/085OG\u00d3LNOPOLSKI-FESTIWAL-PIOSENKI-NAD-WIERN\u0104-RZEK\u0104-2015.jpg\" class=\"attachment-large size-large\" alt=\"\" \/><\/a>\n\t\t\t<\/div><\/figure><figure class='gallery-item'>\n\t\t\t<div class='gallery-icon landscape'>\n\t\t\t\t<a data-elementor-open-lightbox=\"yes\" data-elementor-lightbox-slideshow=\"055ada7\" data-elementor-lightbox-title=\"086OG\u00d3LNOPOLSKI FESTIWAL PIOSENKI NAD WIERN\u0104 RZEK\u0104&#039; 2015\" data-e-action-hash=\"#elementor-action%3Aaction%3Dlightbox%26settings%3DeyJpZCI6OTUwOSwidXJsIjoiaHR0cDpcL1wvYXJjaGl3dW1kay5tYWxvZ29zemN6LmV1XC93cC1jb250ZW50XC91cGxvYWRzXC8yMDIwXC8wN1wvMDg2T0dcdTAwZDNMTk9QT0xTS0ktRkVTVElXQUwtUElPU0VOS0ktTkFELVdJRVJOXHUwMTA0LVJaRUtcdTAxMDQtMjAxNS5qcGciLCJzbGlkZXNob3ciOiIwNTVhZGE3In0%3D\" href='http:\/\/archiwumdk.malogoszcz.eu\/wp-content\/uploads\/2020\/07\/086OG\u00d3LNOPOLSKI-FESTIWAL-PIOSENKI-NAD-WIERN\u0104-RZEK\u0104-2015.jpg'><img loading=\"lazy\" decoding=\"async\" width=\"640\" height=\"427\" src=\"http:\/\/archiwumdk.malogoszcz.eu\/wp-content\/uploads\/2020\/07\/086OG\u00d3LNOPOLSKI-FESTIWAL-PIOSENKI-NAD-WIERN\u0104-RZEK\u0104-2015.jpg\" class=\"attachment-large size-large\" alt=\"\" \/><\/a>\n\t\t\t<\/div><\/figure><figure class='gallery-item'>\n\t\t\t<div class='gallery-icon portrait'>\n\t\t\t\t<a data-elementor-open-lightbox=\"yes\" data-elementor-lightbox-slideshow=\"055ada7\" data-elementor-lightbox-title=\"087OG\u00d3LNOPOLSKI FESTIWAL PIOSENKI NAD WIERN\u0104 RZEK\u0104&#039; 2015\" data-e-action-hash=\"#elementor-action%3Aaction%3Dlightbox%26settings%3DeyJpZCI6OTUxMCwidXJsIjoiaHR0cDpcL1wvYXJjaGl3dW1kay5tYWxvZ29zemN6LmV1XC93cC1jb250ZW50XC91cGxvYWRzXC8yMDIwXC8wN1wvMDg3T0dcdTAwZDNMTk9QT0xTS0ktRkVTVElXQUwtUElPU0VOS0ktTkFELVdJRVJOXHUwMTA0LVJaRUtcdTAxMDQtMjAxNS5qcGciLCJzbGlkZXNob3ciOiIwNTVhZGE3In0%3D\" href='http:\/\/archiwumdk.malogoszcz.eu\/wp-content\/uploads\/2020\/07\/087OG\u00d3LNOPOLSKI-FESTIWAL-PIOSENKI-NAD-WIERN\u0104-RZEK\u0104-2015.jpg'><img loading=\"lazy\" decoding=\"async\" width=\"320\" height=\"480\" src=\"http:\/\/archiwumdk.malogoszcz.eu\/wp-content\/uploads\/2020\/07\/087OG\u00d3LNOPOLSKI-FESTIWAL-PIOSENKI-NAD-WIERN\u0104-RZEK\u0104-2015.jpg\" class=\"attachment-large size-large\" alt=\"\" \/><\/a>\n\t\t\t<\/div><\/figure><figure class='gallery-item'>\n\t\t\t<div class='gallery-icon portrait'>\n\t\t\t\t<a data-elementor-open-lightbox=\"yes\" data-elementor-lightbox-slideshow=\"055ada7\" data-elementor-lightbox-title=\"088OG\u00d3LNOPOLSKI FESTIWAL PIOSENKI NAD WIERN\u0104 RZEK\u0104&#039; 2015\" data-e-action-hash=\"#elementor-action%3Aaction%3Dlightbox%26settings%3DeyJpZCI6OTUxMSwidXJsIjoiaHR0cDpcL1wvYXJjaGl3dW1kay5tYWxvZ29zemN6LmV1XC93cC1jb250ZW50XC91cGxvYWRzXC8yMDIwXC8wN1wvMDg4T0dcdTAwZDNMTk9QT0xTS0ktRkVTVElXQUwtUElPU0VOS0ktTkFELVdJRVJOXHUwMTA0LVJaRUtcdTAxMDQtMjAxNS5qcGciLCJzbGlkZXNob3ciOiIwNTVhZGE3In0%3D\" href='http:\/\/archiwumdk.malogoszcz.eu\/wp-content\/uploads\/2020\/07\/088OG\u00d3LNOPOLSKI-FESTIWAL-PIOSENKI-NAD-WIERN\u0104-RZEK\u0104-2015.jpg'><img loading=\"lazy\" decoding=\"async\" width=\"320\" height=\"480\" src=\"http:\/\/archiwumdk.malogoszcz.eu\/wp-content\/uploads\/2020\/07\/088OG\u00d3LNOPOLSKI-FESTIWAL-PIOSENKI-NAD-WIERN\u0104-RZEK\u0104-2015.jpg\" class=\"attachment-large size-large\" alt=\"\" \/><\/a>\n\t\t\t<\/div><\/figure><figure class='gallery-item'>\n\t\t\t<div class='gallery-icon landscape'>\n\t\t\t\t<a data-elementor-open-lightbox=\"yes\" data-elementor-lightbox-slideshow=\"055ada7\" data-elementor-lightbox-title=\"089OG\u00d3LNOPOLSKI FESTIWAL PIOSENKI NAD WIERN\u0104 RZEK\u0104&#039; 2015\" data-e-action-hash=\"#elementor-action%3Aaction%3Dlightbox%26settings%3DeyJpZCI6OTUxMiwidXJsIjoiaHR0cDpcL1wvYXJjaGl3dW1kay5tYWxvZ29zemN6LmV1XC93cC1jb250ZW50XC91cGxvYWRzXC8yMDIwXC8wN1wvMDg5T0dcdTAwZDNMTk9QT0xTS0ktRkVTVElXQUwtUElPU0VOS0ktTkFELVdJRVJOXHUwMTA0LVJaRUtcdTAxMDQtMjAxNS5qcGciLCJzbGlkZXNob3ciOiIwNTVhZGE3In0%3D\" href='http:\/\/archiwumdk.malogoszcz.eu\/wp-content\/uploads\/2020\/07\/089OG\u00d3LNOPOLSKI-FESTIWAL-PIOSENKI-NAD-WIERN\u0104-RZEK\u0104-2015.jpg'><img loading=\"lazy\" decoding=\"async\" width=\"640\" height=\"427\" src=\"http:\/\/archiwumdk.malogoszcz.eu\/wp-content\/uploads\/2020\/07\/089OG\u00d3LNOPOLSKI-FESTIWAL-PIOSENKI-NAD-WIERN\u0104-RZEK\u0104-2015.jpg\" class=\"attachment-large size-large\" alt=\"\" \/><\/a>\n\t\t\t<\/div><\/figure><figure class='gallery-item'>\n\t\t\t<div class='gallery-icon portrait'>\n\t\t\t\t<a data-elementor-open-lightbox=\"yes\" data-elementor-lightbox-slideshow=\"055ada7\" data-elementor-lightbox-title=\"090OG\u00d3LNOPOLSKI FESTIWAL PIOSENKI NAD WIERN\u0104 RZEK\u0104&#039; 2015\" data-e-action-hash=\"#elementor-action%3Aaction%3Dlightbox%26settings%3DeyJpZCI6OTUxMywidXJsIjoiaHR0cDpcL1wvYXJjaGl3dW1kay5tYWxvZ29zemN6LmV1XC93cC1jb250ZW50XC91cGxvYWRzXC8yMDIwXC8wN1wvMDkwT0dcdTAwZDNMTk9QT0xTS0ktRkVTVElXQUwtUElPU0VOS0ktTkFELVdJRVJOXHUwMTA0LVJaRUtcdTAxMDQtMjAxNS5qcGciLCJzbGlkZXNob3ciOiIwNTVhZGE3In0%3D\" href='http:\/\/archiwumdk.malogoszcz.eu\/wp-content\/uploads\/2020\/07\/090OG\u00d3LNOPOLSKI-FESTIWAL-PIOSENKI-NAD-WIERN\u0104-RZEK\u0104-2015.jpg'><img loading=\"lazy\" decoding=\"async\" width=\"320\" height=\"480\" src=\"http:\/\/archiwumdk.malogoszcz.eu\/wp-content\/uploads\/2020\/07\/090OG\u00d3LNOPOLSKI-FESTIWAL-PIOSENKI-NAD-WIERN\u0104-RZEK\u0104-2015.jpg\" class=\"attachment-large size-large\" alt=\"\" \/><\/a>\n\t\t\t<\/div><\/figure><figure class='gallery-item'>\n\t\t\t<div class='gallery-icon landscape'>\n\t\t\t\t<a data-elementor-open-lightbox=\"yes\" data-elementor-lightbox-slideshow=\"055ada7\" data-elementor-lightbox-title=\"091OG\u00d3LNOPOLSKI FESTIWAL PIOSENKI NAD WIERN\u0104 RZEK\u0104&#039; 2015\" data-e-action-hash=\"#elementor-action%3Aaction%3Dlightbox%26settings%3DeyJpZCI6OTUxNCwidXJsIjoiaHR0cDpcL1wvYXJjaGl3dW1kay5tYWxvZ29zemN6LmV1XC93cC1jb250ZW50XC91cGxvYWRzXC8yMDIwXC8wN1wvMDkxT0dcdTAwZDNMTk9QT0xTS0ktRkVTVElXQUwtUElPU0VOS0ktTkFELVdJRVJOXHUwMTA0LVJaRUtcdTAxMDQtMjAxNS5qcGciLCJzbGlkZXNob3ciOiIwNTVhZGE3In0%3D\" href='http:\/\/archiwumdk.malogoszcz.eu\/wp-content\/uploads\/2020\/07\/091OG\u00d3LNOPOLSKI-FESTIWAL-PIOSENKI-NAD-WIERN\u0104-RZEK\u0104-2015.jpg'><img loading=\"lazy\" decoding=\"async\" width=\"640\" height=\"427\" src=\"http:\/\/archiwumdk.malogoszcz.eu\/wp-content\/uploads\/2020\/07\/091OG\u00d3LNOPOLSKI-FESTIWAL-PIOSENKI-NAD-WIERN\u0104-RZEK\u0104-2015.jpg\" class=\"attachment-large size-large\" alt=\"\" \/><\/a>\n\t\t\t<\/div><\/figure><figure class='gallery-item'>\n\t\t\t<div class='gallery-icon portrait'>\n\t\t\t\t<a data-elementor-open-lightbox=\"yes\" data-elementor-lightbox-slideshow=\"055ada7\" data-elementor-lightbox-title=\"092OG\u00d3LNOPOLSKI FESTIWAL PIOSENKI NAD WIERN\u0104 RZEK\u0104&#039; 2015\" data-e-action-hash=\"#elementor-action%3Aaction%3Dlightbox%26settings%3DeyJpZCI6OTUxNSwidXJsIjoiaHR0cDpcL1wvYXJjaGl3dW1kay5tYWxvZ29zemN6LmV1XC93cC1jb250ZW50XC91cGxvYWRzXC8yMDIwXC8wN1wvMDkyT0dcdTAwZDNMTk9QT0xTS0ktRkVTVElXQUwtUElPU0VOS0ktTkFELVdJRVJOXHUwMTA0LVJaRUtcdTAxMDQtMjAxNS5qcGciLCJzbGlkZXNob3ciOiIwNTVhZGE3In0%3D\" href='http:\/\/archiwumdk.malogoszcz.eu\/wp-content\/uploads\/2020\/07\/092OG\u00d3LNOPOLSKI-FESTIWAL-PIOSENKI-NAD-WIERN\u0104-RZEK\u0104-2015.jpg'><img loading=\"lazy\" decoding=\"async\" width=\"320\" height=\"480\" src=\"http:\/\/archiwumdk.malogoszcz.eu\/wp-content\/uploads\/2020\/07\/092OG\u00d3LNOPOLSKI-FESTIWAL-PIOSENKI-NAD-WIERN\u0104-RZEK\u0104-2015.jpg\" class=\"attachment-large size-large\" alt=\"\" \/><\/a>\n\t\t\t<\/div><\/figure><figure class='gallery-item'>\n\t\t\t<div class='gallery-icon landscape'>\n\t\t\t\t<a data-elementor-open-lightbox=\"yes\" data-elementor-lightbox-slideshow=\"055ada7\" data-elementor-lightbox-title=\"093OG\u00d3LNOPOLSKI FESTIWAL PIOSENKI NAD WIERN\u0104 RZEK\u0104&#039; 2015\" data-e-action-hash=\"#elementor-action%3Aaction%3Dlightbox%26settings%3DeyJpZCI6OTUxNiwidXJsIjoiaHR0cDpcL1wvYXJjaGl3dW1kay5tYWxvZ29zemN6LmV1XC93cC1jb250ZW50XC91cGxvYWRzXC8yMDIwXC8wN1wvMDkzT0dcdTAwZDNMTk9QT0xTS0ktRkVTVElXQUwtUElPU0VOS0ktTkFELVdJRVJOXHUwMTA0LVJaRUtcdTAxMDQtMjAxNS5qcGciLCJzbGlkZXNob3ciOiIwNTVhZGE3In0%3D\" href='http:\/\/archiwumdk.malogoszcz.eu\/wp-content\/uploads\/2020\/07\/093OG\u00d3LNOPOLSKI-FESTIWAL-PIOSENKI-NAD-WIERN\u0104-RZEK\u0104-2015.jpg'><img loading=\"lazy\" decoding=\"async\" width=\"640\" height=\"427\" src=\"http:\/\/archiwumdk.malogoszcz.eu\/wp-content\/uploads\/2020\/07\/093OG\u00d3LNOPOLSKI-FESTIWAL-PIOSENKI-NAD-WIERN\u0104-RZEK\u0104-2015.jpg\" class=\"attachment-large size-large\" alt=\"\" \/><\/a>\n\t\t\t<\/div><\/figure><figure class='gallery-item'>\n\t\t\t<div class='gallery-icon landscape'>\n\t\t\t\t<a data-elementor-open-lightbox=\"yes\" data-elementor-lightbox-slideshow=\"055ada7\" data-elementor-lightbox-title=\"094OG\u00d3LNOPOLSKI FESTIWAL PIOSENKI NAD WIERN\u0104 RZEK\u0104&#039; 2015\" data-e-action-hash=\"#elementor-action%3Aaction%3Dlightbox%26settings%3DeyJpZCI6OTUxNywidXJsIjoiaHR0cDpcL1wvYXJjaGl3dW1kay5tYWxvZ29zemN6LmV1XC93cC1jb250ZW50XC91cGxvYWRzXC8yMDIwXC8wN1wvMDk0T0dcdTAwZDNMTk9QT0xTS0ktRkVTVElXQUwtUElPU0VOS0ktTkFELVdJRVJOXHUwMTA0LVJaRUtcdTAxMDQtMjAxNS5qcGciLCJzbGlkZXNob3ciOiIwNTVhZGE3In0%3D\" href='http:\/\/archiwumdk.malogoszcz.eu\/wp-content\/uploads\/2020\/07\/094OG\u00d3LNOPOLSKI-FESTIWAL-PIOSENKI-NAD-WIERN\u0104-RZEK\u0104-2015.jpg'><img loading=\"lazy\" decoding=\"async\" width=\"640\" height=\"427\" src=\"http:\/\/archiwumdk.malogoszcz.eu\/wp-content\/uploads\/2020\/07\/094OG\u00d3LNOPOLSKI-FESTIWAL-PIOSENKI-NAD-WIERN\u0104-RZEK\u0104-2015.jpg\" class=\"attachment-large size-large\" alt=\"\" \/><\/a>\n\t\t\t<\/div><\/figure><figure class='gallery-item'>\n\t\t\t<div class='gallery-icon portrait'>\n\t\t\t\t<a data-elementor-open-lightbox=\"yes\" data-elementor-lightbox-slideshow=\"055ada7\" data-elementor-lightbox-title=\"095OG\u00d3LNOPOLSKI FESTIWAL PIOSENKI NAD WIERN\u0104 RZEK\u0104&#039; 2015\" data-e-action-hash=\"#elementor-action%3Aaction%3Dlightbox%26settings%3DeyJpZCI6OTUxOCwidXJsIjoiaHR0cDpcL1wvYXJjaGl3dW1kay5tYWxvZ29zemN6LmV1XC93cC1jb250ZW50XC91cGxvYWRzXC8yMDIwXC8wN1wvMDk1T0dcdTAwZDNMTk9QT0xTS0ktRkVTVElXQUwtUElPU0VOS0ktTkFELVdJRVJOXHUwMTA0LVJaRUtcdTAxMDQtMjAxNS5qcGciLCJzbGlkZXNob3ciOiIwNTVhZGE3In0%3D\" href='http:\/\/archiwumdk.malogoszcz.eu\/wp-content\/uploads\/2020\/07\/095OG\u00d3LNOPOLSKI-FESTIWAL-PIOSENKI-NAD-WIERN\u0104-RZEK\u0104-2015.jpg'><img loading=\"lazy\" decoding=\"async\" width=\"320\" height=\"480\" src=\"http:\/\/archiwumdk.malogoszcz.eu\/wp-content\/uploads\/2020\/07\/095OG\u00d3LNOPOLSKI-FESTIWAL-PIOSENKI-NAD-WIERN\u0104-RZEK\u0104-2015.jpg\" class=\"attachment-large size-large\" alt=\"\" \/><\/a>\n\t\t\t<\/div><\/figure><figure class='gallery-item'>\n\t\t\t<div class='gallery-icon portrait'>\n\t\t\t\t<a data-elementor-open-lightbox=\"yes\" data-elementor-lightbox-slideshow=\"055ada7\" data-elementor-lightbox-title=\"096OG\u00d3LNOPOLSKI FESTIWAL PIOSENKI NAD WIERN\u0104 RZEK\u0104&#039; 2015\" data-e-action-hash=\"#elementor-action%3Aaction%3Dlightbox%26settings%3DeyJpZCI6OTUxOSwidXJsIjoiaHR0cDpcL1wvYXJjaGl3dW1kay5tYWxvZ29zemN6LmV1XC93cC1jb250ZW50XC91cGxvYWRzXC8yMDIwXC8wN1wvMDk2T0dcdTAwZDNMTk9QT0xTS0ktRkVTVElXQUwtUElPU0VOS0ktTkFELVdJRVJOXHUwMTA0LVJaRUtcdTAxMDQtMjAxNS5qcGciLCJzbGlkZXNob3ciOiIwNTVhZGE3In0%3D\" href='http:\/\/archiwumdk.malogoszcz.eu\/wp-content\/uploads\/2020\/07\/096OG\u00d3LNOPOLSKI-FESTIWAL-PIOSENKI-NAD-WIERN\u0104-RZEK\u0104-2015.jpg'><img loading=\"lazy\" decoding=\"async\" width=\"320\" height=\"480\" src=\"http:\/\/archiwumdk.malogoszcz.eu\/wp-content\/uploads\/2020\/07\/096OG\u00d3LNOPOLSKI-FESTIWAL-PIOSENKI-NAD-WIERN\u0104-RZEK\u0104-2015.jpg\" class=\"attachment-large size-large\" alt=\"\" \/><\/a>\n\t\t\t<\/div><\/figure><figure class='gallery-item'>\n\t\t\t<div class='gallery-icon landscape'>\n\t\t\t\t<a data-elementor-open-lightbox=\"yes\" data-elementor-lightbox-slideshow=\"055ada7\" data-elementor-lightbox-title=\"097OG\u00d3LNOPOLSKI FESTIWAL PIOSENKI NAD WIERN\u0104 RZEK\u0104&#039; 2015\" data-e-action-hash=\"#elementor-action%3Aaction%3Dlightbox%26settings%3DeyJpZCI6OTUyMCwidXJsIjoiaHR0cDpcL1wvYXJjaGl3dW1kay5tYWxvZ29zemN6LmV1XC93cC1jb250ZW50XC91cGxvYWRzXC8yMDIwXC8wN1wvMDk3T0dcdTAwZDNMTk9QT0xTS0ktRkVTVElXQUwtUElPU0VOS0ktTkFELVdJRVJOXHUwMTA0LVJaRUtcdTAxMDQtMjAxNS5qcGciLCJzbGlkZXNob3ciOiIwNTVhZGE3In0%3D\" href='http:\/\/archiwumdk.malogoszcz.eu\/wp-content\/uploads\/2020\/07\/097OG\u00d3LNOPOLSKI-FESTIWAL-PIOSENKI-NAD-WIERN\u0104-RZEK\u0104-2015.jpg'><img loading=\"lazy\" decoding=\"async\" width=\"640\" height=\"427\" src=\"http:\/\/archiwumdk.malogoszcz.eu\/wp-content\/uploads\/2020\/07\/097OG\u00d3LNOPOLSKI-FESTIWAL-PIOSENKI-NAD-WIERN\u0104-RZEK\u0104-2015.jpg\" class=\"attachment-large size-large\" alt=\"\" \/><\/a>\n\t\t\t<\/div><\/figure><figure class='gallery-item'>\n\t\t\t<div class='gallery-icon landscape'>\n\t\t\t\t<a data-elementor-open-lightbox=\"yes\" data-elementor-lightbox-slideshow=\"055ada7\" data-elementor-lightbox-title=\"098OG\u00d3LNOPOLSKI FESTIWAL PIOSENKI NAD WIERN\u0104 RZEK\u0104&#039; 2015\" data-e-action-hash=\"#elementor-action%3Aaction%3Dlightbox%26settings%3DeyJpZCI6OTUyMSwidXJsIjoiaHR0cDpcL1wvYXJjaGl3dW1kay5tYWxvZ29zemN6LmV1XC93cC1jb250ZW50XC91cGxvYWRzXC8yMDIwXC8wN1wvMDk4T0dcdTAwZDNMTk9QT0xTS0ktRkVTVElXQUwtUElPU0VOS0ktTkFELVdJRVJOXHUwMTA0LVJaRUtcdTAxMDQtMjAxNS5qcGciLCJzbGlkZXNob3ciOiIwNTVhZGE3In0%3D\" href='http:\/\/archiwumdk.malogoszcz.eu\/wp-content\/uploads\/2020\/07\/098OG\u00d3LNOPOLSKI-FESTIWAL-PIOSENKI-NAD-WIERN\u0104-RZEK\u0104-2015.jpg'><img loading=\"lazy\" decoding=\"async\" width=\"640\" height=\"427\" src=\"http:\/\/archiwumdk.malogoszcz.eu\/wp-content\/uploads\/2020\/07\/098OG\u00d3LNOPOLSKI-FESTIWAL-PIOSENKI-NAD-WIERN\u0104-RZEK\u0104-2015.jpg\" class=\"attachment-large size-large\" alt=\"\" \/><\/a>\n\t\t\t<\/div><\/figure><figure class='gallery-item'>\n\t\t\t<div class='gallery-icon landscape'>\n\t\t\t\t<a data-elementor-open-lightbox=\"yes\" data-elementor-lightbox-slideshow=\"055ada7\" data-elementor-lightbox-title=\"099OG\u00d3LNOPOLSKI FESTIWAL PIOSENKI NAD WIERN\u0104 RZEK\u0104&#039; 2015\" data-e-action-hash=\"#elementor-action%3Aaction%3Dlightbox%26settings%3DeyJpZCI6OTUyMiwidXJsIjoiaHR0cDpcL1wvYXJjaGl3dW1kay5tYWxvZ29zemN6LmV1XC93cC1jb250ZW50XC91cGxvYWRzXC8yMDIwXC8wN1wvMDk5T0dcdTAwZDNMTk9QT0xTS0ktRkVTVElXQUwtUElPU0VOS0ktTkFELVdJRVJOXHUwMTA0LVJaRUtcdTAxMDQtMjAxNS5qcGciLCJzbGlkZXNob3ciOiIwNTVhZGE3In0%3D\" href='http:\/\/archiwumdk.malogoszcz.eu\/wp-content\/uploads\/2020\/07\/099OG\u00d3LNOPOLSKI-FESTIWAL-PIOSENKI-NAD-WIERN\u0104-RZEK\u0104-2015.jpg'><img loading=\"lazy\" decoding=\"async\" width=\"640\" height=\"427\" src=\"http:\/\/archiwumdk.malogoszcz.eu\/wp-content\/uploads\/2020\/07\/099OG\u00d3LNOPOLSKI-FESTIWAL-PIOSENKI-NAD-WIERN\u0104-RZEK\u0104-2015.jpg\" class=\"attachment-large size-large\" alt=\"\" \/><\/a>\n\t\t\t<\/div><\/figure><figure class='gallery-item'>\n\t\t\t<div class='gallery-icon portrait'>\n\t\t\t\t<a data-elementor-open-lightbox=\"yes\" data-elementor-lightbox-slideshow=\"055ada7\" data-elementor-lightbox-title=\"100OG\u00d3LNOPOLSKI FESTIWAL PIOSENKI NAD WIERN\u0104 RZEK\u0104&#039; 2015\" data-e-action-hash=\"#elementor-action%3Aaction%3Dlightbox%26settings%3DeyJpZCI6OTUyMywidXJsIjoiaHR0cDpcL1wvYXJjaGl3dW1kay5tYWxvZ29zemN6LmV1XC93cC1jb250ZW50XC91cGxvYWRzXC8yMDIwXC8wN1wvMTAwT0dcdTAwZDNMTk9QT0xTS0ktRkVTVElXQUwtUElPU0VOS0ktTkFELVdJRVJOXHUwMTA0LVJaRUtcdTAxMDQtMjAxNS5qcGciLCJzbGlkZXNob3ciOiIwNTVhZGE3In0%3D\" href='http:\/\/archiwumdk.malogoszcz.eu\/wp-content\/uploads\/2020\/07\/100OG\u00d3LNOPOLSKI-FESTIWAL-PIOSENKI-NAD-WIERN\u0104-RZEK\u0104-2015.jpg'><img loading=\"lazy\" decoding=\"async\" width=\"320\" height=\"480\" src=\"http:\/\/archiwumdk.malogoszcz.eu\/wp-content\/uploads\/2020\/07\/100OG\u00d3LNOPOLSKI-FESTIWAL-PIOSENKI-NAD-WIERN\u0104-RZEK\u0104-2015.jpg\" class=\"attachment-large size-large\" alt=\"\" \/><\/a>\n\t\t\t<\/div><\/figure><figure class='gallery-item'>\n\t\t\t<div class='gallery-icon landscape'>\n\t\t\t\t<a data-elementor-open-lightbox=\"yes\" data-elementor-lightbox-slideshow=\"055ada7\" data-elementor-lightbox-title=\"101OG\u00d3LNOPOLSKI FESTIWAL PIOSENKI NAD WIERN\u0104 RZEK\u0104&#039; 2015\" data-e-action-hash=\"#elementor-action%3Aaction%3Dlightbox%26settings%3DeyJpZCI6OTUyNCwidXJsIjoiaHR0cDpcL1wvYXJjaGl3dW1kay5tYWxvZ29zemN6LmV1XC93cC1jb250ZW50XC91cGxvYWRzXC8yMDIwXC8wN1wvMTAxT0dcdTAwZDNMTk9QT0xTS0ktRkVTVElXQUwtUElPU0VOS0ktTkFELVdJRVJOXHUwMTA0LVJaRUtcdTAxMDQtMjAxNS5qcGciLCJzbGlkZXNob3ciOiIwNTVhZGE3In0%3D\" href='http:\/\/archiwumdk.malogoszcz.eu\/wp-content\/uploads\/2020\/07\/101OG\u00d3LNOPOLSKI-FESTIWAL-PIOSENKI-NAD-WIERN\u0104-RZEK\u0104-2015.jpg'><img loading=\"lazy\" decoding=\"async\" width=\"640\" height=\"427\" src=\"http:\/\/archiwumdk.malogoszcz.eu\/wp-content\/uploads\/2020\/07\/101OG\u00d3LNOPOLSKI-FESTIWAL-PIOSENKI-NAD-WIERN\u0104-RZEK\u0104-2015.jpg\" class=\"attachment-large size-large\" alt=\"\" \/><\/a>\n\t\t\t<\/div><\/figure><figure class='gallery-item'>\n\t\t\t<div class='gallery-icon portrait'>\n\t\t\t\t<a data-elementor-open-lightbox=\"yes\" data-elementor-lightbox-slideshow=\"055ada7\" data-elementor-lightbox-title=\"102OG\u00d3LNOPOLSKI FESTIWAL PIOSENKI NAD WIERN\u0104 RZEK\u0104&#039; 2015\" data-e-action-hash=\"#elementor-action%3Aaction%3Dlightbox%26settings%3DeyJpZCI6OTUyNSwidXJsIjoiaHR0cDpcL1wvYXJjaGl3dW1kay5tYWxvZ29zemN6LmV1XC93cC1jb250ZW50XC91cGxvYWRzXC8yMDIwXC8wN1wvMTAyT0dcdTAwZDNMTk9QT0xTS0ktRkVTVElXQUwtUElPU0VOS0ktTkFELVdJRVJOXHUwMTA0LVJaRUtcdTAxMDQtMjAxNS5qcGciLCJzbGlkZXNob3ciOiIwNTVhZGE3In0%3D\" href='http:\/\/archiwumdk.malogoszcz.eu\/wp-content\/uploads\/2020\/07\/102OG\u00d3LNOPOLSKI-FESTIWAL-PIOSENKI-NAD-WIERN\u0104-RZEK\u0104-2015.jpg'><img loading=\"lazy\" decoding=\"async\" width=\"320\" height=\"480\" src=\"http:\/\/archiwumdk.malogoszcz.eu\/wp-content\/uploads\/2020\/07\/102OG\u00d3LNOPOLSKI-FESTIWAL-PIOSENKI-NAD-WIERN\u0104-RZEK\u0104-2015.jpg\" class=\"attachment-large size-large\" alt=\"\" \/><\/a>\n\t\t\t<\/div><\/figure><figure class='gallery-item'>\n\t\t\t<div class='gallery-icon portrait'>\n\t\t\t\t<a data-elementor-open-lightbox=\"yes\" data-elementor-lightbox-slideshow=\"055ada7\" data-elementor-lightbox-title=\"103OG\u00d3LNOPOLSKI FESTIWAL PIOSENKI NAD WIERN\u0104 RZEK\u0104&#039; 2015\" data-e-action-hash=\"#elementor-action%3Aaction%3Dlightbox%26settings%3DeyJpZCI6OTUyNiwidXJsIjoiaHR0cDpcL1wvYXJjaGl3dW1kay5tYWxvZ29zemN6LmV1XC93cC1jb250ZW50XC91cGxvYWRzXC8yMDIwXC8wN1wvMTAzT0dcdTAwZDNMTk9QT0xTS0ktRkVTVElXQUwtUElPU0VOS0ktTkFELVdJRVJOXHUwMTA0LVJaRUtcdTAxMDQtMjAxNS5qcGciLCJzbGlkZXNob3ciOiIwNTVhZGE3In0%3D\" href='http:\/\/archiwumdk.malogoszcz.eu\/wp-content\/uploads\/2020\/07\/103OG\u00d3LNOPOLSKI-FESTIWAL-PIOSENKI-NAD-WIERN\u0104-RZEK\u0104-2015.jpg'><img loading=\"lazy\" decoding=\"async\" width=\"320\" height=\"480\" src=\"http:\/\/archiwumdk.malogoszcz.eu\/wp-content\/uploads\/2020\/07\/103OG\u00d3LNOPOLSKI-FESTIWAL-PIOSENKI-NAD-WIERN\u0104-RZEK\u0104-2015.jpg\" class=\"attachment-large size-large\" alt=\"\" \/><\/a>\n\t\t\t<\/div><\/figure><figure class='gallery-item'>\n\t\t\t<div class='gallery-icon portrait'>\n\t\t\t\t<a data-elementor-open-lightbox=\"yes\" data-elementor-lightbox-slideshow=\"055ada7\" data-elementor-lightbox-title=\"104OG\u00d3LNOPOLSKI FESTIWAL PIOSENKI NAD WIERN\u0104 RZEK\u0104&#039; 2015\" data-e-action-hash=\"#elementor-action%3Aaction%3Dlightbox%26settings%3DeyJpZCI6OTUyNywidXJsIjoiaHR0cDpcL1wvYXJjaGl3dW1kay5tYWxvZ29zemN6LmV1XC93cC1jb250ZW50XC91cGxvYWRzXC8yMDIwXC8wN1wvMTA0T0dcdTAwZDNMTk9QT0xTS0ktRkVTVElXQUwtUElPU0VOS0ktTkFELVdJRVJOXHUwMTA0LVJaRUtcdTAxMDQtMjAxNS5qcGciLCJzbGlkZXNob3ciOiIwNTVhZGE3In0%3D\" href='http:\/\/archiwumdk.malogoszcz.eu\/wp-content\/uploads\/2020\/07\/104OG\u00d3LNOPOLSKI-FESTIWAL-PIOSENKI-NAD-WIERN\u0104-RZEK\u0104-2015.jpg'><img loading=\"lazy\" decoding=\"async\" width=\"320\" height=\"480\" src=\"http:\/\/archiwumdk.malogoszcz.eu\/wp-content\/uploads\/2020\/07\/104OG\u00d3LNOPOLSKI-FESTIWAL-PIOSENKI-NAD-WIERN\u0104-RZEK\u0104-2015.jpg\" class=\"attachment-large size-large\" alt=\"\" \/><\/a>\n\t\t\t<\/div><\/figure><figure class='gallery-item'>\n\t\t\t<div class='gallery-icon landscape'>\n\t\t\t\t<a data-elementor-open-lightbox=\"yes\" data-elementor-lightbox-slideshow=\"055ada7\" data-elementor-lightbox-title=\"105OG\u00d3LNOPOLSKI FESTIWAL PIOSENKI NAD WIERN\u0104 RZEK\u0104&#039; 2015\" data-e-action-hash=\"#elementor-action%3Aaction%3Dlightbox%26settings%3DeyJpZCI6OTUyOCwidXJsIjoiaHR0cDpcL1wvYXJjaGl3dW1kay5tYWxvZ29zemN6LmV1XC93cC1jb250ZW50XC91cGxvYWRzXC8yMDIwXC8wN1wvMTA1T0dcdTAwZDNMTk9QT0xTS0ktRkVTVElXQUwtUElPU0VOS0ktTkFELVdJRVJOXHUwMTA0LVJaRUtcdTAxMDQtMjAxNS5qcGciLCJzbGlkZXNob3ciOiIwNTVhZGE3In0%3D\" href='http:\/\/archiwumdk.malogoszcz.eu\/wp-content\/uploads\/2020\/07\/105OG\u00d3LNOPOLSKI-FESTIWAL-PIOSENKI-NAD-WIERN\u0104-RZEK\u0104-2015.jpg'><img loading=\"lazy\" decoding=\"async\" width=\"640\" height=\"427\" src=\"http:\/\/archiwumdk.malogoszcz.eu\/wp-content\/uploads\/2020\/07\/105OG\u00d3LNOPOLSKI-FESTIWAL-PIOSENKI-NAD-WIERN\u0104-RZEK\u0104-2015.jpg\" class=\"attachment-large size-large\" alt=\"\" \/><\/a>\n\t\t\t<\/div><\/figure><figure class='gallery-item'>\n\t\t\t<div class='gallery-icon landscape'>\n\t\t\t\t<a data-elementor-open-lightbox=\"yes\" data-elementor-lightbox-slideshow=\"055ada7\" data-elementor-lightbox-title=\"106OG\u00d3LNOPOLSKI FESTIWAL PIOSENKI NAD WIERN\u0104 RZEK\u0104&#039; 2015\" data-e-action-hash=\"#elementor-action%3Aaction%3Dlightbox%26settings%3DeyJpZCI6OTUyOSwidXJsIjoiaHR0cDpcL1wvYXJjaGl3dW1kay5tYWxvZ29zemN6LmV1XC93cC1jb250ZW50XC91cGxvYWRzXC8yMDIwXC8wN1wvMTA2T0dcdTAwZDNMTk9QT0xTS0ktRkVTVElXQUwtUElPU0VOS0ktTkFELVdJRVJOXHUwMTA0LVJaRUtcdTAxMDQtMjAxNS5qcGciLCJzbGlkZXNob3ciOiIwNTVhZGE3In0%3D\" href='http:\/\/archiwumdk.malogoszcz.eu\/wp-content\/uploads\/2020\/07\/106OG\u00d3LNOPOLSKI-FESTIWAL-PIOSENKI-NAD-WIERN\u0104-RZEK\u0104-2015.jpg'><img loading=\"lazy\" decoding=\"async\" width=\"640\" height=\"427\" src=\"http:\/\/archiwumdk.malogoszcz.eu\/wp-content\/uploads\/2020\/07\/106OG\u00d3LNOPOLSKI-FESTIWAL-PIOSENKI-NAD-WIERN\u0104-RZEK\u0104-2015.jpg\" class=\"attachment-large size-large\" alt=\"\" \/><\/a>\n\t\t\t<\/div><\/figure><figure class='gallery-item'>\n\t\t\t<div class='gallery-icon landscape'>\n\t\t\t\t<a data-elementor-open-lightbox=\"yes\" data-elementor-lightbox-slideshow=\"055ada7\" data-elementor-lightbox-title=\"107OG\u00d3LNOPOLSKI FESTIWAL PIOSENKI NAD WIERN\u0104 RZEK\u0104&#039; 2015\" data-e-action-hash=\"#elementor-action%3Aaction%3Dlightbox%26settings%3DeyJpZCI6OTUzMCwidXJsIjoiaHR0cDpcL1wvYXJjaGl3dW1kay5tYWxvZ29zemN6LmV1XC93cC1jb250ZW50XC91cGxvYWRzXC8yMDIwXC8wN1wvMTA3T0dcdTAwZDNMTk9QT0xTS0ktRkVTVElXQUwtUElPU0VOS0ktTkFELVdJRVJOXHUwMTA0LVJaRUtcdTAxMDQtMjAxNS5qcGciLCJzbGlkZXNob3ciOiIwNTVhZGE3In0%3D\" href='http:\/\/archiwumdk.malogoszcz.eu\/wp-content\/uploads\/2020\/07\/107OG\u00d3LNOPOLSKI-FESTIWAL-PIOSENKI-NAD-WIERN\u0104-RZEK\u0104-2015.jpg'><img loading=\"lazy\" decoding=\"async\" width=\"640\" height=\"427\" src=\"http:\/\/archiwumdk.malogoszcz.eu\/wp-content\/uploads\/2020\/07\/107OG\u00d3LNOPOLSKI-FESTIWAL-PIOSENKI-NAD-WIERN\u0104-RZEK\u0104-2015.jpg\" class=\"attachment-large size-large\" alt=\"\" \/><\/a>\n\t\t\t<\/div><\/figure><figure class='gallery-item'>\n\t\t\t<div class='gallery-icon portrait'>\n\t\t\t\t<a data-elementor-open-lightbox=\"yes\" data-elementor-lightbox-slideshow=\"055ada7\" data-elementor-lightbox-title=\"108OG\u00d3LNOPOLSKI FESTIWAL PIOSENKI NAD WIERN\u0104 RZEK\u0104&#039; 2015\" data-e-action-hash=\"#elementor-action%3Aaction%3Dlightbox%26settings%3DeyJpZCI6OTUzMSwidXJsIjoiaHR0cDpcL1wvYXJjaGl3dW1kay5tYWxvZ29zemN6LmV1XC93cC1jb250ZW50XC91cGxvYWRzXC8yMDIwXC8wN1wvMTA4T0dcdTAwZDNMTk9QT0xTS0ktRkVTVElXQUwtUElPU0VOS0ktTkFELVdJRVJOXHUwMTA0LVJaRUtcdTAxMDQtMjAxNS5qcGciLCJzbGlkZXNob3ciOiIwNTVhZGE3In0%3D\" href='http:\/\/archiwumdk.malogoszcz.eu\/wp-content\/uploads\/2020\/07\/108OG\u00d3LNOPOLSKI-FESTIWAL-PIOSENKI-NAD-WIERN\u0104-RZEK\u0104-2015.jpg'><img loading=\"lazy\" decoding=\"async\" width=\"320\" height=\"480\" src=\"http:\/\/archiwumdk.malogoszcz.eu\/wp-content\/uploads\/2020\/07\/108OG\u00d3LNOPOLSKI-FESTIWAL-PIOSENKI-NAD-WIERN\u0104-RZEK\u0104-2015.jpg\" class=\"attachment-large size-large\" alt=\"\" \/><\/a>\n\t\t\t<\/div><\/figure><figure class='gallery-item'>\n\t\t\t<div class='gallery-icon portrait'>\n\t\t\t\t<a data-elementor-open-lightbox=\"yes\" data-elementor-lightbox-slideshow=\"055ada7\" data-elementor-lightbox-title=\"109OG\u00d3LNOPOLSKI FESTIWAL PIOSENKI NAD WIERN\u0104 RZEK\u0104&#039; 2015\" data-e-action-hash=\"#elementor-action%3Aaction%3Dlightbox%26settings%3DeyJpZCI6OTUzMiwidXJsIjoiaHR0cDpcL1wvYXJjaGl3dW1kay5tYWxvZ29zemN6LmV1XC93cC1jb250ZW50XC91cGxvYWRzXC8yMDIwXC8wN1wvMTA5T0dcdTAwZDNMTk9QT0xTS0ktRkVTVElXQUwtUElPU0VOS0ktTkFELVdJRVJOXHUwMTA0LVJaRUtcdTAxMDQtMjAxNS5qcGciLCJzbGlkZXNob3ciOiIwNTVhZGE3In0%3D\" href='http:\/\/archiwumdk.malogoszcz.eu\/wp-content\/uploads\/2020\/07\/109OG\u00d3LNOPOLSKI-FESTIWAL-PIOSENKI-NAD-WIERN\u0104-RZEK\u0104-2015.jpg'><img loading=\"lazy\" decoding=\"async\" width=\"320\" height=\"480\" src=\"http:\/\/archiwumdk.malogoszcz.eu\/wp-content\/uploads\/2020\/07\/109OG\u00d3LNOPOLSKI-FESTIWAL-PIOSENKI-NAD-WIERN\u0104-RZEK\u0104-2015.jpg\" class=\"attachment-large size-large\" alt=\"\" \/><\/a>\n\t\t\t<\/div><\/figure><figure class='gallery-item'>\n\t\t\t<div class='gallery-icon landscape'>\n\t\t\t\t<a data-elementor-open-lightbox=\"yes\" data-elementor-lightbox-slideshow=\"055ada7\" data-elementor-lightbox-title=\"110OG\u00d3LNOPOLSKI FESTIWAL PIOSENKI NAD WIERN\u0104 RZEK\u0104&#039; 2015\" data-e-action-hash=\"#elementor-action%3Aaction%3Dlightbox%26settings%3DeyJpZCI6OTUzMywidXJsIjoiaHR0cDpcL1wvYXJjaGl3dW1kay5tYWxvZ29zemN6LmV1XC93cC1jb250ZW50XC91cGxvYWRzXC8yMDIwXC8wN1wvMTEwT0dcdTAwZDNMTk9QT0xTS0ktRkVTVElXQUwtUElPU0VOS0ktTkFELVdJRVJOXHUwMTA0LVJaRUtcdTAxMDQtMjAxNS5qcGciLCJzbGlkZXNob3ciOiIwNTVhZGE3In0%3D\" href='http:\/\/archiwumdk.malogoszcz.eu\/wp-content\/uploads\/2020\/07\/110OG\u00d3LNOPOLSKI-FESTIWAL-PIOSENKI-NAD-WIERN\u0104-RZEK\u0104-2015.jpg'><img loading=\"lazy\" decoding=\"async\" width=\"640\" height=\"427\" src=\"http:\/\/archiwumdk.malogoszcz.eu\/wp-content\/uploads\/2020\/07\/110OG\u00d3LNOPOLSKI-FESTIWAL-PIOSENKI-NAD-WIERN\u0104-RZEK\u0104-2015.jpg\" class=\"attachment-large size-large\" alt=\"\" \/><\/a>\n\t\t\t<\/div><\/figure><figure class='gallery-item'>\n\t\t\t<div class='gallery-icon portrait'>\n\t\t\t\t<a data-elementor-open-lightbox=\"yes\" data-elementor-lightbox-slideshow=\"055ada7\" data-elementor-lightbox-title=\"111OG\u00d3LNOPOLSKI FESTIWAL PIOSENKI NAD WIERN\u0104 RZEK\u0104&#039; 2015\" data-e-action-hash=\"#elementor-action%3Aaction%3Dlightbox%26settings%3DeyJpZCI6OTUzNCwidXJsIjoiaHR0cDpcL1wvYXJjaGl3dW1kay5tYWxvZ29zemN6LmV1XC93cC1jb250ZW50XC91cGxvYWRzXC8yMDIwXC8wN1wvMTExT0dcdTAwZDNMTk9QT0xTS0ktRkVTVElXQUwtUElPU0VOS0ktTkFELVdJRVJOXHUwMTA0LVJaRUtcdTAxMDQtMjAxNS5qcGciLCJzbGlkZXNob3ciOiIwNTVhZGE3In0%3D\" href='http:\/\/archiwumdk.malogoszcz.eu\/wp-content\/uploads\/2020\/07\/111OG\u00d3LNOPOLSKI-FESTIWAL-PIOSENKI-NAD-WIERN\u0104-RZEK\u0104-2015.jpg'><img loading=\"lazy\" decoding=\"async\" width=\"320\" height=\"480\" src=\"http:\/\/archiwumdk.malogoszcz.eu\/wp-content\/uploads\/2020\/07\/111OG\u00d3LNOPOLSKI-FESTIWAL-PIOSENKI-NAD-WIERN\u0104-RZEK\u0104-2015.jpg\" class=\"attachment-large size-large\" alt=\"\" \/><\/a>\n\t\t\t<\/div><\/figure><figure class='gallery-item'>\n\t\t\t<div class='gallery-icon landscape'>\n\t\t\t\t<a data-elementor-open-lightbox=\"yes\" data-elementor-lightbox-slideshow=\"055ada7\" data-elementor-lightbox-title=\"112OG\u00d3LNOPOLSKI FESTIWAL PIOSENKI NAD WIERN\u0104 RZEK\u0104&#039; 2015\" data-e-action-hash=\"#elementor-action%3Aaction%3Dlightbox%26settings%3DeyJpZCI6OTUzNSwidXJsIjoiaHR0cDpcL1wvYXJjaGl3dW1kay5tYWxvZ29zemN6LmV1XC93cC1jb250ZW50XC91cGxvYWRzXC8yMDIwXC8wN1wvMTEyT0dcdTAwZDNMTk9QT0xTS0ktRkVTVElXQUwtUElPU0VOS0ktTkFELVdJRVJOXHUwMTA0LVJaRUtcdTAxMDQtMjAxNS5qcGciLCJzbGlkZXNob3ciOiIwNTVhZGE3In0%3D\" href='http:\/\/archiwumdk.malogoszcz.eu\/wp-content\/uploads\/2020\/07\/112OG\u00d3LNOPOLSKI-FESTIWAL-PIOSENKI-NAD-WIERN\u0104-RZEK\u0104-2015.jpg'><img loading=\"lazy\" decoding=\"async\" width=\"640\" height=\"427\" src=\"http:\/\/archiwumdk.malogoszcz.eu\/wp-content\/uploads\/2020\/07\/112OG\u00d3LNOPOLSKI-FESTIWAL-PIOSENKI-NAD-WIERN\u0104-RZEK\u0104-2015.jpg\" class=\"attachment-large size-large\" alt=\"\" \/><\/a>\n\t\t\t<\/div><\/figure><figure class='gallery-item'>\n\t\t\t<div class='gallery-icon portrait'>\n\t\t\t\t<a data-elementor-open-lightbox=\"yes\" data-elementor-lightbox-slideshow=\"055ada7\" data-elementor-lightbox-title=\"113OG\u00d3LNOPOLSKI FESTIWAL PIOSENKI NAD WIERN\u0104 RZEK\u0104&#039; 2015\" data-e-action-hash=\"#elementor-action%3Aaction%3Dlightbox%26settings%3DeyJpZCI6OTUzNiwidXJsIjoiaHR0cDpcL1wvYXJjaGl3dW1kay5tYWxvZ29zemN6LmV1XC93cC1jb250ZW50XC91cGxvYWRzXC8yMDIwXC8wN1wvMTEzT0dcdTAwZDNMTk9QT0xTS0ktRkVTVElXQUwtUElPU0VOS0ktTkFELVdJRVJOXHUwMTA0LVJaRUtcdTAxMDQtMjAxNS5qcGciLCJzbGlkZXNob3ciOiIwNTVhZGE3In0%3D\" href='http:\/\/archiwumdk.malogoszcz.eu\/wp-content\/uploads\/2020\/07\/113OG\u00d3LNOPOLSKI-FESTIWAL-PIOSENKI-NAD-WIERN\u0104-RZEK\u0104-2015.jpg'><img loading=\"lazy\" decoding=\"async\" width=\"320\" height=\"480\" src=\"http:\/\/archiwumdk.malogoszcz.eu\/wp-content\/uploads\/2020\/07\/113OG\u00d3LNOPOLSKI-FESTIWAL-PIOSENKI-NAD-WIERN\u0104-RZEK\u0104-2015.jpg\" class=\"attachment-large size-large\" alt=\"\" \/><\/a>\n\t\t\t<\/div><\/figure><figure class='gallery-item'>\n\t\t\t<div class='gallery-icon landscape'>\n\t\t\t\t<a data-elementor-open-lightbox=\"yes\" data-elementor-lightbox-slideshow=\"055ada7\" data-elementor-lightbox-title=\"114OG\u00d3LNOPOLSKI FESTIWAL PIOSENKI NAD WIERN\u0104 RZEK\u0104&#039; 2015\" data-e-action-hash=\"#elementor-action%3Aaction%3Dlightbox%26settings%3DeyJpZCI6OTUzNywidXJsIjoiaHR0cDpcL1wvYXJjaGl3dW1kay5tYWxvZ29zemN6LmV1XC93cC1jb250ZW50XC91cGxvYWRzXC8yMDIwXC8wN1wvMTE0T0dcdTAwZDNMTk9QT0xTS0ktRkVTVElXQUwtUElPU0VOS0ktTkFELVdJRVJOXHUwMTA0LVJaRUtcdTAxMDQtMjAxNS5qcGciLCJzbGlkZXNob3ciOiIwNTVhZGE3In0%3D\" href='http:\/\/archiwumdk.malogoszcz.eu\/wp-content\/uploads\/2020\/07\/114OG\u00d3LNOPOLSKI-FESTIWAL-PIOSENKI-NAD-WIERN\u0104-RZEK\u0104-2015.jpg'><img loading=\"lazy\" decoding=\"async\" width=\"640\" height=\"427\" src=\"http:\/\/archiwumdk.malogoszcz.eu\/wp-content\/uploads\/2020\/07\/114OG\u00d3LNOPOLSKI-FESTIWAL-PIOSENKI-NAD-WIERN\u0104-RZEK\u0104-2015.jpg\" class=\"attachment-large size-large\" alt=\"\" \/><\/a>\n\t\t\t<\/div><\/figure><figure class='gallery-item'>\n\t\t\t<div class='gallery-icon landscape'>\n\t\t\t\t<a data-elementor-open-lightbox=\"yes\" data-elementor-lightbox-slideshow=\"055ada7\" data-elementor-lightbox-title=\"115OG\u00d3LNOPOLSKI FESTIWAL PIOSENKI NAD WIERN\u0104 RZEK\u0104&#039; 2015\" data-e-action-hash=\"#elementor-action%3Aaction%3Dlightbox%26settings%3DeyJpZCI6OTUzOCwidXJsIjoiaHR0cDpcL1wvYXJjaGl3dW1kay5tYWxvZ29zemN6LmV1XC93cC1jb250ZW50XC91cGxvYWRzXC8yMDIwXC8wN1wvMTE1T0dcdTAwZDNMTk9QT0xTS0ktRkVTVElXQUwtUElPU0VOS0ktTkFELVdJRVJOXHUwMTA0LVJaRUtcdTAxMDQtMjAxNS5qcGciLCJzbGlkZXNob3ciOiIwNTVhZGE3In0%3D\" href='http:\/\/archiwumdk.malogoszcz.eu\/wp-content\/uploads\/2020\/07\/115OG\u00d3LNOPOLSKI-FESTIWAL-PIOSENKI-NAD-WIERN\u0104-RZEK\u0104-2015.jpg'><img loading=\"lazy\" decoding=\"async\" width=\"640\" height=\"427\" src=\"http:\/\/archiwumdk.malogoszcz.eu\/wp-content\/uploads\/2020\/07\/115OG\u00d3LNOPOLSKI-FESTIWAL-PIOSENKI-NAD-WIERN\u0104-RZEK\u0104-2015.jpg\" class=\"attachment-large size-large\" alt=\"\" \/><\/a>\n\t\t\t<\/div><\/figure><figure class='gallery-item'>\n\t\t\t<div class='gallery-icon landscape'>\n\t\t\t\t<a data-elementor-open-lightbox=\"yes\" data-elementor-lightbox-slideshow=\"055ada7\" data-elementor-lightbox-title=\"116OG\u00d3LNOPOLSKI FESTIWAL PIOSENKI NAD WIERN\u0104 RZEK\u0104&#039; 2015\" data-e-action-hash=\"#elementor-action%3Aaction%3Dlightbox%26settings%3DeyJpZCI6OTUzOSwidXJsIjoiaHR0cDpcL1wvYXJjaGl3dW1kay5tYWxvZ29zemN6LmV1XC93cC1jb250ZW50XC91cGxvYWRzXC8yMDIwXC8wN1wvMTE2T0dcdTAwZDNMTk9QT0xTS0ktRkVTVElXQUwtUElPU0VOS0ktTkFELVdJRVJOXHUwMTA0LVJaRUtcdTAxMDQtMjAxNS5qcGciLCJzbGlkZXNob3ciOiIwNTVhZGE3In0%3D\" href='http:\/\/archiwumdk.malogoszcz.eu\/wp-content\/uploads\/2020\/07\/116OG\u00d3LNOPOLSKI-FESTIWAL-PIOSENKI-NAD-WIERN\u0104-RZEK\u0104-2015.jpg'><img loading=\"lazy\" decoding=\"async\" width=\"640\" height=\"427\" src=\"http:\/\/archiwumdk.malogoszcz.eu\/wp-content\/uploads\/2020\/07\/116OG\u00d3LNOPOLSKI-FESTIWAL-PIOSENKI-NAD-WIERN\u0104-RZEK\u0104-2015.jpg\" class=\"attachment-large size-large\" alt=\"\" \/><\/a>\n\t\t\t<\/div><\/figure><figure class='gallery-item'>\n\t\t\t<div class='gallery-icon landscape'>\n\t\t\t\t<a data-elementor-open-lightbox=\"yes\" data-elementor-lightbox-slideshow=\"055ada7\" data-elementor-lightbox-title=\"117OG\u00d3LNOPOLSKI FESTIWAL PIOSENKI NAD WIERN\u0104 RZEK\u0104&#039; 2015\" data-e-action-hash=\"#elementor-action%3Aaction%3Dlightbox%26settings%3DeyJpZCI6OTU0MCwidXJsIjoiaHR0cDpcL1wvYXJjaGl3dW1kay5tYWxvZ29zemN6LmV1XC93cC1jb250ZW50XC91cGxvYWRzXC8yMDIwXC8wN1wvMTE3T0dcdTAwZDNMTk9QT0xTS0ktRkVTVElXQUwtUElPU0VOS0ktTkFELVdJRVJOXHUwMTA0LVJaRUtcdTAxMDQtMjAxNS5qcGciLCJzbGlkZXNob3ciOiIwNTVhZGE3In0%3D\" href='http:\/\/archiwumdk.malogoszcz.eu\/wp-content\/uploads\/2020\/07\/117OG\u00d3LNOPOLSKI-FESTIWAL-PIOSENKI-NAD-WIERN\u0104-RZEK\u0104-2015.jpg'><img loading=\"lazy\" decoding=\"async\" width=\"640\" height=\"427\" src=\"http:\/\/archiwumdk.malogoszcz.eu\/wp-content\/uploads\/2020\/07\/117OG\u00d3LNOPOLSKI-FESTIWAL-PIOSENKI-NAD-WIERN\u0104-RZEK\u0104-2015.jpg\" class=\"attachment-large size-large\" alt=\"\" \/><\/a>\n\t\t\t<\/div><\/figure><figure class='gallery-item'>\n\t\t\t<div class='gallery-icon portrait'>\n\t\t\t\t<a data-elementor-open-lightbox=\"yes\" data-elementor-lightbox-slideshow=\"055ada7\" data-elementor-lightbox-title=\"118OG\u00d3LNOPOLSKI FESTIWAL PIOSENKI NAD WIERN\u0104 RZEK\u0104&#039; 2015\" data-e-action-hash=\"#elementor-action%3Aaction%3Dlightbox%26settings%3DeyJpZCI6OTU0MSwidXJsIjoiaHR0cDpcL1wvYXJjaGl3dW1kay5tYWxvZ29zemN6LmV1XC93cC1jb250ZW50XC91cGxvYWRzXC8yMDIwXC8wN1wvMTE4T0dcdTAwZDNMTk9QT0xTS0ktRkVTVElXQUwtUElPU0VOS0ktTkFELVdJRVJOXHUwMTA0LVJaRUtcdTAxMDQtMjAxNS5qcGciLCJzbGlkZXNob3ciOiIwNTVhZGE3In0%3D\" href='http:\/\/archiwumdk.malogoszcz.eu\/wp-content\/uploads\/2020\/07\/118OG\u00d3LNOPOLSKI-FESTIWAL-PIOSENKI-NAD-WIERN\u0104-RZEK\u0104-2015.jpg'><img loading=\"lazy\" decoding=\"async\" width=\"320\" height=\"480\" src=\"http:\/\/archiwumdk.malogoszcz.eu\/wp-content\/uploads\/2020\/07\/118OG\u00d3LNOPOLSKI-FESTIWAL-PIOSENKI-NAD-WIERN\u0104-RZEK\u0104-2015.jpg\" class=\"attachment-large size-large\" alt=\"\" \/><\/a>\n\t\t\t<\/div><\/figure><figure class='gallery-item'>\n\t\t\t<div class='gallery-icon portrait'>\n\t\t\t\t<a data-elementor-open-lightbox=\"yes\" data-elementor-lightbox-slideshow=\"055ada7\" data-elementor-lightbox-title=\"119OG\u00d3LNOPOLSKI FESTIWAL PIOSENKI NAD WIERN\u0104 RZEK\u0104&#039; 2015\" data-e-action-hash=\"#elementor-action%3Aaction%3Dlightbox%26settings%3DeyJpZCI6OTU0MiwidXJsIjoiaHR0cDpcL1wvYXJjaGl3dW1kay5tYWxvZ29zemN6LmV1XC93cC1jb250ZW50XC91cGxvYWRzXC8yMDIwXC8wN1wvMTE5T0dcdTAwZDNMTk9QT0xTS0ktRkVTVElXQUwtUElPU0VOS0ktTkFELVdJRVJOXHUwMTA0LVJaRUtcdTAxMDQtMjAxNS5qcGciLCJzbGlkZXNob3ciOiIwNTVhZGE3In0%3D\" href='http:\/\/archiwumdk.malogoszcz.eu\/wp-content\/uploads\/2020\/07\/119OG\u00d3LNOPOLSKI-FESTIWAL-PIOSENKI-NAD-WIERN\u0104-RZEK\u0104-2015.jpg'><img loading=\"lazy\" decoding=\"async\" width=\"320\" height=\"480\" src=\"http:\/\/archiwumdk.malogoszcz.eu\/wp-content\/uploads\/2020\/07\/119OG\u00d3LNOPOLSKI-FESTIWAL-PIOSENKI-NAD-WIERN\u0104-RZEK\u0104-2015.jpg\" class=\"attachment-large size-large\" alt=\"\" \/><\/a>\n\t\t\t<\/div><\/figure><figure class='gallery-item'>\n\t\t\t<div class='gallery-icon portrait'>\n\t\t\t\t<a data-elementor-open-lightbox=\"yes\" data-elementor-lightbox-slideshow=\"055ada7\" data-elementor-lightbox-title=\"120OG\u00d3LNOPOLSKI FESTIWAL PIOSENKI NAD WIERN\u0104 RZEK\u0104&#039; 2015\" data-e-action-hash=\"#elementor-action%3Aaction%3Dlightbox%26settings%3DeyJpZCI6OTU0MywidXJsIjoiaHR0cDpcL1wvYXJjaGl3dW1kay5tYWxvZ29zemN6LmV1XC93cC1jb250ZW50XC91cGxvYWRzXC8yMDIwXC8wN1wvMTIwT0dcdTAwZDNMTk9QT0xTS0ktRkVTVElXQUwtUElPU0VOS0ktTkFELVdJRVJOXHUwMTA0LVJaRUtcdTAxMDQtMjAxNS5qcGciLCJzbGlkZXNob3ciOiIwNTVhZGE3In0%3D\" href='http:\/\/archiwumdk.malogoszcz.eu\/wp-content\/uploads\/2020\/07\/120OG\u00d3LNOPOLSKI-FESTIWAL-PIOSENKI-NAD-WIERN\u0104-RZEK\u0104-2015.jpg'><img loading=\"lazy\" decoding=\"async\" width=\"320\" height=\"480\" src=\"http:\/\/archiwumdk.malogoszcz.eu\/wp-content\/uploads\/2020\/07\/120OG\u00d3LNOPOLSKI-FESTIWAL-PIOSENKI-NAD-WIERN\u0104-RZEK\u0104-2015.jpg\" class=\"attachment-large size-large\" alt=\"\" \/><\/a>\n\t\t\t<\/div><\/figure><figure class='gallery-item'>\n\t\t\t<div class='gallery-icon landscape'>\n\t\t\t\t<a data-elementor-open-lightbox=\"yes\" data-elementor-lightbox-slideshow=\"055ada7\" data-elementor-lightbox-title=\"121OG\u00d3LNOPOLSKI FESTIWAL PIOSENKI NAD WIERN\u0104 RZEK\u0104&#039; 2015\" data-e-action-hash=\"#elementor-action%3Aaction%3Dlightbox%26settings%3DeyJpZCI6OTU0NCwidXJsIjoiaHR0cDpcL1wvYXJjaGl3dW1kay5tYWxvZ29zemN6LmV1XC93cC1jb250ZW50XC91cGxvYWRzXC8yMDIwXC8wN1wvMTIxT0dcdTAwZDNMTk9QT0xTS0ktRkVTVElXQUwtUElPU0VOS0ktTkFELVdJRVJOXHUwMTA0LVJaRUtcdTAxMDQtMjAxNS5qcGciLCJzbGlkZXNob3ciOiIwNTVhZGE3In0%3D\" href='http:\/\/archiwumdk.malogoszcz.eu\/wp-content\/uploads\/2020\/07\/121OG\u00d3LNOPOLSKI-FESTIWAL-PIOSENKI-NAD-WIERN\u0104-RZEK\u0104-2015.jpg'><img loading=\"lazy\" decoding=\"async\" width=\"640\" height=\"427\" src=\"http:\/\/archiwumdk.malogoszcz.eu\/wp-content\/uploads\/2020\/07\/121OG\u00d3LNOPOLSKI-FESTIWAL-PIOSENKI-NAD-WIERN\u0104-RZEK\u0104-2015.jpg\" class=\"attachment-large size-large\" alt=\"\" \/><\/a>\n\t\t\t<\/div><\/figure><figure class='gallery-item'>\n\t\t\t<div class='gallery-icon landscape'>\n\t\t\t\t<a data-elementor-open-lightbox=\"yes\" data-elementor-lightbox-slideshow=\"055ada7\" data-elementor-lightbox-title=\"122OG\u00d3LNOPOLSKI FESTIWAL PIOSENKI NAD WIERN\u0104 RZEK\u0104&#039; 2015\" data-e-action-hash=\"#elementor-action%3Aaction%3Dlightbox%26settings%3DeyJpZCI6OTU0NSwidXJsIjoiaHR0cDpcL1wvYXJjaGl3dW1kay5tYWxvZ29zemN6LmV1XC93cC1jb250ZW50XC91cGxvYWRzXC8yMDIwXC8wN1wvMTIyT0dcdTAwZDNMTk9QT0xTS0ktRkVTVElXQUwtUElPU0VOS0ktTkFELVdJRVJOXHUwMTA0LVJaRUtcdTAxMDQtMjAxNS5qcGciLCJzbGlkZXNob3ciOiIwNTVhZGE3In0%3D\" href='http:\/\/archiwumdk.malogoszcz.eu\/wp-content\/uploads\/2020\/07\/122OG\u00d3LNOPOLSKI-FESTIWAL-PIOSENKI-NAD-WIERN\u0104-RZEK\u0104-2015.jpg'><img loading=\"lazy\" decoding=\"async\" width=\"640\" height=\"427\" src=\"http:\/\/archiwumdk.malogoszcz.eu\/wp-content\/uploads\/2020\/07\/122OG\u00d3LNOPOLSKI-FESTIWAL-PIOSENKI-NAD-WIERN\u0104-RZEK\u0104-2015.jpg\" class=\"attachment-large size-large\" alt=\"\" \/><\/a>\n\t\t\t<\/div><\/figure><figure class='gallery-item'>\n\t\t\t<div class='gallery-icon portrait'>\n\t\t\t\t<a data-elementor-open-lightbox=\"yes\" data-elementor-lightbox-slideshow=\"055ada7\" data-elementor-lightbox-title=\"123OG\u00d3LNOPOLSKI FESTIWAL PIOSENKI NAD WIERN\u0104 RZEK\u0104&#039; 2015\" data-e-action-hash=\"#elementor-action%3Aaction%3Dlightbox%26settings%3DeyJpZCI6OTU0NiwidXJsIjoiaHR0cDpcL1wvYXJjaGl3dW1kay5tYWxvZ29zemN6LmV1XC93cC1jb250ZW50XC91cGxvYWRzXC8yMDIwXC8wN1wvMTIzT0dcdTAwZDNMTk9QT0xTS0ktRkVTVElXQUwtUElPU0VOS0ktTkFELVdJRVJOXHUwMTA0LVJaRUtcdTAxMDQtMjAxNS5qcGciLCJzbGlkZXNob3ciOiIwNTVhZGE3In0%3D\" href='http:\/\/archiwumdk.malogoszcz.eu\/wp-content\/uploads\/2020\/07\/123OG\u00d3LNOPOLSKI-FESTIWAL-PIOSENKI-NAD-WIERN\u0104-RZEK\u0104-2015.jpg'><img loading=\"lazy\" decoding=\"async\" width=\"320\" height=\"480\" src=\"http:\/\/archiwumdk.malogoszcz.eu\/wp-content\/uploads\/2020\/07\/123OG\u00d3LNOPOLSKI-FESTIWAL-PIOSENKI-NAD-WIERN\u0104-RZEK\u0104-2015.jpg\" class=\"attachment-large size-large\" alt=\"\" \/><\/a>\n\t\t\t<\/div><\/figure><figure class='gallery-item'>\n\t\t\t<div class='gallery-icon portrait'>\n\t\t\t\t<a data-elementor-open-lightbox=\"yes\" data-elementor-lightbox-slideshow=\"055ada7\" data-elementor-lightbox-title=\"124OG\u00d3LNOPOLSKI FESTIWAL PIOSENKI NAD WIERN\u0104 RZEK\u0104&#039; 2015\" data-e-action-hash=\"#elementor-action%3Aaction%3Dlightbox%26settings%3DeyJpZCI6OTU0NywidXJsIjoiaHR0cDpcL1wvYXJjaGl3dW1kay5tYWxvZ29zemN6LmV1XC93cC1jb250ZW50XC91cGxvYWRzXC8yMDIwXC8wN1wvMTI0T0dcdTAwZDNMTk9QT0xTS0ktRkVTVElXQUwtUElPU0VOS0ktTkFELVdJRVJOXHUwMTA0LVJaRUtcdTAxMDQtMjAxNS5qcGciLCJzbGlkZXNob3ciOiIwNTVhZGE3In0%3D\" href='http:\/\/archiwumdk.malogoszcz.eu\/wp-content\/uploads\/2020\/07\/124OG\u00d3LNOPOLSKI-FESTIWAL-PIOSENKI-NAD-WIERN\u0104-RZEK\u0104-2015.jpg'><img loading=\"lazy\" decoding=\"async\" width=\"320\" height=\"480\" src=\"http:\/\/archiwumdk.malogoszcz.eu\/wp-content\/uploads\/2020\/07\/124OG\u00d3LNOPOLSKI-FESTIWAL-PIOSENKI-NAD-WIERN\u0104-RZEK\u0104-2015.jpg\" class=\"attachment-large size-large\" alt=\"\" \/><\/a>\n\t\t\t<\/div><\/figure><figure class='gallery-item'>\n\t\t\t<div class='gallery-icon portrait'>\n\t\t\t\t<a data-elementor-open-lightbox=\"yes\" data-elementor-lightbox-slideshow=\"055ada7\" data-elementor-lightbox-title=\"125OG\u00d3LNOPOLSKI FESTIWAL PIOSENKI NAD WIERN\u0104 RZEK\u0104&#039; 2015\" data-e-action-hash=\"#elementor-action%3Aaction%3Dlightbox%26settings%3DeyJpZCI6OTU0OCwidXJsIjoiaHR0cDpcL1wvYXJjaGl3dW1kay5tYWxvZ29zemN6LmV1XC93cC1jb250ZW50XC91cGxvYWRzXC8yMDIwXC8wN1wvMTI1T0dcdTAwZDNMTk9QT0xTS0ktRkVTVElXQUwtUElPU0VOS0ktTkFELVdJRVJOXHUwMTA0LVJaRUtcdTAxMDQtMjAxNS5qcGciLCJzbGlkZXNob3ciOiIwNTVhZGE3In0%3D\" href='http:\/\/archiwumdk.malogoszcz.eu\/wp-content\/uploads\/2020\/07\/125OG\u00d3LNOPOLSKI-FESTIWAL-PIOSENKI-NAD-WIERN\u0104-RZEK\u0104-2015.jpg'><img loading=\"lazy\" decoding=\"async\" width=\"320\" height=\"480\" src=\"http:\/\/archiwumdk.malogoszcz.eu\/wp-content\/uploads\/2020\/07\/125OG\u00d3LNOPOLSKI-FESTIWAL-PIOSENKI-NAD-WIERN\u0104-RZEK\u0104-2015.jpg\" class=\"attachment-large size-large\" alt=\"\" \/><\/a>\n\t\t\t<\/div><\/figure><figure class='gallery-item'>\n\t\t\t<div class='gallery-icon portrait'>\n\t\t\t\t<a data-elementor-open-lightbox=\"yes\" data-elementor-lightbox-slideshow=\"055ada7\" data-elementor-lightbox-title=\"126OG\u00d3LNOPOLSKI FESTIWAL PIOSENKI NAD WIERN\u0104 RZEK\u0104&#039; 2015\" data-e-action-hash=\"#elementor-action%3Aaction%3Dlightbox%26settings%3DeyJpZCI6OTU0OSwidXJsIjoiaHR0cDpcL1wvYXJjaGl3dW1kay5tYWxvZ29zemN6LmV1XC93cC1jb250ZW50XC91cGxvYWRzXC8yMDIwXC8wN1wvMTI2T0dcdTAwZDNMTk9QT0xTS0ktRkVTVElXQUwtUElPU0VOS0ktTkFELVdJRVJOXHUwMTA0LVJaRUtcdTAxMDQtMjAxNS5qcGciLCJzbGlkZXNob3ciOiIwNTVhZGE3In0%3D\" href='http:\/\/archiwumdk.malogoszcz.eu\/wp-content\/uploads\/2020\/07\/126OG\u00d3LNOPOLSKI-FESTIWAL-PIOSENKI-NAD-WIERN\u0104-RZEK\u0104-2015.jpg'><img loading=\"lazy\" decoding=\"async\" width=\"320\" height=\"480\" src=\"http:\/\/archiwumdk.malogoszcz.eu\/wp-content\/uploads\/2020\/07\/126OG\u00d3LNOPOLSKI-FESTIWAL-PIOSENKI-NAD-WIERN\u0104-RZEK\u0104-2015.jpg\" class=\"attachment-large size-large\" alt=\"\" \/><\/a>\n\t\t\t<\/div><\/figure><figure class='gallery-item'>\n\t\t\t<div class='gallery-icon portrait'>\n\t\t\t\t<a data-elementor-open-lightbox=\"yes\" data-elementor-lightbox-slideshow=\"055ada7\" data-elementor-lightbox-title=\"127OG\u00d3LNOPOLSKI FESTIWAL PIOSENKI NAD WIERN\u0104 RZEK\u0104&#039; 2015\" data-e-action-hash=\"#elementor-action%3Aaction%3Dlightbox%26settings%3DeyJpZCI6OTU1MCwidXJsIjoiaHR0cDpcL1wvYXJjaGl3dW1kay5tYWxvZ29zemN6LmV1XC93cC1jb250ZW50XC91cGxvYWRzXC8yMDIwXC8wN1wvMTI3T0dcdTAwZDNMTk9QT0xTS0ktRkVTVElXQUwtUElPU0VOS0ktTkFELVdJRVJOXHUwMTA0LVJaRUtcdTAxMDQtMjAxNS5qcGciLCJzbGlkZXNob3ciOiIwNTVhZGE3In0%3D\" href='http:\/\/archiwumdk.malogoszcz.eu\/wp-content\/uploads\/2020\/07\/127OG\u00d3LNOPOLSKI-FESTIWAL-PIOSENKI-NAD-WIERN\u0104-RZEK\u0104-2015.jpg'><img loading=\"lazy\" decoding=\"async\" width=\"320\" height=\"480\" src=\"http:\/\/archiwumdk.malogoszcz.eu\/wp-content\/uploads\/2020\/07\/127OG\u00d3LNOPOLSKI-FESTIWAL-PIOSENKI-NAD-WIERN\u0104-RZEK\u0104-2015.jpg\" class=\"attachment-large size-large\" alt=\"\" \/><\/a>\n\t\t\t<\/div><\/figure><figure class='gallery-item'>\n\t\t\t<div class='gallery-icon landscape'>\n\t\t\t\t<a data-elementor-open-lightbox=\"yes\" data-elementor-lightbox-slideshow=\"055ada7\" data-elementor-lightbox-title=\"128OG\u00d3LNOPOLSKI FESTIWAL PIOSENKI NAD WIERN\u0104 RZEK\u0104&#039; 2015\" data-e-action-hash=\"#elementor-action%3Aaction%3Dlightbox%26settings%3DeyJpZCI6OTU1MSwidXJsIjoiaHR0cDpcL1wvYXJjaGl3dW1kay5tYWxvZ29zemN6LmV1XC93cC1jb250ZW50XC91cGxvYWRzXC8yMDIwXC8wN1wvMTI4T0dcdTAwZDNMTk9QT0xTS0ktRkVTVElXQUwtUElPU0VOS0ktTkFELVdJRVJOXHUwMTA0LVJaRUtcdTAxMDQtMjAxNS5qcGciLCJzbGlkZXNob3ciOiIwNTVhZGE3In0%3D\" href='http:\/\/archiwumdk.malogoszcz.eu\/wp-content\/uploads\/2020\/07\/128OG\u00d3LNOPOLSKI-FESTIWAL-PIOSENKI-NAD-WIERN\u0104-RZEK\u0104-2015.jpg'><img loading=\"lazy\" decoding=\"async\" width=\"640\" height=\"427\" src=\"http:\/\/archiwumdk.malogoszcz.eu\/wp-content\/uploads\/2020\/07\/128OG\u00d3LNOPOLSKI-FESTIWAL-PIOSENKI-NAD-WIERN\u0104-RZEK\u0104-2015.jpg\" class=\"attachment-large size-large\" alt=\"\" \/><\/a>\n\t\t\t<\/div><\/figure><figure class='gallery-item'>\n\t\t\t<div class='gallery-icon landscape'>\n\t\t\t\t<a data-elementor-open-lightbox=\"yes\" data-elementor-lightbox-slideshow=\"055ada7\" data-elementor-lightbox-title=\"129OG\u00d3LNOPOLSKI FESTIWAL PIOSENKI NAD WIERN\u0104 RZEK\u0104&#039; 2015\" data-e-action-hash=\"#elementor-action%3Aaction%3Dlightbox%26settings%3DeyJpZCI6OTU1MiwidXJsIjoiaHR0cDpcL1wvYXJjaGl3dW1kay5tYWxvZ29zemN6LmV1XC93cC1jb250ZW50XC91cGxvYWRzXC8yMDIwXC8wN1wvMTI5T0dcdTAwZDNMTk9QT0xTS0ktRkVTVElXQUwtUElPU0VOS0ktTkFELVdJRVJOXHUwMTA0LVJaRUtcdTAxMDQtMjAxNS5qcGciLCJzbGlkZXNob3ciOiIwNTVhZGE3In0%3D\" href='http:\/\/archiwumdk.malogoszcz.eu\/wp-content\/uploads\/2020\/07\/129OG\u00d3LNOPOLSKI-FESTIWAL-PIOSENKI-NAD-WIERN\u0104-RZEK\u0104-2015.jpg'><img loading=\"lazy\" decoding=\"async\" width=\"640\" height=\"427\" src=\"http:\/\/archiwumdk.malogoszcz.eu\/wp-content\/uploads\/2020\/07\/129OG\u00d3LNOPOLSKI-FESTIWAL-PIOSENKI-NAD-WIERN\u0104-RZEK\u0104-2015.jpg\" class=\"attachment-large size-large\" alt=\"\" \/><\/a>\n\t\t\t<\/div><\/figure><figure class='gallery-item'>\n\t\t\t<div class='gallery-icon portrait'>\n\t\t\t\t<a data-elementor-open-lightbox=\"yes\" data-elementor-lightbox-slideshow=\"055ada7\" data-elementor-lightbox-title=\"130OG\u00d3LNOPOLSKI FESTIWAL PIOSENKI NAD WIERN\u0104 RZEK\u0104&#039; 2015\" data-e-action-hash=\"#elementor-action%3Aaction%3Dlightbox%26settings%3DeyJpZCI6OTU1MywidXJsIjoiaHR0cDpcL1wvYXJjaGl3dW1kay5tYWxvZ29zemN6LmV1XC93cC1jb250ZW50XC91cGxvYWRzXC8yMDIwXC8wN1wvMTMwT0dcdTAwZDNMTk9QT0xTS0ktRkVTVElXQUwtUElPU0VOS0ktTkFELVdJRVJOXHUwMTA0LVJaRUtcdTAxMDQtMjAxNS5qcGciLCJzbGlkZXNob3ciOiIwNTVhZGE3In0%3D\" href='http:\/\/archiwumdk.malogoszcz.eu\/wp-content\/uploads\/2020\/07\/130OG\u00d3LNOPOLSKI-FESTIWAL-PIOSENKI-NAD-WIERN\u0104-RZEK\u0104-2015.jpg'><img loading=\"lazy\" decoding=\"async\" width=\"320\" height=\"480\" src=\"http:\/\/archiwumdk.malogoszcz.eu\/wp-content\/uploads\/2020\/07\/130OG\u00d3LNOPOLSKI-FESTIWAL-PIOSENKI-NAD-WIERN\u0104-RZEK\u0104-2015.jpg\" class=\"attachment-large size-large\" alt=\"\" \/><\/a>\n\t\t\t<\/div><\/figure><figure class='gallery-item'>\n\t\t\t<div class='gallery-icon landscape'>\n\t\t\t\t<a data-elementor-open-lightbox=\"yes\" data-elementor-lightbox-slideshow=\"055ada7\" data-elementor-lightbox-title=\"131OG\u00d3LNOPOLSKI FESTIWAL PIOSENKI NAD WIERN\u0104 RZEK\u0104&#039; 2015\" data-e-action-hash=\"#elementor-action%3Aaction%3Dlightbox%26settings%3DeyJpZCI6OTU1NCwidXJsIjoiaHR0cDpcL1wvYXJjaGl3dW1kay5tYWxvZ29zemN6LmV1XC93cC1jb250ZW50XC91cGxvYWRzXC8yMDIwXC8wN1wvMTMxT0dcdTAwZDNMTk9QT0xTS0ktRkVTVElXQUwtUElPU0VOS0ktTkFELVdJRVJOXHUwMTA0LVJaRUtcdTAxMDQtMjAxNS5qcGciLCJzbGlkZXNob3ciOiIwNTVhZGE3In0%3D\" href='http:\/\/archiwumdk.malogoszcz.eu\/wp-content\/uploads\/2020\/07\/131OG\u00d3LNOPOLSKI-FESTIWAL-PIOSENKI-NAD-WIERN\u0104-RZEK\u0104-2015.jpg'><img loading=\"lazy\" decoding=\"async\" width=\"640\" height=\"427\" src=\"http:\/\/archiwumdk.malogoszcz.eu\/wp-content\/uploads\/2020\/07\/131OG\u00d3LNOPOLSKI-FESTIWAL-PIOSENKI-NAD-WIERN\u0104-RZEK\u0104-2015.jpg\" class=\"attachment-large size-large\" alt=\"\" \/><\/a>\n\t\t\t<\/div><\/figure><figure class='gallery-item'>\n\t\t\t<div class='gallery-icon portrait'>\n\t\t\t\t<a data-elementor-open-lightbox=\"yes\" data-elementor-lightbox-slideshow=\"055ada7\" data-elementor-lightbox-title=\"132OG\u00d3LNOPOLSKI FESTIWAL PIOSENKI NAD WIERN\u0104 RZEK\u0104&#039; 2015\" data-e-action-hash=\"#elementor-action%3Aaction%3Dlightbox%26settings%3DeyJpZCI6OTU1NSwidXJsIjoiaHR0cDpcL1wvYXJjaGl3dW1kay5tYWxvZ29zemN6LmV1XC93cC1jb250ZW50XC91cGxvYWRzXC8yMDIwXC8wN1wvMTMyT0dcdTAwZDNMTk9QT0xTS0ktRkVTVElXQUwtUElPU0VOS0ktTkFELVdJRVJOXHUwMTA0LVJaRUtcdTAxMDQtMjAxNS5qcGciLCJzbGlkZXNob3ciOiIwNTVhZGE3In0%3D\" href='http:\/\/archiwumdk.malogoszcz.eu\/wp-content\/uploads\/2020\/07\/132OG\u00d3LNOPOLSKI-FESTIWAL-PIOSENKI-NAD-WIERN\u0104-RZEK\u0104-2015.jpg'><img loading=\"lazy\" decoding=\"async\" width=\"320\" height=\"480\" src=\"http:\/\/archiwumdk.malogoszcz.eu\/wp-content\/uploads\/2020\/07\/132OG\u00d3LNOPOLSKI-FESTIWAL-PIOSENKI-NAD-WIERN\u0104-RZEK\u0104-2015.jpg\" class=\"attachment-large size-large\" alt=\"\" \/><\/a>\n\t\t\t<\/div><\/figure><figure class='gallery-item'>\n\t\t\t<div class='gallery-icon landscape'>\n\t\t\t\t<a data-elementor-open-lightbox=\"yes\" data-elementor-lightbox-slideshow=\"055ada7\" data-elementor-lightbox-title=\"133OG\u00d3LNOPOLSKI FESTIWAL PIOSENKI NAD WIERN\u0104 RZEK\u0104&#039; 2015\" data-e-action-hash=\"#elementor-action%3Aaction%3Dlightbox%26settings%3DeyJpZCI6OTU1NiwidXJsIjoiaHR0cDpcL1wvYXJjaGl3dW1kay5tYWxvZ29zemN6LmV1XC93cC1jb250ZW50XC91cGxvYWRzXC8yMDIwXC8wN1wvMTMzT0dcdTAwZDNMTk9QT0xTS0ktRkVTVElXQUwtUElPU0VOS0ktTkFELVdJRVJOXHUwMTA0LVJaRUtcdTAxMDQtMjAxNS5qcGciLCJzbGlkZXNob3ciOiIwNTVhZGE3In0%3D\" href='http:\/\/archiwumdk.malogoszcz.eu\/wp-content\/uploads\/2020\/07\/133OG\u00d3LNOPOLSKI-FESTIWAL-PIOSENKI-NAD-WIERN\u0104-RZEK\u0104-2015.jpg'><img loading=\"lazy\" decoding=\"async\" width=\"640\" height=\"427\" src=\"http:\/\/archiwumdk.malogoszcz.eu\/wp-content\/uploads\/2020\/07\/133OG\u00d3LNOPOLSKI-FESTIWAL-PIOSENKI-NAD-WIERN\u0104-RZEK\u0104-2015.jpg\" class=\"attachment-large size-large\" alt=\"\" \/><\/a>\n\t\t\t<\/div><\/figure><figure class='gallery-item'>\n\t\t\t<div class='gallery-icon portrait'>\n\t\t\t\t<a data-elementor-open-lightbox=\"yes\" data-elementor-lightbox-slideshow=\"055ada7\" data-elementor-lightbox-title=\"134OG\u00d3LNOPOLSKI FESTIWAL PIOSENKI NAD WIERN\u0104 RZEK\u0104&#039; 2015\" data-e-action-hash=\"#elementor-action%3Aaction%3Dlightbox%26settings%3DeyJpZCI6OTU1NywidXJsIjoiaHR0cDpcL1wvYXJjaGl3dW1kay5tYWxvZ29zemN6LmV1XC93cC1jb250ZW50XC91cGxvYWRzXC8yMDIwXC8wN1wvMTM0T0dcdTAwZDNMTk9QT0xTS0ktRkVTVElXQUwtUElPU0VOS0ktTkFELVdJRVJOXHUwMTA0LVJaRUtcdTAxMDQtMjAxNS5qcGciLCJzbGlkZXNob3ciOiIwNTVhZGE3In0%3D\" href='http:\/\/archiwumdk.malogoszcz.eu\/wp-content\/uploads\/2020\/07\/134OG\u00d3LNOPOLSKI-FESTIWAL-PIOSENKI-NAD-WIERN\u0104-RZEK\u0104-2015.jpg'><img loading=\"lazy\" decoding=\"async\" width=\"320\" height=\"480\" src=\"http:\/\/archiwumdk.malogoszcz.eu\/wp-content\/uploads\/2020\/07\/134OG\u00d3LNOPOLSKI-FESTIWAL-PIOSENKI-NAD-WIERN\u0104-RZEK\u0104-2015.jpg\" class=\"attachment-large size-large\" alt=\"\" \/><\/a>\n\t\t\t<\/div><\/figure><figure class='gallery-item'>\n\t\t\t<div class='gallery-icon landscape'>\n\t\t\t\t<a data-elementor-open-lightbox=\"yes\" data-elementor-lightbox-slideshow=\"055ada7\" data-elementor-lightbox-title=\"135OG\u00d3LNOPOLSKI FESTIWAL PIOSENKI NAD WIERN\u0104 RZEK\u0104&#039; 2015\" data-e-action-hash=\"#elementor-action%3Aaction%3Dlightbox%26settings%3DeyJpZCI6OTU1OCwidXJsIjoiaHR0cDpcL1wvYXJjaGl3dW1kay5tYWxvZ29zemN6LmV1XC93cC1jb250ZW50XC91cGxvYWRzXC8yMDIwXC8wN1wvMTM1T0dcdTAwZDNMTk9QT0xTS0ktRkVTVElXQUwtUElPU0VOS0ktTkFELVdJRVJOXHUwMTA0LVJaRUtcdTAxMDQtMjAxNS5qcGciLCJzbGlkZXNob3ciOiIwNTVhZGE3In0%3D\" href='http:\/\/archiwumdk.malogoszcz.eu\/wp-content\/uploads\/2020\/07\/135OG\u00d3LNOPOLSKI-FESTIWAL-PIOSENKI-NAD-WIERN\u0104-RZEK\u0104-2015.jpg'><img loading=\"lazy\" decoding=\"async\" width=\"640\" height=\"427\" src=\"http:\/\/archiwumdk.malogoszcz.eu\/wp-content\/uploads\/2020\/07\/135OG\u00d3LNOPOLSKI-FESTIWAL-PIOSENKI-NAD-WIERN\u0104-RZEK\u0104-2015.jpg\" class=\"attachment-large size-large\" alt=\"\" \/><\/a>\n\t\t\t<\/div><\/figure><figure class='gallery-item'>\n\t\t\t<div class='gallery-icon portrait'>\n\t\t\t\t<a data-elementor-open-lightbox=\"yes\" data-elementor-lightbox-slideshow=\"055ada7\" data-elementor-lightbox-title=\"136OG\u00d3LNOPOLSKI FESTIWAL PIOSENKI NAD WIERN\u0104 RZEK\u0104&#039; 2015\" data-e-action-hash=\"#elementor-action%3Aaction%3Dlightbox%26settings%3DeyJpZCI6OTU1OSwidXJsIjoiaHR0cDpcL1wvYXJjaGl3dW1kay5tYWxvZ29zemN6LmV1XC93cC1jb250ZW50XC91cGxvYWRzXC8yMDIwXC8wN1wvMTM2T0dcdTAwZDNMTk9QT0xTS0ktRkVTVElXQUwtUElPU0VOS0ktTkFELVdJRVJOXHUwMTA0LVJaRUtcdTAxMDQtMjAxNS5qcGciLCJzbGlkZXNob3ciOiIwNTVhZGE3In0%3D\" href='http:\/\/archiwumdk.malogoszcz.eu\/wp-content\/uploads\/2020\/07\/136OG\u00d3LNOPOLSKI-FESTIWAL-PIOSENKI-NAD-WIERN\u0104-RZEK\u0104-2015.jpg'><img loading=\"lazy\" decoding=\"async\" width=\"320\" height=\"480\" src=\"http:\/\/archiwumdk.malogoszcz.eu\/wp-content\/uploads\/2020\/07\/136OG\u00d3LNOPOLSKI-FESTIWAL-PIOSENKI-NAD-WIERN\u0104-RZEK\u0104-2015.jpg\" class=\"attachment-large size-large\" alt=\"\" \/><\/a>\n\t\t\t<\/div><\/figure><figure class='gallery-item'>\n\t\t\t<div class='gallery-icon landscape'>\n\t\t\t\t<a data-elementor-open-lightbox=\"yes\" data-elementor-lightbox-slideshow=\"055ada7\" data-elementor-lightbox-title=\"137OG\u00d3LNOPOLSKI FESTIWAL PIOSENKI NAD WIERN\u0104 RZEK\u0104&#039; 2015\" data-e-action-hash=\"#elementor-action%3Aaction%3Dlightbox%26settings%3DeyJpZCI6OTU2MCwidXJsIjoiaHR0cDpcL1wvYXJjaGl3dW1kay5tYWxvZ29zemN6LmV1XC93cC1jb250ZW50XC91cGxvYWRzXC8yMDIwXC8wN1wvMTM3T0dcdTAwZDNMTk9QT0xTS0ktRkVTVElXQUwtUElPU0VOS0ktTkFELVdJRVJOXHUwMTA0LVJaRUtcdTAxMDQtMjAxNS5qcGciLCJzbGlkZXNob3ciOiIwNTVhZGE3In0%3D\" href='http:\/\/archiwumdk.malogoszcz.eu\/wp-content\/uploads\/2020\/07\/137OG\u00d3LNOPOLSKI-FESTIWAL-PIOSENKI-NAD-WIERN\u0104-RZEK\u0104-2015.jpg'><img loading=\"lazy\" decoding=\"async\" width=\"640\" height=\"427\" src=\"http:\/\/archiwumdk.malogoszcz.eu\/wp-content\/uploads\/2020\/07\/137OG\u00d3LNOPOLSKI-FESTIWAL-PIOSENKI-NAD-WIERN\u0104-RZEK\u0104-2015.jpg\" class=\"attachment-large size-large\" alt=\"\" \/><\/a>\n\t\t\t<\/div><\/figure><figure class='gallery-item'>\n\t\t\t<div class='gallery-icon portrait'>\n\t\t\t\t<a data-elementor-open-lightbox=\"yes\" data-elementor-lightbox-slideshow=\"055ada7\" data-elementor-lightbox-title=\"138OG\u00d3LNOPOLSKI FESTIWAL PIOSENKI NAD WIERN\u0104 RZEK\u0104&#039; 2015\" data-e-action-hash=\"#elementor-action%3Aaction%3Dlightbox%26settings%3DeyJpZCI6OTU2MSwidXJsIjoiaHR0cDpcL1wvYXJjaGl3dW1kay5tYWxvZ29zemN6LmV1XC93cC1jb250ZW50XC91cGxvYWRzXC8yMDIwXC8wN1wvMTM4T0dcdTAwZDNMTk9QT0xTS0ktRkVTVElXQUwtUElPU0VOS0ktTkFELVdJRVJOXHUwMTA0LVJaRUtcdTAxMDQtMjAxNS5qcGciLCJzbGlkZXNob3ciOiIwNTVhZGE3In0%3D\" href='http:\/\/archiwumdk.malogoszcz.eu\/wp-content\/uploads\/2020\/07\/138OG\u00d3LNOPOLSKI-FESTIWAL-PIOSENKI-NAD-WIERN\u0104-RZEK\u0104-2015.jpg'><img loading=\"lazy\" decoding=\"async\" width=\"320\" height=\"480\" src=\"http:\/\/archiwumdk.malogoszcz.eu\/wp-content\/uploads\/2020\/07\/138OG\u00d3LNOPOLSKI-FESTIWAL-PIOSENKI-NAD-WIERN\u0104-RZEK\u0104-2015.jpg\" class=\"attachment-large size-large\" alt=\"\" \/><\/a>\n\t\t\t<\/div><\/figure><figure class='gallery-item'>\n\t\t\t<div class='gallery-icon landscape'>\n\t\t\t\t<a data-elementor-open-lightbox=\"yes\" data-elementor-lightbox-slideshow=\"055ada7\" data-elementor-lightbox-title=\"139OG\u00d3LNOPOLSKI FESTIWAL PIOSENKI NAD WIERN\u0104 RZEK\u0104&#039; 2015\" data-e-action-hash=\"#elementor-action%3Aaction%3Dlightbox%26settings%3DeyJpZCI6OTU2MiwidXJsIjoiaHR0cDpcL1wvYXJjaGl3dW1kay5tYWxvZ29zemN6LmV1XC93cC1jb250ZW50XC91cGxvYWRzXC8yMDIwXC8wN1wvMTM5T0dcdTAwZDNMTk9QT0xTS0ktRkVTVElXQUwtUElPU0VOS0ktTkFELVdJRVJOXHUwMTA0LVJaRUtcdTAxMDQtMjAxNS5qcGciLCJzbGlkZXNob3ciOiIwNTVhZGE3In0%3D\" href='http:\/\/archiwumdk.malogoszcz.eu\/wp-content\/uploads\/2020\/07\/139OG\u00d3LNOPOLSKI-FESTIWAL-PIOSENKI-NAD-WIERN\u0104-RZEK\u0104-2015.jpg'><img loading=\"lazy\" decoding=\"async\" width=\"640\" height=\"427\" src=\"http:\/\/archiwumdk.malogoszcz.eu\/wp-content\/uploads\/2020\/07\/139OG\u00d3LNOPOLSKI-FESTIWAL-PIOSENKI-NAD-WIERN\u0104-RZEK\u0104-2015.jpg\" class=\"attachment-large size-large\" alt=\"\" \/><\/a>\n\t\t\t<\/div><\/figure><figure class='gallery-item'>\n\t\t\t<div class='gallery-icon landscape'>\n\t\t\t\t<a data-elementor-open-lightbox=\"yes\" data-elementor-lightbox-slideshow=\"055ada7\" data-elementor-lightbox-title=\"140OG\u00d3LNOPOLSKI FESTIWAL PIOSENKI NAD WIERN\u0104 RZEK\u0104&#039; 2015\" data-e-action-hash=\"#elementor-action%3Aaction%3Dlightbox%26settings%3DeyJpZCI6OTU2MywidXJsIjoiaHR0cDpcL1wvYXJjaGl3dW1kay5tYWxvZ29zemN6LmV1XC93cC1jb250ZW50XC91cGxvYWRzXC8yMDIwXC8wN1wvMTQwT0dcdTAwZDNMTk9QT0xTS0ktRkVTVElXQUwtUElPU0VOS0ktTkFELVdJRVJOXHUwMTA0LVJaRUtcdTAxMDQtMjAxNS5qcGciLCJzbGlkZXNob3ciOiIwNTVhZGE3In0%3D\" href='http:\/\/archiwumdk.malogoszcz.eu\/wp-content\/uploads\/2020\/07\/140OG\u00d3LNOPOLSKI-FESTIWAL-PIOSENKI-NAD-WIERN\u0104-RZEK\u0104-2015.jpg'><img loading=\"lazy\" decoding=\"async\" width=\"640\" height=\"427\" src=\"http:\/\/archiwumdk.malogoszcz.eu\/wp-content\/uploads\/2020\/07\/140OG\u00d3LNOPOLSKI-FESTIWAL-PIOSENKI-NAD-WIERN\u0104-RZEK\u0104-2015.jpg\" class=\"attachment-large size-large\" alt=\"\" \/><\/a>\n\t\t\t<\/div><\/figure><figure class='gallery-item'>\n\t\t\t<div class='gallery-icon landscape'>\n\t\t\t\t<a data-elementor-open-lightbox=\"yes\" data-elementor-lightbox-slideshow=\"055ada7\" data-elementor-lightbox-title=\"141OG\u00d3LNOPOLSKI FESTIWAL PIOSENKI NAD WIERN\u0104 RZEK\u0104&#039; 2015\" data-e-action-hash=\"#elementor-action%3Aaction%3Dlightbox%26settings%3DeyJpZCI6OTU2NCwidXJsIjoiaHR0cDpcL1wvYXJjaGl3dW1kay5tYWxvZ29zemN6LmV1XC93cC1jb250ZW50XC91cGxvYWRzXC8yMDIwXC8wN1wvMTQxT0dcdTAwZDNMTk9QT0xTS0ktRkVTVElXQUwtUElPU0VOS0ktTkFELVdJRVJOXHUwMTA0LVJaRUtcdTAxMDQtMjAxNS5qcGciLCJzbGlkZXNob3ciOiIwNTVhZGE3In0%3D\" href='http:\/\/archiwumdk.malogoszcz.eu\/wp-content\/uploads\/2020\/07\/141OG\u00d3LNOPOLSKI-FESTIWAL-PIOSENKI-NAD-WIERN\u0104-RZEK\u0104-2015.jpg'><img loading=\"lazy\" decoding=\"async\" width=\"640\" height=\"427\" src=\"http:\/\/archiwumdk.malogoszcz.eu\/wp-content\/uploads\/2020\/07\/141OG\u00d3LNOPOLSKI-FESTIWAL-PIOSENKI-NAD-WIERN\u0104-RZEK\u0104-2015.jpg\" class=\"attachment-large size-large\" alt=\"\" \/><\/a>\n\t\t\t<\/div><\/figure><figure class='gallery-item'>\n\t\t\t<div class='gallery-icon portrait'>\n\t\t\t\t<a data-elementor-open-lightbox=\"yes\" data-elementor-lightbox-slideshow=\"055ada7\" data-elementor-lightbox-title=\"142OG\u00d3LNOPOLSKI FESTIWAL PIOSENKI NAD WIERN\u0104 RZEK\u0104&#039; 2015\" data-e-action-hash=\"#elementor-action%3Aaction%3Dlightbox%26settings%3DeyJpZCI6OTU2NSwidXJsIjoiaHR0cDpcL1wvYXJjaGl3dW1kay5tYWxvZ29zemN6LmV1XC93cC1jb250ZW50XC91cGxvYWRzXC8yMDIwXC8wN1wvMTQyT0dcdTAwZDNMTk9QT0xTS0ktRkVTVElXQUwtUElPU0VOS0ktTkFELVdJRVJOXHUwMTA0LVJaRUtcdTAxMDQtMjAxNS5qcGciLCJzbGlkZXNob3ciOiIwNTVhZGE3In0%3D\" href='http:\/\/archiwumdk.malogoszcz.eu\/wp-content\/uploads\/2020\/07\/142OG\u00d3LNOPOLSKI-FESTIWAL-PIOSENKI-NAD-WIERN\u0104-RZEK\u0104-2015.jpg'><img loading=\"lazy\" decoding=\"async\" width=\"320\" height=\"480\" src=\"http:\/\/archiwumdk.malogoszcz.eu\/wp-content\/uploads\/2020\/07\/142OG\u00d3LNOPOLSKI-FESTIWAL-PIOSENKI-NAD-WIERN\u0104-RZEK\u0104-2015.jpg\" class=\"attachment-large size-large\" alt=\"\" \/><\/a>\n\t\t\t<\/div><\/figure><figure class='gallery-item'>\n\t\t\t<div class='gallery-icon landscape'>\n\t\t\t\t<a data-elementor-open-lightbox=\"yes\" data-elementor-lightbox-slideshow=\"055ada7\" data-elementor-lightbox-title=\"143OG\u00d3LNOPOLSKI FESTIWAL PIOSENKI NAD WIERN\u0104 RZEK\u0104&#039; 2015\" data-e-action-hash=\"#elementor-action%3Aaction%3Dlightbox%26settings%3DeyJpZCI6OTU2NiwidXJsIjoiaHR0cDpcL1wvYXJjaGl3dW1kay5tYWxvZ29zemN6LmV1XC93cC1jb250ZW50XC91cGxvYWRzXC8yMDIwXC8wN1wvMTQzT0dcdTAwZDNMTk9QT0xTS0ktRkVTVElXQUwtUElPU0VOS0ktTkFELVdJRVJOXHUwMTA0LVJaRUtcdTAxMDQtMjAxNS5qcGciLCJzbGlkZXNob3ciOiIwNTVhZGE3In0%3D\" href='http:\/\/archiwumdk.malogoszcz.eu\/wp-content\/uploads\/2020\/07\/143OG\u00d3LNOPOLSKI-FESTIWAL-PIOSENKI-NAD-WIERN\u0104-RZEK\u0104-2015.jpg'><img loading=\"lazy\" decoding=\"async\" width=\"640\" height=\"427\" src=\"http:\/\/archiwumdk.malogoszcz.eu\/wp-content\/uploads\/2020\/07\/143OG\u00d3LNOPOLSKI-FESTIWAL-PIOSENKI-NAD-WIERN\u0104-RZEK\u0104-2015.jpg\" class=\"attachment-large size-large\" alt=\"\" \/><\/a>\n\t\t\t<\/div><\/figure><figure class='gallery-item'>\n\t\t\t<div class='gallery-icon portrait'>\n\t\t\t\t<a data-elementor-open-lightbox=\"yes\" data-elementor-lightbox-slideshow=\"055ada7\" data-elementor-lightbox-title=\"144OG\u00d3LNOPOLSKI FESTIWAL PIOSENKI NAD WIERN\u0104 RZEK\u0104&#039; 2015\" data-e-action-hash=\"#elementor-action%3Aaction%3Dlightbox%26settings%3DeyJpZCI6OTU2NywidXJsIjoiaHR0cDpcL1wvYXJjaGl3dW1kay5tYWxvZ29zemN6LmV1XC93cC1jb250ZW50XC91cGxvYWRzXC8yMDIwXC8wN1wvMTQ0T0dcdTAwZDNMTk9QT0xTS0ktRkVTVElXQUwtUElPU0VOS0ktTkFELVdJRVJOXHUwMTA0LVJaRUtcdTAxMDQtMjAxNS5qcGciLCJzbGlkZXNob3ciOiIwNTVhZGE3In0%3D\" href='http:\/\/archiwumdk.malogoszcz.eu\/wp-content\/uploads\/2020\/07\/144OG\u00d3LNOPOLSKI-FESTIWAL-PIOSENKI-NAD-WIERN\u0104-RZEK\u0104-2015.jpg'><img loading=\"lazy\" decoding=\"async\" width=\"320\" height=\"480\" src=\"http:\/\/archiwumdk.malogoszcz.eu\/wp-content\/uploads\/2020\/07\/144OG\u00d3LNOPOLSKI-FESTIWAL-PIOSENKI-NAD-WIERN\u0104-RZEK\u0104-2015.jpg\" class=\"attachment-large size-large\" alt=\"\" \/><\/a>\n\t\t\t<\/div><\/figure><figure class='gallery-item'>\n\t\t\t<div class='gallery-icon landscape'>\n\t\t\t\t<a data-elementor-open-lightbox=\"yes\" data-elementor-lightbox-slideshow=\"055ada7\" data-elementor-lightbox-title=\"145OG\u00d3LNOPOLSKI FESTIWAL PIOSENKI NAD WIERN\u0104 RZEK\u0104&#039; 2015\" data-e-action-hash=\"#elementor-action%3Aaction%3Dlightbox%26settings%3DeyJpZCI6OTU2OCwidXJsIjoiaHR0cDpcL1wvYXJjaGl3dW1kay5tYWxvZ29zemN6LmV1XC93cC1jb250ZW50XC91cGxvYWRzXC8yMDIwXC8wN1wvMTQ1T0dcdTAwZDNMTk9QT0xTS0ktRkVTVElXQUwtUElPU0VOS0ktTkFELVdJRVJOXHUwMTA0LVJaRUtcdTAxMDQtMjAxNS5qcGciLCJzbGlkZXNob3ciOiIwNTVhZGE3In0%3D\" href='http:\/\/archiwumdk.malogoszcz.eu\/wp-content\/uploads\/2020\/07\/145OG\u00d3LNOPOLSKI-FESTIWAL-PIOSENKI-NAD-WIERN\u0104-RZEK\u0104-2015.jpg'><img loading=\"lazy\" decoding=\"async\" width=\"640\" height=\"427\" src=\"http:\/\/archiwumdk.malogoszcz.eu\/wp-content\/uploads\/2020\/07\/145OG\u00d3LNOPOLSKI-FESTIWAL-PIOSENKI-NAD-WIERN\u0104-RZEK\u0104-2015.jpg\" class=\"attachment-large size-large\" alt=\"\" \/><\/a>\n\t\t\t<\/div><\/figure><figure class='gallery-item'>\n\t\t\t<div class='gallery-icon landscape'>\n\t\t\t\t<a data-elementor-open-lightbox=\"yes\" data-elementor-lightbox-slideshow=\"055ada7\" data-elementor-lightbox-title=\"146OG\u00d3LNOPOLSKI FESTIWAL PIOSENKI NAD WIERN\u0104 RZEK\u0104&#039; 2015\" data-e-action-hash=\"#elementor-action%3Aaction%3Dlightbox%26settings%3DeyJpZCI6OTU2OSwidXJsIjoiaHR0cDpcL1wvYXJjaGl3dW1kay5tYWxvZ29zemN6LmV1XC93cC1jb250ZW50XC91cGxvYWRzXC8yMDIwXC8wN1wvMTQ2T0dcdTAwZDNMTk9QT0xTS0ktRkVTVElXQUwtUElPU0VOS0ktTkFELVdJRVJOXHUwMTA0LVJaRUtcdTAxMDQtMjAxNS5qcGciLCJzbGlkZXNob3ciOiIwNTVhZGE3In0%3D\" href='http:\/\/archiwumdk.malogoszcz.eu\/wp-content\/uploads\/2020\/07\/146OG\u00d3LNOPOLSKI-FESTIWAL-PIOSENKI-NAD-WIERN\u0104-RZEK\u0104-2015.jpg'><img loading=\"lazy\" decoding=\"async\" width=\"640\" height=\"427\" src=\"http:\/\/archiwumdk.malogoszcz.eu\/wp-content\/uploads\/2020\/07\/146OG\u00d3LNOPOLSKI-FESTIWAL-PIOSENKI-NAD-WIERN\u0104-RZEK\u0104-2015.jpg\" class=\"attachment-large size-large\" alt=\"\" \/><\/a>\n\t\t\t<\/div><\/figure><figure class='gallery-item'>\n\t\t\t<div class='gallery-icon landscape'>\n\t\t\t\t<a data-elementor-open-lightbox=\"yes\" data-elementor-lightbox-slideshow=\"055ada7\" data-elementor-lightbox-title=\"147OG\u00d3LNOPOLSKI FESTIWAL PIOSENKI NAD WIERN\u0104 RZEK\u0104&#039; 2015\" data-e-action-hash=\"#elementor-action%3Aaction%3Dlightbox%26settings%3DeyJpZCI6OTU3MCwidXJsIjoiaHR0cDpcL1wvYXJjaGl3dW1kay5tYWxvZ29zemN6LmV1XC93cC1jb250ZW50XC91cGxvYWRzXC8yMDIwXC8wN1wvMTQ3T0dcdTAwZDNMTk9QT0xTS0ktRkVTVElXQUwtUElPU0VOS0ktTkFELVdJRVJOXHUwMTA0LVJaRUtcdTAxMDQtMjAxNS5qcGciLCJzbGlkZXNob3ciOiIwNTVhZGE3In0%3D\" href='http:\/\/archiwumdk.malogoszcz.eu\/wp-content\/uploads\/2020\/07\/147OG\u00d3LNOPOLSKI-FESTIWAL-PIOSENKI-NAD-WIERN\u0104-RZEK\u0104-2015.jpg'><img loading=\"lazy\" decoding=\"async\" width=\"640\" height=\"427\" src=\"http:\/\/archiwumdk.malogoszcz.eu\/wp-content\/uploads\/2020\/07\/147OG\u00d3LNOPOLSKI-FESTIWAL-PIOSENKI-NAD-WIERN\u0104-RZEK\u0104-2015.jpg\" class=\"attachment-large size-large\" alt=\"\" \/><\/a>\n\t\t\t<\/div><\/figure><figure class='gallery-item'>\n\t\t\t<div class='gallery-icon landscape'>\n\t\t\t\t<a data-elementor-open-lightbox=\"yes\" data-elementor-lightbox-slideshow=\"055ada7\" data-elementor-lightbox-title=\"148OG\u00d3LNOPOLSKI FESTIWAL PIOSENKI NAD WIERN\u0104 RZEK\u0104&#039; 2015\" data-e-action-hash=\"#elementor-action%3Aaction%3Dlightbox%26settings%3DeyJpZCI6OTU3MSwidXJsIjoiaHR0cDpcL1wvYXJjaGl3dW1kay5tYWxvZ29zemN6LmV1XC93cC1jb250ZW50XC91cGxvYWRzXC8yMDIwXC8wN1wvMTQ4T0dcdTAwZDNMTk9QT0xTS0ktRkVTVElXQUwtUElPU0VOS0ktTkFELVdJRVJOXHUwMTA0LVJaRUtcdTAxMDQtMjAxNS5qcGciLCJzbGlkZXNob3ciOiIwNTVhZGE3In0%3D\" href='http:\/\/archiwumdk.malogoszcz.eu\/wp-content\/uploads\/2020\/07\/148OG\u00d3LNOPOLSKI-FESTIWAL-PIOSENKI-NAD-WIERN\u0104-RZEK\u0104-2015.jpg'><img loading=\"lazy\" decoding=\"async\" width=\"640\" height=\"427\" src=\"http:\/\/archiwumdk.malogoszcz.eu\/wp-content\/uploads\/2020\/07\/148OG\u00d3LNOPOLSKI-FESTIWAL-PIOSENKI-NAD-WIERN\u0104-RZEK\u0104-2015.jpg\" class=\"attachment-large size-large\" alt=\"\" \/><\/a>\n\t\t\t<\/div><\/figure><figure class='gallery-item'>\n\t\t\t<div class='gallery-icon landscape'>\n\t\t\t\t<a data-elementor-open-lightbox=\"yes\" data-elementor-lightbox-slideshow=\"055ada7\" data-elementor-lightbox-title=\"149OG\u00d3LNOPOLSKI FESTIWAL PIOSENKI NAD WIERN\u0104 RZEK\u0104&#039; 2015\" data-e-action-hash=\"#elementor-action%3Aaction%3Dlightbox%26settings%3DeyJpZCI6OTU3MiwidXJsIjoiaHR0cDpcL1wvYXJjaGl3dW1kay5tYWxvZ29zemN6LmV1XC93cC1jb250ZW50XC91cGxvYWRzXC8yMDIwXC8wN1wvMTQ5T0dcdTAwZDNMTk9QT0xTS0ktRkVTVElXQUwtUElPU0VOS0ktTkFELVdJRVJOXHUwMTA0LVJaRUtcdTAxMDQtMjAxNS5qcGciLCJzbGlkZXNob3ciOiIwNTVhZGE3In0%3D\" href='http:\/\/archiwumdk.malogoszcz.eu\/wp-content\/uploads\/2020\/07\/149OG\u00d3LNOPOLSKI-FESTIWAL-PIOSENKI-NAD-WIERN\u0104-RZEK\u0104-2015.jpg'><img loading=\"lazy\" decoding=\"async\" width=\"640\" height=\"427\" src=\"http:\/\/archiwumdk.malogoszcz.eu\/wp-content\/uploads\/2020\/07\/149OG\u00d3LNOPOLSKI-FESTIWAL-PIOSENKI-NAD-WIERN\u0104-RZEK\u0104-2015.jpg\" class=\"attachment-large size-large\" alt=\"\" \/><\/a>\n\t\t\t<\/div><\/figure>\n\t\t<\/div>\n\t\t<\/div>\n\t\t\t\t\t\t<\/div>\n\t\t\t\t<\/div>\n\t\t\t\t\t<\/div>\n\t\t<\/div>\n\t\t\t\t\t<\/div>\n\t\t<\/section>\n\t\t\t\t<\/div>\n\t\t","protected":false},"excerpt":{"rendered":"<p>OG\u00d3LNOPOLSKI FESTIWAL PIOSENKI NAD WIERN\u0104 RZEK\u0104&#8217; 2016<\/p>\n","protected":false},"author":1,"featured_media":9426,"parent":0,"menu_order":0,"comment_status":"closed","ping_status":"closed","template":"","meta":{"site-sidebar-layout":"no-sidebar","site-content-layout":"page-builder","ast-site-content-layout":"default","site-content-style":"default","site-sidebar-style":"default","ast-global-header-display":"","ast-banner-title-visibility":"","ast-main-header-display":"","ast-hfb-above-header-display":"","ast-hfb-below-header-display":"","ast-hfb-mobile-header-display":"","site-post-title":"disabled","ast-breadcrumbs-content":"","ast-featured-img":"disabled","footer-sml-layout":"","ast-disable-related-posts":"","theme-transparent-header-meta":"default","adv-header-id-meta":"","stick-header-meta":"default","header-above-stick-meta":"","header-main-stick-meta":"","header-below-stick-meta":"","astra-migrate-meta-layouts":"default","ast-page-background-enabled":"default","ast-page-background-meta":{"desktop":{"background-color":"var(--ast-global-color-4)","background-image":"","background-repeat":"repeat","background-position":"center center","background-size":"auto","background-attachment":"scroll","background-type":"","background-media":"","overlay-type":"","overlay-color":"","overlay-opacity":"","overlay-gradient":""},"tablet":{"background-color":"","background-image":"","background-repeat":"repeat","background-position":"center center","background-size":"auto","background-attachment":"scroll","background-type":"","background-media":"","overlay-type":"","overlay-color":"","overlay-opacity":"","overlay-gradient":""},"mobile":{"background-color":"","background-image":"","background-repeat":"repeat","background-position":"center center","background-size":"auto","background-attachment":"scroll","background-type":"","background-media":"","overlay-type":"","overlay-color":"","overlay-opacity":"","overlay-gradient":""}},"ast-content-background-meta":{"desktop":{"background-color":"var(--ast-global-color-5)","background-image":"","background-repeat":"repeat","background-position":"center center","background-size":"auto","background-attachment":"scroll","background-type":"","background-media":"","overlay-type":"","overlay-color":"","overlay-opacity":"","overlay-gradient":""},"tablet":{"background-color":"var(--ast-global-color-5)","background-image":"","background-repeat":"repeat","background-position":"center center","background-size":"auto","background-attachment":"scroll","background-type":"","background-media":"","overlay-type":"","overlay-color":"","overlay-opacity":"","overlay-gradient":""},"mobile":{"background-color":"var(--ast-global-color-5)","background-image":"","background-repeat":"repeat","background-position":"center center","background-size":"auto","background-attachment":"scroll","background-type":"","background-media":"","overlay-type":"","overlay-color":"","overlay-opacity":"","overlay-gradient":""}},"footnotes":""},"class_list":["post-9422","page","type-page","status-publish","has-post-thumbnail","hentry"],"_links":{"self":[{"href":"http:\/\/archiwumdk.malogoszcz.eu\/index.php\/wp-json\/wp\/v2\/pages\/9422","targetHints":{"allow":["GET"]}}],"collection":[{"href":"http:\/\/archiwumdk.malogoszcz.eu\/index.php\/wp-json\/wp\/v2\/pages"}],"about":[{"href":"http:\/\/archiwumdk.malogoszcz.eu\/index.php\/wp-json\/wp\/v2\/types\/page"}],"author":[{"embeddable":true,"href":"http:\/\/archiwumdk.malogoszcz.eu\/index.php\/wp-json\/wp\/v2\/users\/1"}],"replies":[{"embeddable":true,"href":"http:\/\/archiwumdk.malogoszcz.eu\/index.php\/wp-json\/wp\/v2\/comments?post=9422"}],"version-history":[{"count":4,"href":"http:\/\/archiwumdk.malogoszcz.eu\/index.php\/wp-json\/wp\/v2\/pages\/9422\/revisions"}],"predecessor-version":[{"id":17390,"href":"http:\/\/archiwumdk.malogoszcz.eu\/index.php\/wp-json\/wp\/v2\/pages\/9422\/revisions\/17390"}],"wp:featuredmedia":[{"embeddable":true,"href":"http:\/\/archiwumdk.malogoszcz.eu\/index.php\/wp-json\/wp\/v2\/media\/9426"}],"wp:attachment":[{"href":"http:\/\/archiwumdk.malogoszcz.eu\/index.php\/wp-json\/wp\/v2\/media?parent=9422"}],"curies":[{"name":"wp","href":"https:\/\/api.w.org\/{rel}","templated":true}]}}